{"id":10913,"date":"2023-11-02T15:44:18","date_gmt":"2023-11-02T15:44:18","guid":{"rendered":"https:\/\/cartellera.focus.cat\/ex\/gordas\/"},"modified":"2026-03-05T15:23:29","modified_gmt":"2026-03-05T15:23:29","slug":"gordas-3","status":"publish","type":"ex","link":"https:\/\/cartellera.focus.cat\/ca\/ex\/gordas-3\/","title":{"rendered":"Gordas"},"content":{"rendered":"","protected":false},"excerpt":{"rendered":"","protected":false},"author":2,"featured_media":0,"comment_status":"closed","ping_status":"open","template":"","class_list":["post-10913","ex","type-ex","status-publish","hentry","season-2023-24"],"acf":{"txt_synopsis":"<p><strong>Com\u00e8dia i humor per abordar un tema sovint absent de l\u2019escenari: el f\u00edsic, l\u2019obesitat i l\u2019acceptaci\u00f3 social.<\/strong><\/p>\n<p>Una com\u00e8dia irreverent sobre la fama, la religi\u00f3, l\u2019amor, l\u2019amistat... i el f\u00edsic.<br \/>Qu\u00e8 tenen en com\u00fa Satan\u00e0s, una estrella de cinema, dues monges, una lesbiana convertida per for\u00e7a, les ganes de follar i un donut? Al principi semblen ingredients sense sentit... Per\u00f2 quan s'ajunten, donen lloc a un men\u00fa complet, assaonat amb fina ironia i molt d'humor.<br \/>Una obra que lluita per trobar aquell espai que la societat ha decidit limitar.<br \/>Dues gordas que fan de gordas, per\u00f2 que poden ser-ho tot.<\/p>","main_buy_link":"","main_buy_links":"","group_buy_link":"","show_language":"Espectacle en castell\u00e0","show_duration":"75","show_start_date":"20240115000000","show_end_date":"20240318000000","show_sort_date":"20240115000000","txt_custom_show_dates":"del 15 de gener al 18 de mar\u00e7 de 2024","show_disciplines":"7","show_ultimes_funcions":false,"hide_tarifes_especials":false,"show_properament":false,"txt_additional_info":"","txt_present":"","show_season":[65],"txt_season":"[\"2023\/24\"]","txt_cycle":"","txt_claim":"Una com\u00e8dia irreverent sobre la fama, la religi\u00f3, l\u2019amor, l\u2019amistat... i el f\u00edsic.","txt_cast_excerpt":"","txt_cast":"<p>Autoria i direcci\u00f3: <strong>Carlos Mesa <\/strong><\/p>\n<p>Int\u00e8rprets: <strong>Mara Jim\u00e9nez i Teresa L\u00f3pez <\/strong><\/p>\n<p>Disseny d\u2019il\u00b7luminaci\u00f3: <strong>Sergio Benito <\/strong><\/p>\n<p>Producci\u00f3 executiva: <strong>Isabel Verd\u00fa i Carlos Mesa <\/strong><\/p>\n<p>Cap t\u00e8cnic del teatre: <strong>Jordi Ballb\u00e9 <br \/><\/strong>T\u00e8cnics del teatre: <strong>Aleix Arbon\u00e8s i V\u00edctor Bartolom\u00e9 <\/strong><\/p>\n<p>M\u00e0rqueting i comunicaci\u00f3: <strong>Focus<\/strong> <br \/>Reportatge fotogr\u00e0fic i disseny: <strong>Nat Enemede <br \/><\/strong>Disseny gr\u00e0fic: <strong>Santi&Kco <\/strong><\/p>\n<p>Distribuci\u00f3: <strong>Carme Tierz \u2013 Mediterr\u00e1nea (<\/strong><a href=\"mailto:ctierz@mediterraneagira.com\"><strong>ctierz@mediterraneagira.com<\/strong><\/a><strong>)&nbsp; <\/strong><\/p>\n<p>\u00c9s una producci\u00f3 de <strong>Bendita Inocencia<\/strong> <br \/><\/p>","txt_reviews":"Mar\u00eda Cabal|Teatre Barcelona|\"Una obra divertida, delirant i brutalment honesta.\"\nPablo Cavero|Catacultural|\"Gordas \u00e9s una obra aix\u00ed: divertida, entretinguda, revolucion\u00e0ria i cr\u00edtica.\"\nSofia Chiabolotti|P\u00fablico|\"El riure omplir\u00e0 d'indignaci\u00f3 les consci\u00e8ncies del p\u00fablic.\"","hashtag":"Gordas","have_promo":"","slogan":"","id_exhibicio":2077,"id_versio":1551,"id_local":3,"txt_seo_desc":"Gordas un espectacle de com\u00e8dia al Teatre Condal de Barcelona","data_images":"[{\"localizer\":\"V3PORTADAWIDE\",\"url\":\"media\/ver\/port\/v3wide\/315E0\/01_088_00054537\/portada-0-gordas-teatre-condal.jpg\",\"thumb_url\":\"media\/ver\/port\/v3wide\/315E0\/01_088_00054537\/portada-0-gordas-teatre-condal_thumb.jpg\",\"title\":\"Gordas - Teatre Condal\",\"description\":\"gordas al teatre condal de barcelona\",\"copyright\":\"\",\"order\":1},{\"localizer\":\"V3PORTADA\",\"url\":\"media\/ver\/port\/v3\/315E0\/01_084_00054538\/portada-1-gordas-teatre-condal.jpg\",\"thumb_url\":\"media\/ver\/port\/v3\/315E0\/01_084_00054538\/portada-1-gordas-teatre-condal_thumb.jpg\",\"title\":\"Gordas - Teatre Condal\",\"description\":\"gordas al teatre condal de barcelona\",\"copyright\":\"\",\"order\":2},{\"localizer\":\"V3SLIDE\",\"url\":\"media\/ftgalslide\/v3\/315E0\/01_086_00054540\/GORDAS_Mara_Jimenez_y_Teresa_Lopez.jpg\",\"thumb_url\":\"media\/ftgalslide\/v3\/315E0\/01_086_00054540\/GORDAS_Mara_Jimenez_y_Teresa_Lopez_thumb.jpg\",\"title\":\"Gordas - Teatre Condal\",\"description\":\"gordas al teatre condal de barcelona\",\"copyright\":\"https:\/\/youtu.be\/xkuIXYRHRrg\",\"order\":4},{\"localizer\":\"V3SLIDE\",\"url\":\"media\/ftgalslide\/v3\/315E0\/01_086_00054541\/GORDAS_x3.jpg\",\"thumb_url\":\"media\/ftgalslide\/v3\/315E0\/01_086_00054541\/GORDAS_x3_thumb.jpg\",\"title\":\"Gordas - Teatre Condal\",\"description\":\"gordas al teatre condal de barcelona\",\"copyright\":\"\",\"order\":5},{\"localizer\":\"V3SLIDE\",\"url\":\"media\/ftgalslide\/v3\/315E0\/01_086_00054542\/GORDAS_x5.jpg\",\"thumb_url\":\"media\/ftgalslide\/v3\/315E0\/01_086_00054542\/GORDAS_x5_thumb.jpg\",\"title\":\"Gordas - Teatre Condal\",\"description\":\"gordas al teatre condal de barcelona\",\"copyright\":\"\",\"order\":6},{\"localizer\":\"V3CARTELL\",\"url\":\"media\/ver\/cartell\/v3\/315E1\/01_085_00054763\/Cartell-web-gordas-teatre-condal.jpg\",\"thumb_url\":\"media\/ver\/cartell\/v3\/315E1\/01_085_00054763\/Cartell-web-gordas-teatre-condal_thumb.jpg\",\"title\":\"Gordas - Teatre Condal\",\"description\":\"gordas al teatre condal de barcelona\",\"copyright\":\"\",\"order\":8},{\"localizer\":\"V4PORTADAWIDE\",\"url\":\"media\/ver\/port\/wide\/v4\/31647\/01_091_00056916\/Portada_0_2880x1260_-_GORDAS.png\",\"thumb_url\":\"\",\"title\":\"Gordas - Teatre Condal\",\"description\":\"gordas en el teatre condal\",\"copyright\":\"\",\"order\":13},{\"localizer\":\"V4PORTADAWIDEMOBILE\",\"url\":\"media\/ver\/port\/wide\/mobile\/v4\/31647\/01_092_00056917\/Portada_0_mobile-_828x1800_-_GORDAS.png\",\"thumb_url\":\"\",\"title\":\"Gordas - Teatre Condal\",\"description\":\"gordas en el teatre condal\",\"copyright\":\"\",\"order\":14},{\"localizer\":\"V4CARTELL\",\"url\":\"media\/ver\/cartell\/v4\/31647\/01_089_00056918\/Cartell_web_720x1100_-_GORDAS.png\",\"thumb_url\":\"\",\"title\":\"Gordas - Teatre Condal\",\"description\":\"gordas en el teatre condal\",\"copyright\":\"\",\"order\":15},{\"localizer\":\"V4PORTADA\",\"url\":\"media\/ver\/port\/v4\/316A3\/01_090_00057520\/ULTIMES_FUNCIONS_-_Portada_0_2880x1260_-_GORDAS.png\",\"thumb_url\":\"\",\"title\":\"gordas - teatre condal\",\"description\":\"gordas en el treatre condal de barcelona\",\"copyright\":\"\",\"order\":19}]","material__texto_intro":"","data_material":null,"data_gallery":"","data_discounts":"[]","contract_is_open":false,"in_tour":false},"yoast_head":"<!-- This site is optimized with the Yoast SEO plugin v27.4 - https:\/\/yoast.com\/product\/yoast-seo-wordpress\/ -->\n<title>Gordas - Cartellera Focus<\/title>\n<meta name=\"robots\" content=\"index, follow, max-snippet:-1, max-image-preview:large, max-video-preview:-1\" \/>\n<link rel=\"canonical\" href=\"https:\/\/cartellera.focus.cat\/ca\/ex\/gordas-3\/\" \/>\n<meta property=\"og:locale\" content=\"ca_ES\" \/>\n<meta property=\"og:type\" content=\"article\" \/>\n<meta property=\"og:title\" content=\"Gordas - Cartellera Focus\" \/>\n<meta property=\"og:url\" content=\"https:\/\/cartellera.focus.cat\/ca\/ex\/gordas-3\/\" \/>\n<meta property=\"og:site_name\" content=\"Cartellera Focus\" \/>\n<meta property=\"article:modified_time\" content=\"2026-03-05T15:23:29+00:00\" \/>\n<meta name=\"twitter:card\" content=\"summary_large_image\" \/>\n<script type=\"application\/ld+json\" class=\"yoast-schema-graph\">{\"@context\":\"https:\\\/\\\/schema.org\",\"@graph\":[{\"@type\":\"WebPage\",\"@id\":\"https:\\\/\\\/cartellera.focus.cat\\\/ca\\\/ex\\\/gordas-3\\\/\",\"url\":\"https:\\\/\\\/cartellera.focus.cat\\\/ca\\\/ex\\\/gordas-3\\\/\",\"name\":\"Gordas - Cartellera Focus\",\"isPartOf\":{\"@id\":\"https:\\\/\\\/cartellera.focus.cat\\\/ca\\\/#website\"},\"datePublished\":\"2023-11-02T15:44:18+00:00\",\"dateModified\":\"2026-03-05T15:23:29+00:00\",\"breadcrumb\":{\"@id\":\"https:\\\/\\\/cartellera.focus.cat\\\/ca\\\/ex\\\/gordas-3\\\/#breadcrumb\"},\"inLanguage\":\"ca\",\"potentialAction\":[{\"@type\":\"ReadAction\",\"target\":[\"https:\\\/\\\/cartellera.focus.cat\\\/ca\\\/ex\\\/gordas-3\\\/\"]}]},{\"@type\":\"BreadcrumbList\",\"@id\":\"https:\\\/\\\/cartellera.focus.cat\\\/ca\\\/ex\\\/gordas-3\\\/#breadcrumb\",\"itemListElement\":[{\"@type\":\"ListItem\",\"position\":1,\"name\":\"Home\",\"item\":\"https:\\\/\\\/cartellera.focus.cat\\\/ca\\\/\"},{\"@type\":\"ListItem\",\"position\":2,\"name\":\"Espectacles\",\"item\":\"https:\\\/\\\/cartellera.focus.cat\\\/ca\\\/ex\\\/\"},{\"@type\":\"ListItem\",\"position\":3,\"name\":\"Gordas\"}]},{\"@type\":\"WebSite\",\"@id\":\"https:\\\/\\\/cartellera.focus.cat\\\/ca\\\/#website\",\"url\":\"https:\\\/\\\/cartellera.focus.cat\\\/ca\\\/\",\"name\":\"Cartellera Focus\",\"description\":\"Troba el teu espectacle als teatres de Focus\",\"publisher\":{\"@id\":\"https:\\\/\\\/cartellera.focus.cat\\\/ca\\\/#organization\"},\"potentialAction\":[{\"@type\":\"SearchAction\",\"target\":{\"@type\":\"EntryPoint\",\"urlTemplate\":\"https:\\\/\\\/cartellera.focus.cat\\\/ca\\\/?s={search_term_string}\"},\"query-input\":{\"@type\":\"PropertyValueSpecification\",\"valueRequired\":true,\"valueName\":\"search_term_string\"}}],\"inLanguage\":\"ca\"},{\"@type\":\"Organization\",\"@id\":\"https:\\\/\\\/cartellera.focus.cat\\\/ca\\\/#organization\",\"name\":\"Cartellera Focus\",\"url\":\"https:\\\/\\\/cartellera.focus.cat\\\/ca\\\/\",\"logo\":{\"@type\":\"ImageObject\",\"inLanguage\":\"ca\",\"@id\":\"https:\\\/\\\/cartellera.focus.cat\\\/ca\\\/#\\\/schema\\\/logo\\\/image\\\/\",\"url\":\"https:\\\/\\\/cartellera.focus.cat\\\/wp-content\\\/uploads\\\/sites\\\/6\\\/2023\\\/01\\\/logo-focus.svg\",\"contentUrl\":\"https:\\\/\\\/cartellera.focus.cat\\\/wp-content\\\/uploads\\\/sites\\\/6\\\/2023\\\/01\\\/logo-focus.svg\",\"width\":1,\"height\":1,\"caption\":\"Cartellera Focus\"},\"image\":{\"@id\":\"https:\\\/\\\/cartellera.focus.cat\\\/ca\\\/#\\\/schema\\\/logo\\\/image\\\/\"},\"sameAs\":[\"https:\\\/\\\/www.instagram.com\\\/grupfocus_\",\"https:\\\/\\\/www.youtube.com\\\/channel\\\/UCHo1UBGWueryu2P-vn8CRXw\",\"https:\\\/\\\/www.linkedin.com\\\/company\\\/grup-focus\\\/\"]}]}<\/script>\n<!-- \/ Yoast SEO plugin. -->","yoast_head_json":{"title":"Gordas - Cartellera Focus","robots":{"index":"index","follow":"follow","max-snippet":"max-snippet:-1","max-image-preview":"max-image-preview:large","max-video-preview":"max-video-preview:-1"},"canonical":"https:\/\/cartellera.focus.cat\/ca\/ex\/gordas-3\/","og_locale":"ca_ES","og_type":"article","og_title":"Gordas - Cartellera Focus","og_url":"https:\/\/cartellera.focus.cat\/ca\/ex\/gordas-3\/","og_site_name":"Cartellera Focus","article_modified_time":"2026-03-05T15:23:29+00:00","twitter_card":"summary_large_image","schema":{"@context":"https:\/\/schema.org","@graph":[{"@type":"WebPage","@id":"https:\/\/cartellera.focus.cat\/ca\/ex\/gordas-3\/","url":"https:\/\/cartellera.focus.cat\/ca\/ex\/gordas-3\/","name":"Gordas - Cartellera Focus","isPartOf":{"@id":"https:\/\/cartellera.focus.cat\/ca\/#website"},"datePublished":"2023-11-02T15:44:18+00:00","dateModified":"2026-03-05T15:23:29+00:00","breadcrumb":{"@id":"https:\/\/cartellera.focus.cat\/ca\/ex\/gordas-3\/#breadcrumb"},"inLanguage":"ca","potentialAction":[{"@type":"ReadAction","target":["https:\/\/cartellera.focus.cat\/ca\/ex\/gordas-3\/"]}]},{"@type":"BreadcrumbList","@id":"https:\/\/cartellera.focus.cat\/ca\/ex\/gordas-3\/#breadcrumb","itemListElement":[{"@type":"ListItem","position":1,"name":"Home","item":"https:\/\/cartellera.focus.cat\/ca\/"},{"@type":"ListItem","position":2,"name":"Espectacles","item":"https:\/\/cartellera.focus.cat\/ca\/ex\/"},{"@type":"ListItem","position":3,"name":"Gordas"}]},{"@type":"WebSite","@id":"https:\/\/cartellera.focus.cat\/ca\/#website","url":"https:\/\/cartellera.focus.cat\/ca\/","name":"Cartellera Focus","description":"Troba el teu espectacle als teatres de Focus","publisher":{"@id":"https:\/\/cartellera.focus.cat\/ca\/#organization"},"potentialAction":[{"@type":"SearchAction","target":{"@type":"EntryPoint","urlTemplate":"https:\/\/cartellera.focus.cat\/ca\/?s={search_term_string}"},"query-input":{"@type":"PropertyValueSpecification","valueRequired":true,"valueName":"search_term_string"}}],"inLanguage":"ca"},{"@type":"Organization","@id":"https:\/\/cartellera.focus.cat\/ca\/#organization","name":"Cartellera Focus","url":"https:\/\/cartellera.focus.cat\/ca\/","logo":{"@type":"ImageObject","inLanguage":"ca","@id":"https:\/\/cartellera.focus.cat\/ca\/#\/schema\/logo\/image\/","url":"https:\/\/cartellera.focus.cat\/wp-content\/uploads\/sites\/6\/2023\/01\/logo-focus.svg","contentUrl":"https:\/\/cartellera.focus.cat\/wp-content\/uploads\/sites\/6\/2023\/01\/logo-focus.svg","width":1,"height":1,"caption":"Cartellera Focus"},"image":{"@id":"https:\/\/cartellera.focus.cat\/ca\/#\/schema\/logo\/image\/"},"sameAs":["https:\/\/www.instagram.com\/grupfocus_","https:\/\/www.youtube.com\/channel\/UCHo1UBGWueryu2P-vn8CRXw","https:\/\/www.linkedin.com\/company\/grup-focus\/"]}]}},"translations":[{"id":10913,"locale":"ca"},{"id":10855,"locale":"es"}],"_links":{"self":[{"href":"https:\/\/cartellera.focus.cat\/ca\/wp-json\/wp\/v2\/ex\/10913","targetHints":{"allow":["GET"]}}],"collection":[{"href":"https:\/\/cartellera.focus.cat\/ca\/wp-json\/wp\/v2\/ex"}],"about":[{"href":"https:\/\/cartellera.focus.cat\/ca\/wp-json\/wp\/v2\/types\/ex"}],"author":[{"embeddable":true,"href":"https:\/\/cartellera.focus.cat\/ca\/wp-json\/wp\/v2\/users\/2"}],"replies":[{"embeddable":true,"href":"https:\/\/cartellera.focus.cat\/ca\/wp-json\/wp\/v2\/comments?post=10913"}],"acf:term":[{"embeddable":true,"taxonomy":"season","href":"https:\/\/cartellera.focus.cat\/ca\/wp-json\/wp\/v2\/season\/65"}],"wp:attachment":[{"href":"https:\/\/cartellera.focus.cat\/ca\/wp-json\/wp\/v2\/media?parent=10913"}],"curies":[{"name":"wp","href":"https:\/\/api.w.org\/{rel}","templated":true}]}}