{"id":11309,"date":"2023-10-26T13:37:51","date_gmt":"2023-10-26T13:37:51","guid":{"rendered":"https:\/\/cartellera.focus.cat\/ex\/espectacle-inaugural-del-romea-i-goya-en-familia-2023-2024-2\/"},"modified":"2026-03-05T15:03:46","modified_gmt":"2026-03-05T15:03:46","slug":"espectacle-inaugural-del-romea-i-goya-en-familia-2023-2024","status":"publish","type":"ex","link":"https:\/\/cartellera.focus.cat\/ca\/ex\/espectacle-inaugural-del-romea-i-goya-en-familia-2023-2024\/","title":{"rendered":"ESPECTACLE INAUGURAL DEL ROMEA I GOYA EN FAM\u00cdLIA 2023-2024"},"content":{"rendered":"","protected":false},"excerpt":{"rendered":"","protected":false},"author":2,"featured_media":0,"comment_status":"closed","ping_status":"open","template":"","class_list":["post-11309","ex","type-ex","status-publish","hentry","season-2023-24"],"acf":{"txt_synopsis":"<p><strong>ESPECTACLE&nbsp; INAUGURAL DEL ROMEA I GOYA EN FAM\u00cdLIA<\/strong> <br \/>Diumenge 26 de novembre de 10 h a 14 h <\/p>\n<p>Com cada temporada, comencem amb una gran festa inaugural el 26 de novembre al mat\u00ed entre el Teatre Romea i el Teatre Goya de Barcelona amb un programa d\u2019espectacles i activitats per a tota la fam\u00edlia on tamb\u00e9 us explicarem de primera m\u00e0 tota la programaci\u00f3 que tenim preparada per aquesta temporada.&nbsp; <\/p>\n<p>No us ho podeu perdre!&nbsp; <\/p>\n<p>&nbsp;<\/p>\n<p><strong>PROGRAMA<\/strong> <br \/>De 10 h a 14 h: Visites teatralitzades al Teatre Romea. Enlla\u00e7 al formulari d\u2019inscripci\u00f3: <a href=\"https:\/\/bit.ly\/visitesteatralitzadesfestainauguracio\">https:\/\/bit.ly\/visitesteatralitzadesfestainauguracio<\/a><\/p>\n<p>&nbsp;<\/p>\n<p><strong>N\u2019IMPORTE QUOI<\/strong> <br \/>Un espectacle de teatre gestual. Sense paraules. Sense l\u00edmits. Sense ordre. <\/p>\n<p>Al carrer plouen claus. Cinc pallassos truquen al timbre. La solitud s'escapa pel forat del pany. L'humor i la poesia&nbsp; es creuen al llindar de la porta. Una invasi\u00f3 d'absurda intimitat,&nbsp; de bogeria i de rialles... Les portes, obertes, ballen. <\/p>\n<p>Guanyador del Premi FETEN 2023 al Millor Espectacle. <\/p>","main_buy_link":"","main_buy_links":"","group_buy_link":"","show_language":"Espectacle en catal\u00e0","show_duration":"70","show_start_date":"20231126000000","show_end_date":"20231126000000","show_sort_date":"20231126000000","txt_custom_show_dates":"el 26 de novembre de 2023","show_disciplines":"4","show_ultimes_funcions":false,"hide_tarifes_especials":false,"show_properament":false,"txt_additional_info":"<p><i class=\"fa fa-info fa-2x fa-fw\"><\/i>Edat recomanada per a tots els p\u00fablics <\/p>","txt_present":"","show_season":[65],"txt_season":"[\"2023\/24\"]","txt_cycle":"","txt_claim":"Un espectacle de teatre gestual. Sense paraules. Sense l\u00edmits. Sense ordre.","txt_cast_excerpt":"","txt_cast":"<p>Posada en escena, creaci\u00f3 i direcci\u00f3: <strong>Leandre Ribera <\/strong><\/p>\n<p>Composici\u00f3 musical: <strong>Victor Morato <br \/><\/strong>&nbsp;Int\u00e8rprets: <strong>Andreu Sans, Cristina Sol\u00e9, Laura Miralb\u00e9s, Leandre Ribera i Pere Hosta <\/strong><\/p>\n<p>Cap t\u00e8cnic del teatre: <strong>Roger Mu\u00f1oz<\/strong> <\/p>\n<p>M\u00e0rqueting i comunicaci\u00f3: <strong>Focus<\/strong> <\/p>\n<p>Aplicacions gr\u00e0fiques: <strong>Santi&Kco <\/strong><\/p>\n<p>\u00c9s una producci\u00f3 de <strong>Leandre Clown <\/strong><\/p>","txt_reviews":"","hashtag":"NImporeQuoi","have_promo":"","slogan":"","id_exhibicio":2072,"id_versio":1650,"id_local":1,"txt_seo_desc":"ESPECTACLE INAUGURAL DEL ROMEA I GOYA EN FAM\u00cdLIA","data_images":"[{\"localizer\":\"V4PORTADAWIDE\",\"url\":\"media\/ver\/port\/wide\/v4\/31646\/01_091_00056797\/nova-PORTADA-0.jpg\",\"thumb_url\":\"\",\"title\":\"N\u00bfIMPORTE QUOI - Teatre Romea\",\"description\":\"n'importe quoi en el teatre romea\",\"copyright\":\"\",\"order\":1},{\"localizer\":\"V4PORTADAWIDEMOBILE\",\"url\":\"media\/ver\/port\/wide\/mobile\/v4\/31646\/01_092_00056798\/PORTADA-MOBILE.jpg\",\"thumb_url\":\"\",\"title\":\"N\u00bfIMPORTE QUOI - Teatre Romea\",\"description\":\"n'importe quoi en el teatre romea\",\"copyright\":\"\",\"order\":2},{\"localizer\":\"V4PORTADA\",\"url\":\"media\/ver\/port\/v4\/31646\/01_090_00056799\/PORTADA1.jpg\",\"thumb_url\":\"\",\"title\":\"N\u00bfIMPORTE QUOI - Teatre Romea\",\"description\":\"n'importe quoi en el teatre romea\",\"copyright\":\"\",\"order\":3},{\"localizer\":\"V4CARTELL\",\"url\":\"media\/ver\/cartell\/v4\/31646\/01_089_00056800\/cartell-web.jpg\",\"thumb_url\":\"\",\"title\":\"N\u00bfIMPORTE QUOI - Teatre Romea\",\"description\":\"n'importe quoi en el teatre romea\",\"copyright\":\"\",\"order\":4},{\"localizer\":\"V3SLIDE\",\"url\":\"media\/ftgalslide\/v3\/31646\/01_086_00056826\/HIGH_LEANDRE_TXUS_GARCIA_2374.jpg\",\"thumb_url\":\"media\/ftgalslide\/v3\/31646\/01_086_00056826\/HIGH_LEANDRE_TXUS_GARCIA_2374_thumb.jpg\",\"title\":\"No m\u00bfimporte Quoi - Espectacle inaugural\",\"description\":\"No m\u00bfimporte Quoi espectacle inaugural\",\"copyright\":\"https:\/\/www.youtube.com\/watch?v=zQy3DKtgG4I&t=3s\",\"order\":5},{\"localizer\":\"V3SLIDE\",\"url\":\"media\/ftgalslide\/v3\/31646\/01_086_00056827\/HIGH_LEANDRE_TXUS_GARCIA_3395.jpg\",\"thumb_url\":\"media\/ftgalslide\/v3\/31646\/01_086_00056827\/HIGH_LEANDRE_TXUS_GARCIA_3395_thumb.jpg\",\"title\":\"No m\u00bfimporte Quoi - Espectacle inaugural\",\"description\":\"No m\u00bfimporte Quoi espectacle inaugural\",\"copyright\":\"\",\"order\":6},{\"localizer\":\"V3SLIDE\",\"url\":\"media\/ftgalslide\/v3\/31646\/01_086_00056828\/HIGH_LEANDRE_TXUS_GARCIA_2527.jpg\",\"thumb_url\":\"media\/ftgalslide\/v3\/31646\/01_086_00056828\/HIGH_LEANDRE_TXUS_GARCIA_2527_thumb.jpg\",\"title\":\"No m\u00bfimporte Quoi - Espectacle inaugural\",\"description\":\"No m\u00bfimporte Quoi espectacle inaugural\",\"copyright\":\"\",\"order\":7}]","material__texto_intro":"","data_material":null,"data_gallery":"","data_discounts":"[]","contract_is_open":false,"in_tour":false},"yoast_head":"<!-- This site is optimized with the Yoast SEO plugin v27.5 - https:\/\/yoast.com\/product\/yoast-seo-wordpress\/ -->\n<title>ESPECTACLE INAUGURAL DEL ROMEA I GOYA EN FAM\u00cdLIA 2023-2024 - Cartellera Focus<\/title>\n<meta name=\"robots\" content=\"index, follow, max-snippet:-1, max-image-preview:large, max-video-preview:-1\" \/>\n<link rel=\"canonical\" href=\"https:\/\/cartellera.focus.cat\/ca\/ex\/espectacle-inaugural-del-romea-i-goya-en-familia-2023-2024\/\" \/>\n<meta property=\"og:locale\" content=\"ca_ES\" \/>\n<meta property=\"og:type\" content=\"article\" \/>\n<meta property=\"og:title\" content=\"ESPECTACLE INAUGURAL DEL ROMEA I GOYA EN FAM\u00cdLIA 2023-2024 - Cartellera Focus\" \/>\n<meta property=\"og:url\" content=\"https:\/\/cartellera.focus.cat\/ca\/ex\/espectacle-inaugural-del-romea-i-goya-en-familia-2023-2024\/\" \/>\n<meta property=\"og:site_name\" content=\"Cartellera Focus\" \/>\n<meta property=\"article:modified_time\" content=\"2026-03-05T15:03:46+00:00\" \/>\n<meta name=\"twitter:card\" content=\"summary_large_image\" \/>\n<script type=\"application\/ld+json\" class=\"yoast-schema-graph\">{\"@context\":\"https:\\\/\\\/schema.org\",\"@graph\":[{\"@type\":\"WebPage\",\"@id\":\"https:\\\/\\\/cartellera.focus.cat\\\/ca\\\/ex\\\/espectacle-inaugural-del-romea-i-goya-en-familia-2023-2024\\\/\",\"url\":\"https:\\\/\\\/cartellera.focus.cat\\\/ca\\\/ex\\\/espectacle-inaugural-del-romea-i-goya-en-familia-2023-2024\\\/\",\"name\":\"ESPECTACLE INAUGURAL DEL ROMEA I GOYA EN FAM\u00cdLIA 2023-2024 - Cartellera Focus\",\"isPartOf\":{\"@id\":\"https:\\\/\\\/cartellera.focus.cat\\\/ca\\\/#website\"},\"datePublished\":\"2023-10-26T13:37:51+00:00\",\"dateModified\":\"2026-03-05T15:03:46+00:00\",\"breadcrumb\":{\"@id\":\"https:\\\/\\\/cartellera.focus.cat\\\/ca\\\/ex\\\/espectacle-inaugural-del-romea-i-goya-en-familia-2023-2024\\\/#breadcrumb\"},\"inLanguage\":\"ca\",\"potentialAction\":[{\"@type\":\"ReadAction\",\"target\":[\"https:\\\/\\\/cartellera.focus.cat\\\/ca\\\/ex\\\/espectacle-inaugural-del-romea-i-goya-en-familia-2023-2024\\\/\"]}]},{\"@type\":\"BreadcrumbList\",\"@id\":\"https:\\\/\\\/cartellera.focus.cat\\\/ca\\\/ex\\\/espectacle-inaugural-del-romea-i-goya-en-familia-2023-2024\\\/#breadcrumb\",\"itemListElement\":[{\"@type\":\"ListItem\",\"position\":1,\"name\":\"Home\",\"item\":\"https:\\\/\\\/cartellera.focus.cat\\\/ca\\\/\"},{\"@type\":\"ListItem\",\"position\":2,\"name\":\"Espectacles\",\"item\":\"https:\\\/\\\/cartellera.focus.cat\\\/ca\\\/ex\\\/\"},{\"@type\":\"ListItem\",\"position\":3,\"name\":\"ESPECTACLE INAUGURAL DEL ROMEA I GOYA EN FAM\u00cdLIA 2023-2024\"}]},{\"@type\":\"WebSite\",\"@id\":\"https:\\\/\\\/cartellera.focus.cat\\\/ca\\\/#website\",\"url\":\"https:\\\/\\\/cartellera.focus.cat\\\/ca\\\/\",\"name\":\"Cartellera Focus\",\"description\":\"Troba el teu espectacle als teatres de Focus\",\"publisher\":{\"@id\":\"https:\\\/\\\/cartellera.focus.cat\\\/ca\\\/#organization\"},\"potentialAction\":[{\"@type\":\"SearchAction\",\"target\":{\"@type\":\"EntryPoint\",\"urlTemplate\":\"https:\\\/\\\/cartellera.focus.cat\\\/ca\\\/?s={search_term_string}\"},\"query-input\":{\"@type\":\"PropertyValueSpecification\",\"valueRequired\":true,\"valueName\":\"search_term_string\"}}],\"inLanguage\":\"ca\"},{\"@type\":\"Organization\",\"@id\":\"https:\\\/\\\/cartellera.focus.cat\\\/ca\\\/#organization\",\"name\":\"Cartellera Focus\",\"url\":\"https:\\\/\\\/cartellera.focus.cat\\\/ca\\\/\",\"logo\":{\"@type\":\"ImageObject\",\"inLanguage\":\"ca\",\"@id\":\"https:\\\/\\\/cartellera.focus.cat\\\/ca\\\/#\\\/schema\\\/logo\\\/image\\\/\",\"url\":\"https:\\\/\\\/cartellera.focus.cat\\\/wp-content\\\/uploads\\\/sites\\\/6\\\/2023\\\/01\\\/logo-focus.svg\",\"contentUrl\":\"https:\\\/\\\/cartellera.focus.cat\\\/wp-content\\\/uploads\\\/sites\\\/6\\\/2023\\\/01\\\/logo-focus.svg\",\"width\":1,\"height\":1,\"caption\":\"Cartellera Focus\"},\"image\":{\"@id\":\"https:\\\/\\\/cartellera.focus.cat\\\/ca\\\/#\\\/schema\\\/logo\\\/image\\\/\"},\"sameAs\":[\"https:\\\/\\\/www.instagram.com\\\/grupfocus_\",\"https:\\\/\\\/www.youtube.com\\\/channel\\\/UCHo1UBGWueryu2P-vn8CRXw\",\"https:\\\/\\\/www.linkedin.com\\\/company\\\/grup-focus\\\/\"]}]}<\/script>\n<!-- \/ Yoast SEO plugin. -->","yoast_head_json":{"title":"ESPECTACLE INAUGURAL DEL ROMEA I GOYA EN FAM\u00cdLIA 2023-2024 - Cartellera Focus","robots":{"index":"index","follow":"follow","max-snippet":"max-snippet:-1","max-image-preview":"max-image-preview:large","max-video-preview":"max-video-preview:-1"},"canonical":"https:\/\/cartellera.focus.cat\/ca\/ex\/espectacle-inaugural-del-romea-i-goya-en-familia-2023-2024\/","og_locale":"ca_ES","og_type":"article","og_title":"ESPECTACLE INAUGURAL DEL ROMEA I GOYA EN FAM\u00cdLIA 2023-2024 - Cartellera Focus","og_url":"https:\/\/cartellera.focus.cat\/ca\/ex\/espectacle-inaugural-del-romea-i-goya-en-familia-2023-2024\/","og_site_name":"Cartellera Focus","article_modified_time":"2026-03-05T15:03:46+00:00","twitter_card":"summary_large_image","schema":{"@context":"https:\/\/schema.org","@graph":[{"@type":"WebPage","@id":"https:\/\/cartellera.focus.cat\/ca\/ex\/espectacle-inaugural-del-romea-i-goya-en-familia-2023-2024\/","url":"https:\/\/cartellera.focus.cat\/ca\/ex\/espectacle-inaugural-del-romea-i-goya-en-familia-2023-2024\/","name":"ESPECTACLE INAUGURAL DEL ROMEA I GOYA EN FAM\u00cdLIA 2023-2024 - Cartellera Focus","isPartOf":{"@id":"https:\/\/cartellera.focus.cat\/ca\/#website"},"datePublished":"2023-10-26T13:37:51+00:00","dateModified":"2026-03-05T15:03:46+00:00","breadcrumb":{"@id":"https:\/\/cartellera.focus.cat\/ca\/ex\/espectacle-inaugural-del-romea-i-goya-en-familia-2023-2024\/#breadcrumb"},"inLanguage":"ca","potentialAction":[{"@type":"ReadAction","target":["https:\/\/cartellera.focus.cat\/ca\/ex\/espectacle-inaugural-del-romea-i-goya-en-familia-2023-2024\/"]}]},{"@type":"BreadcrumbList","@id":"https:\/\/cartellera.focus.cat\/ca\/ex\/espectacle-inaugural-del-romea-i-goya-en-familia-2023-2024\/#breadcrumb","itemListElement":[{"@type":"ListItem","position":1,"name":"Home","item":"https:\/\/cartellera.focus.cat\/ca\/"},{"@type":"ListItem","position":2,"name":"Espectacles","item":"https:\/\/cartellera.focus.cat\/ca\/ex\/"},{"@type":"ListItem","position":3,"name":"ESPECTACLE INAUGURAL DEL ROMEA I GOYA EN FAM\u00cdLIA 2023-2024"}]},{"@type":"WebSite","@id":"https:\/\/cartellera.focus.cat\/ca\/#website","url":"https:\/\/cartellera.focus.cat\/ca\/","name":"Cartellera Focus","description":"Troba el teu espectacle als teatres de Focus","publisher":{"@id":"https:\/\/cartellera.focus.cat\/ca\/#organization"},"potentialAction":[{"@type":"SearchAction","target":{"@type":"EntryPoint","urlTemplate":"https:\/\/cartellera.focus.cat\/ca\/?s={search_term_string}"},"query-input":{"@type":"PropertyValueSpecification","valueRequired":true,"valueName":"search_term_string"}}],"inLanguage":"ca"},{"@type":"Organization","@id":"https:\/\/cartellera.focus.cat\/ca\/#organization","name":"Cartellera Focus","url":"https:\/\/cartellera.focus.cat\/ca\/","logo":{"@type":"ImageObject","inLanguage":"ca","@id":"https:\/\/cartellera.focus.cat\/ca\/#\/schema\/logo\/image\/","url":"https:\/\/cartellera.focus.cat\/wp-content\/uploads\/sites\/6\/2023\/01\/logo-focus.svg","contentUrl":"https:\/\/cartellera.focus.cat\/wp-content\/uploads\/sites\/6\/2023\/01\/logo-focus.svg","width":1,"height":1,"caption":"Cartellera Focus"},"image":{"@id":"https:\/\/cartellera.focus.cat\/ca\/#\/schema\/logo\/image\/"},"sameAs":["https:\/\/www.instagram.com\/grupfocus_","https:\/\/www.youtube.com\/channel\/UCHo1UBGWueryu2P-vn8CRXw","https:\/\/www.linkedin.com\/company\/grup-focus\/"]}]}},"translations":[{"id":11309,"locale":"ca"},{"id":10819,"locale":"es"}],"_links":{"self":[{"href":"https:\/\/cartellera.focus.cat\/ca\/wp-json\/wp\/v2\/ex\/11309","targetHints":{"allow":["GET"]}}],"collection":[{"href":"https:\/\/cartellera.focus.cat\/ca\/wp-json\/wp\/v2\/ex"}],"about":[{"href":"https:\/\/cartellera.focus.cat\/ca\/wp-json\/wp\/v2\/types\/ex"}],"author":[{"embeddable":true,"href":"https:\/\/cartellera.focus.cat\/ca\/wp-json\/wp\/v2\/users\/2"}],"replies":[{"embeddable":true,"href":"https:\/\/cartellera.focus.cat\/ca\/wp-json\/wp\/v2\/comments?post=11309"}],"acf:term":[{"embeddable":true,"taxonomy":"season","href":"https:\/\/cartellera.focus.cat\/ca\/wp-json\/wp\/v2\/season\/65"}],"wp:attachment":[{"href":"https:\/\/cartellera.focus.cat\/ca\/wp-json\/wp\/v2\/media?parent=11309"}],"curies":[{"name":"wp","href":"https:\/\/api.w.org\/{rel}","templated":true}]}}