{"id":11313,"date":"2023-11-16T15:19:13","date_gmt":"2023-11-16T15:19:13","guid":{"rendered":"https:\/\/cartellera.focus.cat\/ex\/amb-la-claredat-augmenta-el-fred\/"},"modified":"2026-03-05T15:03:47","modified_gmt":"2026-03-05T15:03:47","slug":"amb-la-claredat-augmenta-el-fred","status":"publish","type":"ex","link":"https:\/\/cartellera.focus.cat\/ca\/ex\/amb-la-claredat-augmenta-el-fred\/","title":{"rendered":"Amb la claredat augmenta el fred"},"content":{"rendered":"","protected":false},"excerpt":{"rendered":"","protected":false},"author":2,"featured_media":0,"comment_status":"closed","ping_status":"open","template":"","class_list":["post-11313","ex","type-ex","status-publish","hentry","season-2023-24"],"acf":{"txt_synopsis":"<p>Una com\u00e8dia de sal\u00f3 sobre Thomas Bernhard. <\/p>\n<p>\u00c9s sabut que a Thomas Bernhard, gran escriptor i dramaturg austr\u00edac, mel\u00f2man, ferotge denunciador de l\u2019extrema dreta, no li agradaven els reconeixements i les seves inevitables cerim\u00f2nies. Tal era el malestar que li generaven els premis que va plasmar-lo en el seu llibre p\u00f2stum <em><strong>Els meus premis<\/strong><\/em>. A partir d\u2019aquests testimonis autobiogr\u00e0fics, Pep Tosar construeix un espectacle teatral aprofitant al m\u00e0xim la intensitat obsessiva, l\u2019afartament i la s\u00e0tira caracter\u00edstics de Bernhard. <\/p>\n<p><em><strong>Amb la claredat augmenta el fred<\/strong><\/em> \u2013t\u00edtol agafat d\u2019un dels seus discursos d\u2019agra\u00efment, desconcertant i captivador a la vegada que dotat de la po\u00e8tica m\u00e9s essencial de Thomas Bernhard- va desgranant an\u00e8cdotes i paraules de cortesia que amb prou feines dissimulen el seu \u00e0nim rondinaire i mostren a trav\u00e9s de la ironia i la comicitat les mis\u00e8ries de l\u2019\u00e9sser hum\u00e0 i del panorama cultural que ens envolta, i del qual tots en som c\u00f2mplices. <br \/><\/p>","main_buy_link":"","main_buy_links":"","group_buy_link":"","show_language":"Espectacle en catal\u00e0","show_duration":"90","show_start_date":"20240302000000","show_end_date":"20240504000000","show_sort_date":"20240302000000","txt_custom_show_dates":"del 2 de mar\u00e7 al 4 de maig de 2024","show_disciplines":"7","show_ultimes_funcions":false,"hide_tarifes_especials":false,"show_properament":false,"txt_additional_info":"<p>&nbsp;<\/p>","txt_present":"","show_season":[65],"txt_season":"[\"2023\/24\"]","txt_cycle":"","txt_claim":"Pep Tosar i Imma Colomer es troben amb el millor Thomas Bernhard en un espectacle ir\u00f2nic, implacable i ocurrent. Una dissecci\u00f3 de l\u2019\u00e9sser hum\u00e0 i del panorama cultural.","txt_cast_excerpt":"","txt_cast":"<p>A partir de <strong>Els meus premis de Thomas Bernhard <br \/><\/strong>&nbsp;<br \/>Dramat\u00fargia: <strong>Pep Tosar i Evelyn Ar\u00e9valo <br \/><\/strong>Traducci\u00f3: <strong>Clara Formosa <br \/><\/strong>Direcci\u00f3: <strong>Pep Tosar <\/strong><\/p>\n<p>Int\u00e8rprets: <strong>Imma Colomer, Pep Tosar i Evelyn Ar\u00e9valo<\/strong> <\/p>\n<p>Espai esc\u00e8nic i vestuari: <strong>Evelyn Ar\u00e9valo i Pep Tosar <br \/><\/strong>Disseny de la il\u00b7luminaci\u00f3: <strong>Pep Tosar <\/strong><\/p>\n<p>Ajudant de direcci\u00f3: <strong>Evelyn Ar\u00e9valo <br \/><\/strong>Caps t\u00e8cnics del teatre: <strong>Sergi Lobaco i Ra\u00fal Mart\u00ednez <\/strong><\/p>\n<p>M\u00e0rqueting i comunicaci\u00f3: <strong>Teatre Romea <\/strong><\/p>\n<p>Una producci\u00f3 de\u202f<strong>Grec Festival de Barcelona i Oblideu-vos de nosaltres <\/strong><\/p>","txt_reviews":"Santi Fondevila|Diari ARA|\"Delici\u00f3s, espl\u00e8ndid i amb un Pep Tosar superb. Una joia de funci\u00f3\"\nMat\u00edas N\u00e9spolo|EL MUNDO|\"El Bernhard de Tosar \u00e9s versemblant, brillant i summament efectiu\"","hashtag":"AmbLaClaredatAugmentaElFred","have_promo":"","slogan":"","id_exhibicio":2082,"id_versio":1654,"id_local":1,"txt_seo_desc":"Amb al claredat augmenta el fred en el teatre romea de barcelona","data_images":"[{\"localizer\":\"V3SLIDE\",\"url\":\"media\/ftgalslide\/v3\/316A1\/01_086_00057224\/IMG_8588.JPG\",\"thumb_url\":\"media\/ftgalslide\/v3\/316A1\/01_086_00057224\/IMG_8588_thumb.jpg\",\"title\":\"Amb la clardedad augmenta el fred - Mediterranea\",\"description\":\"amb la claredad augmenta el fred mediterranea\",\"copyright\":\"https:\/\/www.youtube.com\/watch?v=xLX1Ia8t74I\",\"order\":6},{\"localizer\":\"V4PORTADAWIDE\",\"url\":\"media\/ver\/port\/wide\/v4\/316A2\/01_091_00057417\/PORTADA-0.jpg\",\"thumb_url\":\"\",\"title\":\"Amb la clardedad augmenta el fred - Teatre Romea\",\"description\":\"amb la claredad augmenta el fred en el teatre romea\",\"copyright\":\"\",\"order\":7},{\"localizer\":\"V4CARTELL\",\"url\":\"media\/ver\/cartell\/v4\/316A2\/01_089_00057418\/cartell-web.jpg\",\"thumb_url\":\"\",\"title\":\"Amb la clardedad augmenta el fred - Teatre Romea\",\"description\":\"amb la claredad augmenta el fred en el teatre romea\",\"copyright\":\"\",\"order\":8},{\"localizer\":\"V4PORTADA\",\"url\":\"media\/ver\/port\/v4\/316A2\/01_090_00057419\/PORTADA1-.jpg\",\"thumb_url\":\"\",\"title\":\"Amb la clardedad augmenta el fred - Teatre Romea\",\"description\":\"amb la claredad augmenta el fred en el teatre romea\",\"copyright\":\"\",\"order\":9},{\"localizer\":\"V4PORTADAWIDEMOBILE\",\"url\":\"media\/ver\/port\/wide\/mobile\/v4\/316A2\/01_092_00057420\/PORTADA-MOBILE.jpg\",\"thumb_url\":\"\",\"title\":\"Amb la clardedad augmenta el fred - Teatre Romea\",\"description\":\"amb la claredad augmenta el fred en el teatre romea\",\"copyright\":\"\",\"order\":10},{\"localizer\":\"V3CARTELL\",\"url\":\"media\/ver\/cartell\/v3\/316A2\/01_085_00057421\/cartell-web-ANTIC.jpg\",\"thumb_url\":\"media\/ver\/cartell\/v3\/316A2\/01_085_00057421\/cartell-web-ANTIC_thumb.jpg\",\"title\":\"Amb la clardedad augmenta el fred - Teatre Romea\",\"description\":\"amb la claredad augmenta el fred en el teatre romea\",\"copyright\":\"\",\"order\":11},{\"localizer\":\"V3SLIDE\",\"url\":\"media\/ftgalslide\/v3\/316A2\/01_086_00057428\/5.jpg\",\"thumb_url\":\"media\/ftgalslide\/v3\/316A2\/01_086_00057428\/5_thumb.jpg\",\"title\":\"Amb la claredat - Teatre Romea\",\"description\":\"amb la clardeat augemtn ael fred\",\"copyright\":\"\",\"order\":12}]","material__texto_intro":"","data_material":null,"data_gallery":"","data_discounts":"[]","contract_is_open":true,"in_tour":false},"yoast_head":"<!-- This site is optimized with the Yoast SEO plugin v27.4 - https:\/\/yoast.com\/product\/yoast-seo-wordpress\/ -->\n<title>Amb la claredat augmenta el fred - Cartellera Focus<\/title>\n<meta name=\"robots\" content=\"index, follow, max-snippet:-1, max-image-preview:large, max-video-preview:-1\" \/>\n<link rel=\"canonical\" href=\"https:\/\/cartellera.focus.cat\/ca\/ex\/amb-la-claredat-augmenta-el-fred\/\" \/>\n<meta property=\"og:locale\" content=\"ca_ES\" \/>\n<meta property=\"og:type\" content=\"article\" \/>\n<meta property=\"og:title\" content=\"Amb la claredat augmenta el fred - Cartellera Focus\" \/>\n<meta property=\"og:url\" content=\"https:\/\/cartellera.focus.cat\/ca\/ex\/amb-la-claredat-augmenta-el-fred\/\" \/>\n<meta property=\"og:site_name\" content=\"Cartellera Focus\" \/>\n<meta property=\"article:modified_time\" content=\"2026-03-05T15:03:47+00:00\" \/>\n<meta name=\"twitter:card\" content=\"summary_large_image\" \/>\n<script type=\"application\/ld+json\" class=\"yoast-schema-graph\">{\"@context\":\"https:\\\/\\\/schema.org\",\"@graph\":[{\"@type\":\"WebPage\",\"@id\":\"https:\\\/\\\/cartellera.focus.cat\\\/ca\\\/ex\\\/amb-la-claredat-augmenta-el-fred\\\/\",\"url\":\"https:\\\/\\\/cartellera.focus.cat\\\/ca\\\/ex\\\/amb-la-claredat-augmenta-el-fred\\\/\",\"name\":\"Amb la claredat augmenta el fred - Cartellera Focus\",\"isPartOf\":{\"@id\":\"https:\\\/\\\/cartellera.focus.cat\\\/ca\\\/#website\"},\"datePublished\":\"2023-11-16T15:19:13+00:00\",\"dateModified\":\"2026-03-05T15:03:47+00:00\",\"breadcrumb\":{\"@id\":\"https:\\\/\\\/cartellera.focus.cat\\\/ca\\\/ex\\\/amb-la-claredat-augmenta-el-fred\\\/#breadcrumb\"},\"inLanguage\":\"ca\",\"potentialAction\":[{\"@type\":\"ReadAction\",\"target\":[\"https:\\\/\\\/cartellera.focus.cat\\\/ca\\\/ex\\\/amb-la-claredat-augmenta-el-fred\\\/\"]}]},{\"@type\":\"BreadcrumbList\",\"@id\":\"https:\\\/\\\/cartellera.focus.cat\\\/ca\\\/ex\\\/amb-la-claredat-augmenta-el-fred\\\/#breadcrumb\",\"itemListElement\":[{\"@type\":\"ListItem\",\"position\":1,\"name\":\"Home\",\"item\":\"https:\\\/\\\/cartellera.focus.cat\\\/ca\\\/\"},{\"@type\":\"ListItem\",\"position\":2,\"name\":\"Espectacles\",\"item\":\"https:\\\/\\\/cartellera.focus.cat\\\/ca\\\/ex\\\/\"},{\"@type\":\"ListItem\",\"position\":3,\"name\":\"Amb la claredat augmenta el fred\"}]},{\"@type\":\"WebSite\",\"@id\":\"https:\\\/\\\/cartellera.focus.cat\\\/ca\\\/#website\",\"url\":\"https:\\\/\\\/cartellera.focus.cat\\\/ca\\\/\",\"name\":\"Cartellera Focus\",\"description\":\"Troba el teu espectacle als teatres de Focus\",\"publisher\":{\"@id\":\"https:\\\/\\\/cartellera.focus.cat\\\/ca\\\/#organization\"},\"potentialAction\":[{\"@type\":\"SearchAction\",\"target\":{\"@type\":\"EntryPoint\",\"urlTemplate\":\"https:\\\/\\\/cartellera.focus.cat\\\/ca\\\/?s={search_term_string}\"},\"query-input\":{\"@type\":\"PropertyValueSpecification\",\"valueRequired\":true,\"valueName\":\"search_term_string\"}}],\"inLanguage\":\"ca\"},{\"@type\":\"Organization\",\"@id\":\"https:\\\/\\\/cartellera.focus.cat\\\/ca\\\/#organization\",\"name\":\"Cartellera Focus\",\"url\":\"https:\\\/\\\/cartellera.focus.cat\\\/ca\\\/\",\"logo\":{\"@type\":\"ImageObject\",\"inLanguage\":\"ca\",\"@id\":\"https:\\\/\\\/cartellera.focus.cat\\\/ca\\\/#\\\/schema\\\/logo\\\/image\\\/\",\"url\":\"https:\\\/\\\/cartellera.focus.cat\\\/wp-content\\\/uploads\\\/sites\\\/6\\\/2023\\\/01\\\/logo-focus.svg\",\"contentUrl\":\"https:\\\/\\\/cartellera.focus.cat\\\/wp-content\\\/uploads\\\/sites\\\/6\\\/2023\\\/01\\\/logo-focus.svg\",\"width\":1,\"height\":1,\"caption\":\"Cartellera Focus\"},\"image\":{\"@id\":\"https:\\\/\\\/cartellera.focus.cat\\\/ca\\\/#\\\/schema\\\/logo\\\/image\\\/\"},\"sameAs\":[\"https:\\\/\\\/www.instagram.com\\\/grupfocus_\",\"https:\\\/\\\/www.youtube.com\\\/channel\\\/UCHo1UBGWueryu2P-vn8CRXw\",\"https:\\\/\\\/www.linkedin.com\\\/company\\\/grup-focus\\\/\"]}]}<\/script>\n<!-- \/ Yoast SEO plugin. -->","yoast_head_json":{"title":"Amb la claredat augmenta el fred - Cartellera Focus","robots":{"index":"index","follow":"follow","max-snippet":"max-snippet:-1","max-image-preview":"max-image-preview:large","max-video-preview":"max-video-preview:-1"},"canonical":"https:\/\/cartellera.focus.cat\/ca\/ex\/amb-la-claredat-augmenta-el-fred\/","og_locale":"ca_ES","og_type":"article","og_title":"Amb la claredat augmenta el fred - Cartellera Focus","og_url":"https:\/\/cartellera.focus.cat\/ca\/ex\/amb-la-claredat-augmenta-el-fred\/","og_site_name":"Cartellera Focus","article_modified_time":"2026-03-05T15:03:47+00:00","twitter_card":"summary_large_image","schema":{"@context":"https:\/\/schema.org","@graph":[{"@type":"WebPage","@id":"https:\/\/cartellera.focus.cat\/ca\/ex\/amb-la-claredat-augmenta-el-fred\/","url":"https:\/\/cartellera.focus.cat\/ca\/ex\/amb-la-claredat-augmenta-el-fred\/","name":"Amb la claredat augmenta el fred - Cartellera Focus","isPartOf":{"@id":"https:\/\/cartellera.focus.cat\/ca\/#website"},"datePublished":"2023-11-16T15:19:13+00:00","dateModified":"2026-03-05T15:03:47+00:00","breadcrumb":{"@id":"https:\/\/cartellera.focus.cat\/ca\/ex\/amb-la-claredat-augmenta-el-fred\/#breadcrumb"},"inLanguage":"ca","potentialAction":[{"@type":"ReadAction","target":["https:\/\/cartellera.focus.cat\/ca\/ex\/amb-la-claredat-augmenta-el-fred\/"]}]},{"@type":"BreadcrumbList","@id":"https:\/\/cartellera.focus.cat\/ca\/ex\/amb-la-claredat-augmenta-el-fred\/#breadcrumb","itemListElement":[{"@type":"ListItem","position":1,"name":"Home","item":"https:\/\/cartellera.focus.cat\/ca\/"},{"@type":"ListItem","position":2,"name":"Espectacles","item":"https:\/\/cartellera.focus.cat\/ca\/ex\/"},{"@type":"ListItem","position":3,"name":"Amb la claredat augmenta el fred"}]},{"@type":"WebSite","@id":"https:\/\/cartellera.focus.cat\/ca\/#website","url":"https:\/\/cartellera.focus.cat\/ca\/","name":"Cartellera Focus","description":"Troba el teu espectacle als teatres de Focus","publisher":{"@id":"https:\/\/cartellera.focus.cat\/ca\/#organization"},"potentialAction":[{"@type":"SearchAction","target":{"@type":"EntryPoint","urlTemplate":"https:\/\/cartellera.focus.cat\/ca\/?s={search_term_string}"},"query-input":{"@type":"PropertyValueSpecification","valueRequired":true,"valueName":"search_term_string"}}],"inLanguage":"ca"},{"@type":"Organization","@id":"https:\/\/cartellera.focus.cat\/ca\/#organization","name":"Cartellera Focus","url":"https:\/\/cartellera.focus.cat\/ca\/","logo":{"@type":"ImageObject","inLanguage":"ca","@id":"https:\/\/cartellera.focus.cat\/ca\/#\/schema\/logo\/image\/","url":"https:\/\/cartellera.focus.cat\/wp-content\/uploads\/sites\/6\/2023\/01\/logo-focus.svg","contentUrl":"https:\/\/cartellera.focus.cat\/wp-content\/uploads\/sites\/6\/2023\/01\/logo-focus.svg","width":1,"height":1,"caption":"Cartellera Focus"},"image":{"@id":"https:\/\/cartellera.focus.cat\/ca\/#\/schema\/logo\/image\/"},"sameAs":["https:\/\/www.instagram.com\/grupfocus_","https:\/\/www.youtube.com\/channel\/UCHo1UBGWueryu2P-vn8CRXw","https:\/\/www.linkedin.com\/company\/grup-focus\/"]}]}},"translations":[{"id":11313,"locale":"ca"},{"id":10864,"locale":"es"}],"_links":{"self":[{"href":"https:\/\/cartellera.focus.cat\/ca\/wp-json\/wp\/v2\/ex\/11313","targetHints":{"allow":["GET"]}}],"collection":[{"href":"https:\/\/cartellera.focus.cat\/ca\/wp-json\/wp\/v2\/ex"}],"about":[{"href":"https:\/\/cartellera.focus.cat\/ca\/wp-json\/wp\/v2\/types\/ex"}],"author":[{"embeddable":true,"href":"https:\/\/cartellera.focus.cat\/ca\/wp-json\/wp\/v2\/users\/2"}],"replies":[{"embeddable":true,"href":"https:\/\/cartellera.focus.cat\/ca\/wp-json\/wp\/v2\/comments?post=11313"}],"acf:term":[{"embeddable":true,"taxonomy":"season","href":"https:\/\/cartellera.focus.cat\/ca\/wp-json\/wp\/v2\/season\/65"}],"wp:attachment":[{"href":"https:\/\/cartellera.focus.cat\/ca\/wp-json\/wp\/v2\/media?parent=11313"}],"curies":[{"name":"wp","href":"https:\/\/api.w.org\/{rel}","templated":true}]}}