{"id":11387,"date":"2024-07-24T09:20:59","date_gmt":"2024-07-24T09:20:59","guid":{"rendered":"https:\/\/cartellera.focus.cat\/ex\/un-sogre-de-lloguer\/"},"modified":"2026-03-05T15:12:55","modified_gmt":"2026-03-05T15:12:55","slug":"un-sogre-de-lloguer","status":"publish","type":"ex","link":"https:\/\/cartellera.focus.cat\/ca\/ex\/un-sogre-de-lloguer\/","title":{"rendered":"Un sogre de lloguer"},"content":{"rendered":"","protected":false},"excerpt":{"rendered":"","protected":false},"author":2,"featured_media":0,"comment_status":"closed","ping_status":"open","template":"","class_list":["post-11387","ex","type-ex","status-publish","hentry"],"acf":{"txt_synopsis":"<p><strong>Una com\u00e8dia on tot \u00e9s mentida.<\/strong><\/p>\n<p>En Mar\u00e7al fa molts anys que no veu el seu pare, un hippie que viu en una autocaravana al desert d\u2019Austr\u00e0lia, aix\u00ed que quan es veu obligat a organitzar un sopar per presentar-lo a la seva promesa i a la seva sogra, que s\u00f3n de classe alta, decideix contractar un actor que es faci passar pel seu pare.&nbsp; <\/p>\n<p>La hist\u00f2ria s\u2019embolica quan l\u2019actor que ha de venir es posa malalt i l\u2019ag\u00e8ncia acaba enviant un substitut d\u2019\u00faltima hora, en Ramon, un actor de doblatge amb poca feina, que s\u2019implicar\u00e0 tant en el seu paper que ho anir\u00e0 enredant tot.&nbsp; <\/p>\n<p>Un seguit de malentesos, mentides i mitges veritats, provocaran embolics i situacions hilarants, i veurem com en Ramon acabar\u00e0 capgirant el sopar i la vida de tots els convidats. <\/p>\n<p><\/p>","main_buy_link":"","main_buy_links":"","group_buy_link":"","show_language":"Espectacle en catal\u00e0\u202f\u202f","show_duration":"90","show_start_date":"20241108000000","show_end_date":"20250126000000","show_sort_date":"20241108000000","txt_custom_show_dates":"del 8 de novembre de 2024 al 26 de gener de 2025","show_disciplines":"11","show_ultimes_funcions":false,"hide_tarifes_especials":false,"show_properament":false,"txt_additional_info":"<ul>\n<li>Recomanat per a <strong>totes les edats<\/strong> <\/li><\/ul>","txt_present":"","show_season":false,"txt_season":"[\"2024\/25\"]","txt_cycle":"","txt_claim":"","txt_cast_excerpt":"","txt_cast":"<p>Autoria: <strong>Susanna Garachana i Jaume Vi\u00f1as\u202f \u202f<\/strong> <br \/>Direcci\u00f3:<strong> Daniel Angl\u00e8s\u202f<\/strong>&nbsp; <br \/>Codirecci\u00f3: <strong>Jaume Vi\u00f1as\u202f \u202f<\/strong>&nbsp; <\/p>\n<p>Int\u00e8rprets:<strong> Joan Pera, Muntsa Alca\u00f1iz, J\u00falia Jov\u00e9 i Edu Lloveras<\/strong> <\/p>\n<p>Escenografia: <strong>Enric Planas<\/strong> <br \/>Vestuari i caracteritzaci\u00f3: <strong>N\u00faria Llunell<\/strong>&nbsp; <br \/>Il\u00b7luminaci\u00f3: <strong>Paula Costas<\/strong><\/p>\n<p>Direcci\u00f3 de producci\u00f3: <strong>Maite Pijuan\u202f\u202f<\/strong>&nbsp; <br \/>Producci\u00f3 executiva: <strong>\u00c0lvar Rovira\u202f\u202f<\/strong>&nbsp; <br \/>Direcci\u00f3 t\u00e8cnica: <strong>Moi Cuenca\u202f\u202f<\/strong>&nbsp; <br \/>Coordinaci\u00f3 t\u00e8cnica: <strong>Jordi Farr\u00e0s\u202f\u202f&nbsp; <br \/><br \/><\/strong>Ajudantia de producci\u00f3:<strong> Sira Castells i Marta Margarit&nbsp;&nbsp; <\/strong><\/p>\n<p>Regidoria: <strong>Blai Pera\u202f<\/strong> <br \/>Sastreria: <strong>Rosario Macias<\/strong> <br \/>Cap t\u00e8cnic del teatre: <strong>Roger Mu\u00f1oz <\/strong><\/p>\n<p>M\u00e0rqueting i comunicaci\u00f3: <strong>Focus\u202f\u202f\u202f&nbsp; <br \/><\/strong>Reportatge fotogr\u00e0fic:\u202f<strong>David Ruano<\/strong>\u202f\u202f\u202f\u202f&nbsp; <\/p>\n<p>Col\u00b7laboradors: <strong>Jorge de la Garza, Montibello, <\/strong><strong>Ornamante i Mikakus<\/strong><\/p>\n<p>Amb el suport de <strong>Generalitat de Catalunya \u2013 ICEC Institut Catal\u00e0 de les Empreses Culturals <\/strong><\/p>\n<p>Distribuci\u00f3: <strong>Carme Tierz<\/strong> (<a href=\"mailto:carmetierz@focus.cat\">carmetierz@focus.cat<\/a>) <\/p>\n<p>\u00c9s una producci\u00f3 de<strong> Focus<\/strong>&nbsp; <\/p>","txt_reviews":"Andreu Sotorra|Clip de teatre|\u201cUna tradici\u00f3 que s'hauria de convertir en h\u00e0bit: muntar una com\u00e8dia amb denominaci\u00f3 d'origen comptant amb el principal protagonista, l'actor Joan Pera\u201d\nJos\u00e9 Rafael Palomar|Diario Cr\u00edtico|\u201cJoan Pera coneix com ning\u00fa els secrets per fer riure\u201d\nPablo-Ignacio de Dalmases|Catalunya Press|\u201cUna joguina c\u00f2mica concebuda per provocar les riallades d'un p\u00fablic fidel\u201d","hashtag":"UnSogredeLloguer","have_promo":"","slogan":"","id_exhibicio":2174,"id_versio":1716,"id_local":35,"txt_seo_desc":"Un Sogre de Lloguer al Teatre Goya de Barcelona","data_images":"[{\"localizer\":\"V4PORTADA\",\"url\":\"media\/ver\/port\/v4\/31709\/01_090_00058913\/03_Portada_1_760x760.jpg\",\"thumb_url\":\"\",\"title\":\"Un sogre de lloguer - Teatre Condal\",\"description\":\"un sogre de lloguer al teatre condal\",\"copyright\":\"\",\"order\":26},{\"localizer\":\"V3SLIDE\",\"url\":\"media\/ftgalslide\/v3\/31709\/01_086_00058916\/T24_Un_Sogre_028.jpg\",\"thumb_url\":\"media\/ftgalslide\/v3\/31709\/01_086_00058916\/T24_Un_Sogre_028_thumb.jpg\",\"title\":\"Un sogre de lloguer - Teatre Condal\",\"description\":\"un sogre de lloguer al teatre condal\",\"copyright\":\"https:\/\/youtu.be\/OAum2znbcVQ\",\"order\":29},{\"localizer\":\"V3SLIDE\",\"url\":\"media\/ftgalslide\/v3\/31709\/01_086_00058917\/xT24_Un_Sogre_107.jpg\",\"thumb_url\":\"media\/ftgalslide\/v3\/31709\/01_086_00058917\/xT24_Un_Sogre_107_thumb.jpg\",\"title\":\"Un sogre de lloguer - Teatre Condal\",\"description\":\"un sogre de lloguer al teatre condal\",\"copyright\":\"\",\"order\":30},{\"localizer\":\"V3SLIDE\",\"url\":\"media\/ftgalslide\/v3\/31709\/01_086_00058918\/T24_Un_Sogre_124.jpg\",\"thumb_url\":\"media\/ftgalslide\/v3\/31709\/01_086_00058918\/T24_Un_Sogre_124_thumb.jpg\",\"title\":\"Un sogre de lloguer - Teatre Condal\",\"description\":\"un sogre de lloguer al teatre condal\",\"copyright\":\"\",\"order\":31},{\"localizer\":\"V3SLIDE\",\"url\":\"media\/ftgalslide\/v3\/31709\/01_086_00058919\/T24_Un_Sogre_044.jpg\",\"thumb_url\":\"media\/ftgalslide\/v3\/31709\/01_086_00058919\/T24_Un_Sogre_044_thumb.jpg\",\"title\":\"Un sogre de lloguer - Teatre Condal\",\"description\":\"un sogre de lloguer al teatre condal\",\"copyright\":\"\",\"order\":32},{\"localizer\":\"V4CARTELL\",\"url\":\"media\/ver\/cartell\/v4\/3170A\/01_089_00058980\/04_Cartell_Web_720x1100.jpg\",\"thumb_url\":\"\",\"title\":\"Un sogre de lloguer - Teatre Goya\",\"description\":\"un sogre de lloguer al teatre goya\",\"copyright\":\"\",\"order\":33},{\"localizer\":\"V3CARTELL\",\"url\":\"media\/ver\/cartell\/v3\/3170A\/01_085_00058981\/Cartell_web_focus.jpg\",\"thumb_url\":\"media\/ver\/cartell\/v3\/3170A\/01_085_00058981\/Cartell_web_focus_thumb.jpg\",\"title\":\"Un sogre de lloguer - Teatre Goya\",\"description\":\"un sogre de lloguer al teatre goya\",\"copyright\":\"\",\"order\":34},{\"localizer\":\"V4PORTADAWIDE\",\"url\":\"media\/ver\/port\/wide\/v4\/3170E\/01_091_00059402\/CONDAL-Portada_0_2880x1260.jpg\",\"thumb_url\":\"\",\"title\":\"Un sogre de lloguer - Teatre Condal\",\"description\":\"un sogre de lloguer al teatre condal\",\"copyright\":\"\",\"order\":35},{\"localizer\":\"V4PORTADAWIDEMOBILE\",\"url\":\"media\/ver\/port\/wide\/mobile\/v4\/3170E\/01_092_00059403\/CONDAL-Portada_Mobile_828x1800.jpg\",\"thumb_url\":\"\",\"title\":\"Un sogre de lloguer - Teatre Condal\",\"description\":\"un sogre de lloguer al teatre condal\",\"copyright\":\"\",\"order\":36}]","material__texto_intro":"","data_material":null,"data_gallery":"","data_discounts":"[]","contract_is_open":true,"in_tour":false},"yoast_head":"<!-- This site is optimized with the Yoast SEO plugin v27.5 - https:\/\/yoast.com\/product\/yoast-seo-wordpress\/ -->\n<title>Un sogre de lloguer - Cartellera Focus<\/title>\n<meta name=\"robots\" content=\"index, follow, max-snippet:-1, max-image-preview:large, max-video-preview:-1\" \/>\n<link rel=\"canonical\" href=\"https:\/\/cartellera.focus.cat\/ca\/ex\/un-sogre-de-lloguer\/\" \/>\n<meta property=\"og:locale\" content=\"ca_ES\" \/>\n<meta property=\"og:type\" content=\"article\" \/>\n<meta property=\"og:title\" content=\"Un sogre de lloguer - Cartellera Focus\" \/>\n<meta property=\"og:url\" content=\"https:\/\/cartellera.focus.cat\/ca\/ex\/un-sogre-de-lloguer\/\" \/>\n<meta property=\"og:site_name\" content=\"Cartellera Focus\" \/>\n<meta property=\"article:modified_time\" content=\"2026-03-05T15:12:55+00:00\" \/>\n<meta name=\"twitter:card\" content=\"summary_large_image\" \/>\n<script type=\"application\/ld+json\" class=\"yoast-schema-graph\">{\"@context\":\"https:\\\/\\\/schema.org\",\"@graph\":[{\"@type\":\"WebPage\",\"@id\":\"https:\\\/\\\/cartellera.focus.cat\\\/ca\\\/ex\\\/un-sogre-de-lloguer\\\/\",\"url\":\"https:\\\/\\\/cartellera.focus.cat\\\/ca\\\/ex\\\/un-sogre-de-lloguer\\\/\",\"name\":\"Un sogre de lloguer - Cartellera Focus\",\"isPartOf\":{\"@id\":\"https:\\\/\\\/cartellera.focus.cat\\\/ca\\\/#website\"},\"datePublished\":\"2024-07-24T09:20:59+00:00\",\"dateModified\":\"2026-03-05T15:12:55+00:00\",\"breadcrumb\":{\"@id\":\"https:\\\/\\\/cartellera.focus.cat\\\/ca\\\/ex\\\/un-sogre-de-lloguer\\\/#breadcrumb\"},\"inLanguage\":\"ca\",\"potentialAction\":[{\"@type\":\"ReadAction\",\"target\":[\"https:\\\/\\\/cartellera.focus.cat\\\/ca\\\/ex\\\/un-sogre-de-lloguer\\\/\"]}]},{\"@type\":\"BreadcrumbList\",\"@id\":\"https:\\\/\\\/cartellera.focus.cat\\\/ca\\\/ex\\\/un-sogre-de-lloguer\\\/#breadcrumb\",\"itemListElement\":[{\"@type\":\"ListItem\",\"position\":1,\"name\":\"Home\",\"item\":\"https:\\\/\\\/cartellera.focus.cat\\\/ca\\\/\"},{\"@type\":\"ListItem\",\"position\":2,\"name\":\"Espectacles\",\"item\":\"https:\\\/\\\/cartellera.focus.cat\\\/ca\\\/ex\\\/\"},{\"@type\":\"ListItem\",\"position\":3,\"name\":\"Un sogre de lloguer\"}]},{\"@type\":\"WebSite\",\"@id\":\"https:\\\/\\\/cartellera.focus.cat\\\/ca\\\/#website\",\"url\":\"https:\\\/\\\/cartellera.focus.cat\\\/ca\\\/\",\"name\":\"Cartellera Focus\",\"description\":\"Troba el teu espectacle als teatres de Focus\",\"publisher\":{\"@id\":\"https:\\\/\\\/cartellera.focus.cat\\\/ca\\\/#organization\"},\"potentialAction\":[{\"@type\":\"SearchAction\",\"target\":{\"@type\":\"EntryPoint\",\"urlTemplate\":\"https:\\\/\\\/cartellera.focus.cat\\\/ca\\\/?s={search_term_string}\"},\"query-input\":{\"@type\":\"PropertyValueSpecification\",\"valueRequired\":true,\"valueName\":\"search_term_string\"}}],\"inLanguage\":\"ca\"},{\"@type\":\"Organization\",\"@id\":\"https:\\\/\\\/cartellera.focus.cat\\\/ca\\\/#organization\",\"name\":\"Cartellera Focus\",\"url\":\"https:\\\/\\\/cartellera.focus.cat\\\/ca\\\/\",\"logo\":{\"@type\":\"ImageObject\",\"inLanguage\":\"ca\",\"@id\":\"https:\\\/\\\/cartellera.focus.cat\\\/ca\\\/#\\\/schema\\\/logo\\\/image\\\/\",\"url\":\"https:\\\/\\\/cartellera.focus.cat\\\/wp-content\\\/uploads\\\/sites\\\/6\\\/2023\\\/01\\\/logo-focus.svg\",\"contentUrl\":\"https:\\\/\\\/cartellera.focus.cat\\\/wp-content\\\/uploads\\\/sites\\\/6\\\/2023\\\/01\\\/logo-focus.svg\",\"width\":1,\"height\":1,\"caption\":\"Cartellera Focus\"},\"image\":{\"@id\":\"https:\\\/\\\/cartellera.focus.cat\\\/ca\\\/#\\\/schema\\\/logo\\\/image\\\/\"},\"sameAs\":[\"https:\\\/\\\/www.instagram.com\\\/grupfocus_\",\"https:\\\/\\\/www.youtube.com\\\/channel\\\/UCHo1UBGWueryu2P-vn8CRXw\",\"https:\\\/\\\/www.linkedin.com\\\/company\\\/grup-focus\\\/\"]}]}<\/script>\n<!-- \/ Yoast SEO plugin. -->","yoast_head_json":{"title":"Un sogre de lloguer - Cartellera Focus","robots":{"index":"index","follow":"follow","max-snippet":"max-snippet:-1","max-image-preview":"max-image-preview:large","max-video-preview":"max-video-preview:-1"},"canonical":"https:\/\/cartellera.focus.cat\/ca\/ex\/un-sogre-de-lloguer\/","og_locale":"ca_ES","og_type":"article","og_title":"Un sogre de lloguer - Cartellera Focus","og_url":"https:\/\/cartellera.focus.cat\/ca\/ex\/un-sogre-de-lloguer\/","og_site_name":"Cartellera Focus","article_modified_time":"2026-03-05T15:12:55+00:00","twitter_card":"summary_large_image","schema":{"@context":"https:\/\/schema.org","@graph":[{"@type":"WebPage","@id":"https:\/\/cartellera.focus.cat\/ca\/ex\/un-sogre-de-lloguer\/","url":"https:\/\/cartellera.focus.cat\/ca\/ex\/un-sogre-de-lloguer\/","name":"Un sogre de lloguer - Cartellera Focus","isPartOf":{"@id":"https:\/\/cartellera.focus.cat\/ca\/#website"},"datePublished":"2024-07-24T09:20:59+00:00","dateModified":"2026-03-05T15:12:55+00:00","breadcrumb":{"@id":"https:\/\/cartellera.focus.cat\/ca\/ex\/un-sogre-de-lloguer\/#breadcrumb"},"inLanguage":"ca","potentialAction":[{"@type":"ReadAction","target":["https:\/\/cartellera.focus.cat\/ca\/ex\/un-sogre-de-lloguer\/"]}]},{"@type":"BreadcrumbList","@id":"https:\/\/cartellera.focus.cat\/ca\/ex\/un-sogre-de-lloguer\/#breadcrumb","itemListElement":[{"@type":"ListItem","position":1,"name":"Home","item":"https:\/\/cartellera.focus.cat\/ca\/"},{"@type":"ListItem","position":2,"name":"Espectacles","item":"https:\/\/cartellera.focus.cat\/ca\/ex\/"},{"@type":"ListItem","position":3,"name":"Un sogre de lloguer"}]},{"@type":"WebSite","@id":"https:\/\/cartellera.focus.cat\/ca\/#website","url":"https:\/\/cartellera.focus.cat\/ca\/","name":"Cartellera Focus","description":"Troba el teu espectacle als teatres de Focus","publisher":{"@id":"https:\/\/cartellera.focus.cat\/ca\/#organization"},"potentialAction":[{"@type":"SearchAction","target":{"@type":"EntryPoint","urlTemplate":"https:\/\/cartellera.focus.cat\/ca\/?s={search_term_string}"},"query-input":{"@type":"PropertyValueSpecification","valueRequired":true,"valueName":"search_term_string"}}],"inLanguage":"ca"},{"@type":"Organization","@id":"https:\/\/cartellera.focus.cat\/ca\/#organization","name":"Cartellera Focus","url":"https:\/\/cartellera.focus.cat\/ca\/","logo":{"@type":"ImageObject","inLanguage":"ca","@id":"https:\/\/cartellera.focus.cat\/ca\/#\/schema\/logo\/image\/","url":"https:\/\/cartellera.focus.cat\/wp-content\/uploads\/sites\/6\/2023\/01\/logo-focus.svg","contentUrl":"https:\/\/cartellera.focus.cat\/wp-content\/uploads\/sites\/6\/2023\/01\/logo-focus.svg","width":1,"height":1,"caption":"Cartellera Focus"},"image":{"@id":"https:\/\/cartellera.focus.cat\/ca\/#\/schema\/logo\/image\/"},"sameAs":["https:\/\/www.instagram.com\/grupfocus_","https:\/\/www.youtube.com\/channel\/UCHo1UBGWueryu2P-vn8CRXw","https:\/\/www.linkedin.com\/company\/grup-focus\/"]}]}},"translations":[{"id":11387,"locale":"ca"},{"id":11388,"locale":"es"}],"_links":{"self":[{"href":"https:\/\/cartellera.focus.cat\/ca\/wp-json\/wp\/v2\/ex\/11387","targetHints":{"allow":["GET"]}}],"collection":[{"href":"https:\/\/cartellera.focus.cat\/ca\/wp-json\/wp\/v2\/ex"}],"about":[{"href":"https:\/\/cartellera.focus.cat\/ca\/wp-json\/wp\/v2\/types\/ex"}],"author":[{"embeddable":true,"href":"https:\/\/cartellera.focus.cat\/ca\/wp-json\/wp\/v2\/users\/2"}],"replies":[{"embeddable":true,"href":"https:\/\/cartellera.focus.cat\/ca\/wp-json\/wp\/v2\/comments?post=11387"}],"wp:attachment":[{"href":"https:\/\/cartellera.focus.cat\/ca\/wp-json\/wp\/v2\/media?parent=11387"}],"curies":[{"name":"wp","href":"https:\/\/api.w.org\/{rel}","templated":true}]}}