{"id":11410,"date":"2024-09-04T13:09:28","date_gmt":"2024-09-04T13:09:28","guid":{"rendered":"https:\/\/cartellera.focus.cat\/ex\/boja-rbls\/"},"modified":"2026-03-05T15:33:54","modified_gmt":"2026-03-05T15:33:54","slug":"boja-2","status":"publish","type":"ex","link":"https:\/\/cartellera.focus.cat\/ca\/ex\/boja-2\/","title":{"rendered":"Boja"},"content":{"rendered":"","protected":false},"excerpt":{"rendered":"","protected":false},"author":2,"featured_media":0,"comment_status":"closed","ping_status":"open","template":"","class_list":["post-11410","ex","type-ex","status-publish","hentry"],"acf":{"txt_synopsis":"<strong>Qu\u00e8 passa, realment, dins la consulta d\u2019un psiquiatra? <br \/><\/strong><br \/><em>BOJA<\/em> \u00e9s un espectacle que retrata en primera persona l\u2019experi\u00e8ncia viscuda per l\u2019actriu en els darrers 16 anys a consultes de diversos psiquiatres.<br \/><br \/>Qu\u00e8 em passa? Qu\u00e8 em passa? La Mariona fa anys que s\u2019ho pregunta. Ning\u00fa es pot&nbsp; arribar a imaginar que les respostes a la seva pregunta poden arribar a ser tan&nbsp; in\u00e8dites com c\u00f2miques.<br \/><br \/>Un espectacle sobre la recerca de la pr\u00f2pia identitat i del sentit de la vida quan sembla que ja res t\u00e9 sentit. <br \/>","main_buy_link":"","main_buy_links":"","group_buy_link":"","show_language":"Espectacle en catal\u00e0 i castell\u00e0 amb can\u00e7ons cantades en angl\u00e8s","show_duration":"60","show_start_date":"20241111000000","show_end_date":"20241111000000","show_sort_date":"20241111000000","txt_custom_show_dates":"l'11 de novembre de 2024","show_disciplines":"12","show_ultimes_funcions":false,"hide_tarifes_especials":false,"show_properament":false,"txt_additional_info":"<ul>\n<li>Recomanat a partir de 14 anys\u202f \n<\/li><li>El dilluns <strong>16 de febrer<\/strong> es far\u00e0 un <strong>col\u00b7loqui postfunci\u00f3<\/strong> amb la participaci\u00f3 d\u2019Eva A., psic\u00f2loga psicoterapeuta de joves i adults amb m\u00e9s de 20 anys de professi\u00f3, i la companyia. \n<\/li><li>El dilluns<strong>&nbsp;23 de febrer<\/strong> es far\u00e0 un <strong>col\u00b7loqui postfunci\u00f3<\/strong> amb la participaci\u00f3 de Sara Guila Fidel Kinori, especialista en Psicologia Cl\u00ednica, adjunta del Servei de Psiquiatria de l\u2019Hospital Universitari Vall d\u2019Hebron, i la companyia.<br \/><\/li><\/ul>","txt_present":"","show_season":false,"txt_season":"[\"2024\/25\"]","txt_cycle":"RBLS Festival Teatre Jove","txt_claim":"Qu\u00e8 passa, realment, dins la consulta d\u2019un psiquiatra?","txt_cast_excerpt":"","txt_cast":"<p>Autoria:\u202f<strong>Mariona Esplugues <br \/><\/strong>Direcci\u00f3:\u202f<strong>Mariona Esplugues i Andrea Castellanos <\/strong><\/p>\n<p>Int\u00e8rpret: <strong>Mariona Esplugues\u202f<\/strong> <\/p>\n<p>Escenografia i vestuari:\u202f<strong>Andrea Castellanos i Mariona Esplugues <br \/><\/strong>Il\u00b7luminaci\u00f3:<strong>\u202fOna Grau <br \/><\/strong>Espai sonor:\u202f<strong>Marc Oller <br \/><\/strong>Suport audiovisual:\u202f<strong>Andrea Monje <\/strong><\/p>\n<p>Assessorament de producci\u00f3: <strong>Andrea Castellanos <br \/><\/strong>Cap t\u00e8cnica del teatre: <strong>Marta P\u00e9rez <\/strong><\/p>\n<p>M\u00e0rqueting i comunicaci\u00f3 de la companyia:\u202f<strong>Nil Mart\u00edn <br \/><\/strong>M\u00e0rqueting i comunicaci\u00f3 del teatre:\u202f<strong>La Villarroel \u202f <\/strong><\/p>\n<p>Agra\u00efments: <strong>Carol L\u00f3pez, Mar Medina, N\u00faria S\u00e1nchez, Queralt Casasayas <\/strong><\/p>\n<p>&nbsp;<\/p>\n<p>\u00c9s una producci\u00f3 de\u202f<strong>Mariona Esplugues<\/strong> amb el suport <strong>d\u2019E\u00f2lia Centre Superior d\u2019Art Dram\u00e0tic <br \/><\/strong><\/p>","txt_reviews":"Ferran Baile|Recomana|\u201cUn valent strip-tease emocional i terap\u00e8utic, a mig cam\u00ed, entre el mon\u00f2leg i la performance\u201d \nNeus M\u00f2nico|Teatre Barcelona|\u201cLa Mariona Esplugues es menja l'escenari. La seva interpretaci\u00f3 \u00e9s brillant (moviment, veu i interpretaci\u00f3)\u201d","hashtag":"Boja","have_promo":"","slogan":"","id_exhibicio":2204,"id_versio":1745,"id_local":4,"txt_seo_desc":"","data_images":"[{\"localizer\":\"V4PORTADAWIDE\",\"url\":\"media\/ver\/port\/wide\/v4\/3170B\/01_091_00059040\/1-Portada_0_2880x1260.jpg\",\"thumb_url\":\"\",\"title\":\"Boja - La Villarroel\",\"description\":\"boja a la villarroel\",\"copyright\":\"\",\"order\":9},{\"localizer\":\"V4PORTADAWIDEMOBILE\",\"url\":\"media\/ver\/port\/wide\/mobile\/v4\/3170B\/01_092_00059041\/3-Portada_Mobile_828x1800.jpg\",\"thumb_url\":\"\",\"title\":\"Boja - La Villarroel\",\"description\":\"boja a la villarroel\",\"copyright\":\"\",\"order\":10},{\"localizer\":\"V4PORTADA\",\"url\":\"media\/ver\/port\/v4\/3170B\/01_090_00059042\/2-Portada_1_760x760.jpg\",\"thumb_url\":\"\",\"title\":\"Boja - La Villarroel\",\"description\":\"boja a la villarroel\",\"copyright\":\"\",\"order\":11},{\"localizer\":\"V4CARTELL\",\"url\":\"media\/ver\/cartell\/v4\/3170B\/01_089_00059043\/4-Cartell_web_720x1100.jpg\",\"thumb_url\":\"\",\"title\":\"Boja - La Villarroel\",\"description\":\"boja a la villarroel\",\"copyright\":\"\",\"order\":12},{\"localizer\":\"V3SLIDE\",\"url\":\"media\/ftgalslide\/v3\/31769\/01_086_00059552\/Disseny_sense_titol_-_2026-01-23T135101419.jpg\",\"thumb_url\":\"media\/ftgalslide\/v3\/31769\/01_086_00059552\/Disseny_sense_titol_-_2026-01-23T135101419_thumb.jpg\",\"title\":\"Boja - La Villarroel\",\"description\":\"boja a la villarroel\",\"copyright\":\"https:\/\/youtu.be\/DEk-hyJ0IEk\",\"order\":15},{\"localizer\":\"V3SLIDE\",\"url\":\"media\/ftgalslide\/v3\/31769\/01_086_00059553\/Disseny_sense_titol_-_2026-01-23T135107275.jpg\",\"thumb_url\":\"media\/ftgalslide\/v3\/31769\/01_086_00059553\/Disseny_sense_titol_-_2026-01-23T135107275_thumb.jpg\",\"title\":\"Boja - La Villarroel\",\"description\":\"boja a la villarroel\",\"copyright\":\"\",\"order\":16},{\"localizer\":\"V3SLIDE\",\"url\":\"media\/ftgalslide\/v3\/31769\/01_086_00059554\/Disseny_sense_titol_-_2026-01-23T135113379.jpg\",\"thumb_url\":\"media\/ftgalslide\/v3\/31769\/01_086_00059554\/Disseny_sense_titol_-_2026-01-23T135113379_thumb.jpg\",\"title\":\"Boja - La Villarroel\",\"description\":\"boja a la villarroel\",\"copyright\":\"\",\"order\":17}]","material__texto_intro":"","data_material":null,"data_gallery":"","data_discounts":"[]","contract_is_open":false,"in_tour":false},"yoast_head":"<!-- This site is optimized with the Yoast SEO plugin v27.4 - https:\/\/yoast.com\/product\/yoast-seo-wordpress\/ -->\n<title>Boja - Cartellera Focus<\/title>\n<meta name=\"robots\" content=\"index, follow, max-snippet:-1, max-image-preview:large, max-video-preview:-1\" \/>\n<link rel=\"canonical\" href=\"https:\/\/cartellera.focus.cat\/ca\/ex\/boja-2\/\" \/>\n<meta property=\"og:locale\" content=\"ca_ES\" \/>\n<meta property=\"og:type\" content=\"article\" \/>\n<meta property=\"og:title\" content=\"Boja - Cartellera Focus\" \/>\n<meta property=\"og:url\" content=\"https:\/\/cartellera.focus.cat\/ca\/ex\/boja-2\/\" \/>\n<meta property=\"og:site_name\" content=\"Cartellera Focus\" \/>\n<meta property=\"article:modified_time\" content=\"2026-03-05T15:33:54+00:00\" \/>\n<meta name=\"twitter:card\" content=\"summary_large_image\" \/>\n<script type=\"application\/ld+json\" class=\"yoast-schema-graph\">{\"@context\":\"https:\\\/\\\/schema.org\",\"@graph\":[{\"@type\":\"WebPage\",\"@id\":\"https:\\\/\\\/cartellera.focus.cat\\\/ca\\\/ex\\\/boja-2\\\/\",\"url\":\"https:\\\/\\\/cartellera.focus.cat\\\/ca\\\/ex\\\/boja-2\\\/\",\"name\":\"Boja - Cartellera Focus\",\"isPartOf\":{\"@id\":\"https:\\\/\\\/cartellera.focus.cat\\\/ca\\\/#website\"},\"datePublished\":\"2024-09-04T13:09:28+00:00\",\"dateModified\":\"2026-03-05T15:33:54+00:00\",\"breadcrumb\":{\"@id\":\"https:\\\/\\\/cartellera.focus.cat\\\/ca\\\/ex\\\/boja-2\\\/#breadcrumb\"},\"inLanguage\":\"ca\",\"potentialAction\":[{\"@type\":\"ReadAction\",\"target\":[\"https:\\\/\\\/cartellera.focus.cat\\\/ca\\\/ex\\\/boja-2\\\/\"]}]},{\"@type\":\"BreadcrumbList\",\"@id\":\"https:\\\/\\\/cartellera.focus.cat\\\/ca\\\/ex\\\/boja-2\\\/#breadcrumb\",\"itemListElement\":[{\"@type\":\"ListItem\",\"position\":1,\"name\":\"Home\",\"item\":\"https:\\\/\\\/cartellera.focus.cat\\\/ca\\\/\"},{\"@type\":\"ListItem\",\"position\":2,\"name\":\"Espectacles\",\"item\":\"https:\\\/\\\/cartellera.focus.cat\\\/ca\\\/ex\\\/\"},{\"@type\":\"ListItem\",\"position\":3,\"name\":\"Boja\"}]},{\"@type\":\"WebSite\",\"@id\":\"https:\\\/\\\/cartellera.focus.cat\\\/ca\\\/#website\",\"url\":\"https:\\\/\\\/cartellera.focus.cat\\\/ca\\\/\",\"name\":\"Cartellera Focus\",\"description\":\"Troba el teu espectacle als teatres de Focus\",\"publisher\":{\"@id\":\"https:\\\/\\\/cartellera.focus.cat\\\/ca\\\/#organization\"},\"potentialAction\":[{\"@type\":\"SearchAction\",\"target\":{\"@type\":\"EntryPoint\",\"urlTemplate\":\"https:\\\/\\\/cartellera.focus.cat\\\/ca\\\/?s={search_term_string}\"},\"query-input\":{\"@type\":\"PropertyValueSpecification\",\"valueRequired\":true,\"valueName\":\"search_term_string\"}}],\"inLanguage\":\"ca\"},{\"@type\":\"Organization\",\"@id\":\"https:\\\/\\\/cartellera.focus.cat\\\/ca\\\/#organization\",\"name\":\"Cartellera Focus\",\"url\":\"https:\\\/\\\/cartellera.focus.cat\\\/ca\\\/\",\"logo\":{\"@type\":\"ImageObject\",\"inLanguage\":\"ca\",\"@id\":\"https:\\\/\\\/cartellera.focus.cat\\\/ca\\\/#\\\/schema\\\/logo\\\/image\\\/\",\"url\":\"https:\\\/\\\/cartellera.focus.cat\\\/wp-content\\\/uploads\\\/sites\\\/6\\\/2023\\\/01\\\/logo-focus.svg\",\"contentUrl\":\"https:\\\/\\\/cartellera.focus.cat\\\/wp-content\\\/uploads\\\/sites\\\/6\\\/2023\\\/01\\\/logo-focus.svg\",\"width\":1,\"height\":1,\"caption\":\"Cartellera Focus\"},\"image\":{\"@id\":\"https:\\\/\\\/cartellera.focus.cat\\\/ca\\\/#\\\/schema\\\/logo\\\/image\\\/\"},\"sameAs\":[\"https:\\\/\\\/www.instagram.com\\\/grupfocus_\",\"https:\\\/\\\/www.youtube.com\\\/channel\\\/UCHo1UBGWueryu2P-vn8CRXw\",\"https:\\\/\\\/www.linkedin.com\\\/company\\\/grup-focus\\\/\"]}]}<\/script>\n<!-- \/ Yoast SEO plugin. -->","yoast_head_json":{"title":"Boja - Cartellera Focus","robots":{"index":"index","follow":"follow","max-snippet":"max-snippet:-1","max-image-preview":"max-image-preview:large","max-video-preview":"max-video-preview:-1"},"canonical":"https:\/\/cartellera.focus.cat\/ca\/ex\/boja-2\/","og_locale":"ca_ES","og_type":"article","og_title":"Boja - Cartellera Focus","og_url":"https:\/\/cartellera.focus.cat\/ca\/ex\/boja-2\/","og_site_name":"Cartellera Focus","article_modified_time":"2026-03-05T15:33:54+00:00","twitter_card":"summary_large_image","schema":{"@context":"https:\/\/schema.org","@graph":[{"@type":"WebPage","@id":"https:\/\/cartellera.focus.cat\/ca\/ex\/boja-2\/","url":"https:\/\/cartellera.focus.cat\/ca\/ex\/boja-2\/","name":"Boja - Cartellera Focus","isPartOf":{"@id":"https:\/\/cartellera.focus.cat\/ca\/#website"},"datePublished":"2024-09-04T13:09:28+00:00","dateModified":"2026-03-05T15:33:54+00:00","breadcrumb":{"@id":"https:\/\/cartellera.focus.cat\/ca\/ex\/boja-2\/#breadcrumb"},"inLanguage":"ca","potentialAction":[{"@type":"ReadAction","target":["https:\/\/cartellera.focus.cat\/ca\/ex\/boja-2\/"]}]},{"@type":"BreadcrumbList","@id":"https:\/\/cartellera.focus.cat\/ca\/ex\/boja-2\/#breadcrumb","itemListElement":[{"@type":"ListItem","position":1,"name":"Home","item":"https:\/\/cartellera.focus.cat\/ca\/"},{"@type":"ListItem","position":2,"name":"Espectacles","item":"https:\/\/cartellera.focus.cat\/ca\/ex\/"},{"@type":"ListItem","position":3,"name":"Boja"}]},{"@type":"WebSite","@id":"https:\/\/cartellera.focus.cat\/ca\/#website","url":"https:\/\/cartellera.focus.cat\/ca\/","name":"Cartellera Focus","description":"Troba el teu espectacle als teatres de Focus","publisher":{"@id":"https:\/\/cartellera.focus.cat\/ca\/#organization"},"potentialAction":[{"@type":"SearchAction","target":{"@type":"EntryPoint","urlTemplate":"https:\/\/cartellera.focus.cat\/ca\/?s={search_term_string}"},"query-input":{"@type":"PropertyValueSpecification","valueRequired":true,"valueName":"search_term_string"}}],"inLanguage":"ca"},{"@type":"Organization","@id":"https:\/\/cartellera.focus.cat\/ca\/#organization","name":"Cartellera Focus","url":"https:\/\/cartellera.focus.cat\/ca\/","logo":{"@type":"ImageObject","inLanguage":"ca","@id":"https:\/\/cartellera.focus.cat\/ca\/#\/schema\/logo\/image\/","url":"https:\/\/cartellera.focus.cat\/wp-content\/uploads\/sites\/6\/2023\/01\/logo-focus.svg","contentUrl":"https:\/\/cartellera.focus.cat\/wp-content\/uploads\/sites\/6\/2023\/01\/logo-focus.svg","width":1,"height":1,"caption":"Cartellera Focus"},"image":{"@id":"https:\/\/cartellera.focus.cat\/ca\/#\/schema\/logo\/image\/"},"sameAs":["https:\/\/www.instagram.com\/grupfocus_","https:\/\/www.youtube.com\/channel\/UCHo1UBGWueryu2P-vn8CRXw","https:\/\/www.linkedin.com\/company\/grup-focus\/"]}]}},"translations":[{"id":11410,"locale":"ca"},{"id":11412,"locale":"es"}],"_links":{"self":[{"href":"https:\/\/cartellera.focus.cat\/ca\/wp-json\/wp\/v2\/ex\/11410","targetHints":{"allow":["GET"]}}],"collection":[{"href":"https:\/\/cartellera.focus.cat\/ca\/wp-json\/wp\/v2\/ex"}],"about":[{"href":"https:\/\/cartellera.focus.cat\/ca\/wp-json\/wp\/v2\/types\/ex"}],"author":[{"embeddable":true,"href":"https:\/\/cartellera.focus.cat\/ca\/wp-json\/wp\/v2\/users\/2"}],"replies":[{"embeddable":true,"href":"https:\/\/cartellera.focus.cat\/ca\/wp-json\/wp\/v2\/comments?post=11410"}],"wp:attachment":[{"href":"https:\/\/cartellera.focus.cat\/ca\/wp-json\/wp\/v2\/media?parent=11410"}],"curies":[{"name":"wp","href":"https:\/\/api.w.org\/{rel}","templated":true}]}}