{"id":11452,"date":"2024-09-05T15:13:02","date_gmt":"2024-09-05T15:13:02","guid":{"rendered":"https:\/\/cartellera.focus.cat\/ex\/dones-de-radio\/"},"modified":"2026-03-05T15:33:55","modified_gmt":"2026-03-05T15:33:55","slug":"dones-de-radio","status":"publish","type":"ex","link":"https:\/\/cartellera.focus.cat\/ca\/ex\/dones-de-radio\/","title":{"rendered":"Dones de r\u00e0dio"},"content":{"rendered":"","protected":false},"excerpt":{"rendered":"","protected":false},"author":2,"featured_media":0,"comment_status":"closed","ping_status":"open","template":"","class_list":["post-11452","ex","type-ex","status-publish","hentry"],"acf":{"txt_synopsis":"<p><strong>Tres hist\u00f2ries colpidores. Tres dones que s\u2019enfronten a l\u2019adversitat.<\/strong> <\/p>\n<p>La Rosa, de cinquanta-cinc anys, lidera un programa de r\u00e0dio de m\u00e0xima audi\u00e8ncia, \u00e9s una dona ir\u00f2nica i amb car\u00e0cter. L\u2019\u00c0gata, que ronda els quaranta, treballa d\u2019infermera en un hospital, \u00e9s discreta i sensible. La Carol, que encara no ha fet els trenta, no est\u00e0 gaire centrada professionalment, i \u00e9s directa i desinhibida.&nbsp; <\/p>\n<p>Tres vides que no tenen res en com\u00fa, fins al dia que cadascuna d\u2019elles es troba... un bony al pit. Les tres vides faran un gir de 180 graus. Tres grans actrius del nostre pa\u00eds: l\u2019\u00c0ngels Gonyalons, la Sara Esp\u00edgul i la Sara Diego, es posen a la pell d\u2019aquestes tres dones per explicar-nos amb tendresa, amb sensibilitat, per\u00f2 tamb\u00e9 amb molt sentit de l\u2019humor, la seva viv\u00e8ncia a partir de l\u2019aparici\u00f3 de la malaltia.<\/p>","main_buy_link":"https:\/\/tickets.oneboxtds.com\/lavillarroel\/events\/39311?hl=ca-ES","main_buy_links":"[\"https:\/\/tickets.oneboxtds.com\/lavillarroel\/events\/39311?hl=ca-ES\"]","group_buy_link":"","show_language":"Espectacle en catal\u00e0","show_duration":"90","show_start_date":"20250322000000","show_end_date":"20250511000000","show_sort_date":"20250322000000","txt_custom_show_dates":"fins a l'11 de maig de 2025","show_disciplines":"11","show_ultimes_funcions":true,"hide_tarifes_especials":false,"show_properament":false,"txt_additional_info":"<ul>\n<li>Recomanat a partir de 14 anys \n<\/li><li>El dimecres 7 de maig es far\u00e0 un col\u00b7loqui postfunci\u00f3 amb la participaci\u00f3 de Maria Jes\u00fas Pla Farn\u00f3s, coordinadora de la Unitat Funcional de Mama de l'Hospital Universitari de Bellvitge, Cristina Mart\u00ednez, responsable Corporativa ASSIR Catalunya, i la companyia.<\/li><\/ul>\n<p>&nbsp;<\/p>","txt_present":"","show_season":false,"txt_season":"[\"2024\/25\"]","txt_cycle":"","txt_claim":"La Rosa, de cinquanta-cinc anys, lidera un programa de r\u00e0dio de m\u00e0xima audi\u00e8ncia, \u00e9s una dona ir\u00f2nica i amb car\u00e0cter.","txt_cast_excerpt":"","txt_cast":"<p>Autoria: <strong>Cristina Clemente <br \/><\/strong>Direcci\u00f3: <strong>Sergi Belbel<\/strong><\/p>\n<p>Int\u00e8rprets: <br \/><strong>\u00c0ngels Gonyalons<\/strong> - Rosa&nbsp; <br \/><strong>Sara Esp\u00edgul<\/strong> - \u00c0gata <br \/><strong>Sara Diego<\/strong> - Carol&nbsp; <\/p>\n<p>Veus en off: <strong>Anna Carre\u00f1o, Jordi Boixaderas, Marta Codina, Laura Fit\u00e9, Andr\u00e9s Herrera, Gemma Mart\u00ednez, Montse Rodr\u00edguez i N\u00faria Sanmart\u00ed<br \/>&nbsp;<br \/><\/strong>Escenografia:<strong> Max Glaenzel<br \/><\/strong>Vestuari i caracteritzaci\u00f3: <strong>N\u00faria Llunell<br \/><\/strong>Il\u00b7luminaci\u00f3: <strong>Kiko Planas<\/strong><br \/>Espai sonor: <strong>Jordi Bonet i Efr\u00e9n Bellostes<\/strong><\/p>\n<p>Direcci\u00f3 de producci\u00f3: <strong>Josep Dom\u00e8nech <br \/><\/strong>Cap de producci\u00f3: <strong>Blanca Arderiu <br \/><\/strong>Producci\u00f3 executiva: <strong>Macarena Garcia <br \/><\/strong>Coordinaci\u00f3 t\u00e8cnica: <strong>AP7 Projectes T\u00e8cnics<\/strong><\/p>\n<p>Ajudant de direcci\u00f3: <strong>Roc Esquius<br \/><\/strong>Regidoria: <strong>Montse Alacuart<br \/><\/strong>T\u00e8cnica de llums:<strong> Cristina Rodr\u00edguez<br \/><\/strong>T\u00e8cnic de so: <strong>Efr\u00e9n Bellostes<br \/><\/strong>Maquin\u00e0ria:<strong> Carles Hern\u00e1ndez \u2018Xarli\u2019<br \/><\/strong>Cap t\u00e8cnica del teatre: <strong>Marta P\u00e9rez <\/strong><\/p>\n<p>M\u00e0rqueting i comunicaci\u00f3 de la companyia: <strong>Bit\u00f2<\/strong> <br \/>M\u00e0rqueting i comunicaci\u00f3 del teatre: <strong>La Villarroel <\/strong><\/p>\n<p>Agra\u00efments: <strong>Yolanda Fuster Mart\u00ednez, A\u00efda Cerdanya Segura, Loli Guart Caparr\u00f3s, Mireia Ros Lara, Rosa Romero Garc\u00eda, S\u00edlvia Luque Delgado, \u00cdngrid Icra i Salicr\u00fa, Patr\u00edcia Moya Mart\u00edn i Laura Iglesias Trafach<\/strong><\/p>\n<p>Amb el suport de: <strong>Generalitat de Catalunya \u2013 ICEC Institut Catal\u00e0 de les Empreses Culturals <\/strong><\/p>\n<p>Distribuci\u00f3: <strong>Bit\u00f2<\/strong> <\/p>\n<p>\u00c9s una producci\u00f3 de <strong>Bit\u00f2<\/strong>&nbsp; <\/p>","txt_reviews":"Santi Fondevila|ARA|\u201cCristina Clemente assoleix el virtu\u00f3s equilibri entre la com\u00e8dia i el drama amb tres actrius en estat de gr\u00e0cia i l\u2019excel\u00b7lent direcci\u00f3 de Sergi Belbel\u201d\nAndreu Sotorra|Recomana|\u201cUn espectacle tant brillant com emotiu i entusiasta\u201d\nPablo Cavero Asencio|Catacultural|\u201cUna pe\u00e7a que sentim propera i ens emociona de principi a fi\u201d","hashtag":"DonesDeR\u00e0dio","have_promo":"","slogan":"","id_exhibicio":2185,"id_versio":1722,"id_local":4,"txt_seo_desc":"Dones de r\u00e0dio una obra de Sergi Belbel","data_images":"[{\"localizer\":\"V4PORTADA\",\"url\":\"media\/ver\/port\/v4\/31705\/01_090_00058646\/Portada_1_760x760.jpg\",\"thumb_url\":\"\",\"title\":\"Dones de r\u00e0dio - La Villarroel\",\"description\":\"dones de radio en la villarroel\",\"copyright\":\"\",\"order\":11},{\"localizer\":\"V4CARTELL\",\"url\":\"media\/ver\/cartell\/v4\/31705\/01_089_00058647\/Cartell_web_720x1100.jpg\",\"thumb_url\":\"\",\"title\":\"Dones de r\u00e0dio - La Villarroel\",\"description\":\"dones de radio en la villarroel\",\"copyright\":\"\",\"order\":12},{\"localizer\":\"V3SLIDE\",\"url\":\"media\/ftgalslide\/v3\/31707\/01_086_00058738\/1.jpg\",\"thumb_url\":\"media\/ftgalslide\/v3\/31707\/01_086_00058738\/1_thumb.jpg\",\"title\":\"Dones de r\u00e0dio - La Villarroel\",\"description\":\"dones de radio en la villarroel\",\"copyright\":\"https:\/\/youtu.be\/TFAJP0ICcBU\",\"order\":13},{\"localizer\":\"V3SLIDE\",\"url\":\"media\/ftgalslide\/v3\/31707\/01_086_00058739\/2.jpg\",\"thumb_url\":\"media\/ftgalslide\/v3\/31707\/01_086_00058739\/2_thumb.jpg\",\"title\":\"Dones de r\u00e0dio - La Villarroel\",\"description\":\"dones de radio a la villarroel\",\"copyright\":\"\",\"order\":14},{\"localizer\":\"V3SLIDE\",\"url\":\"media\/ftgalslide\/v3\/31707\/01_086_00058740\/3.jpg\",\"thumb_url\":\"media\/ftgalslide\/v3\/31707\/01_086_00058740\/3_thumb.jpg\",\"title\":\"Dones de r\u00e0dio - La Villarroel\",\"description\":\"dones de radio en la villarroel\",\"copyright\":\"\",\"order\":15},{\"localizer\":\"V3SLIDE\",\"url\":\"media\/ftgalslide\/v3\/31707\/01_086_00058741\/4.jpg\",\"thumb_url\":\"media\/ftgalslide\/v3\/31707\/01_086_00058741\/4_thumb.jpg\",\"title\":\"Dones de r\u00e0dio - La Villarroel\",\"description\":\"dones de radio en la villarroel\",\"copyright\":\"\",\"order\":16},{\"localizer\":\"V4PORTADAWIDE\",\"url\":\"media\/ver\/port\/wide\/v4\/31708\/01_091_00058851\/Portada_0_2880x1260_1.jpg\",\"thumb_url\":\"\",\"title\":\"Dones de r\u00e0dio - \u00daltimes funcions\",\"description\":\"dones de radio ultimes funcions\",\"copyright\":\"\",\"order\":19},{\"localizer\":\"V4PORTADAWIDEMOBILE\",\"url\":\"media\/ver\/port\/wide\/mobile\/v4\/31708\/01_092_00058852\/Portada_0_mobile_828x1800_2.jpg\",\"thumb_url\":\"\",\"title\":\"Dones de r\u00e0dio - \u00daltimes funcions\",\"description\":\"dones de radio ultimes funcions\",\"copyright\":\"\",\"order\":20}]","material__texto_intro":"","data_material":null,"data_gallery":"","data_discounts":"[]","contract_is_open":false,"in_tour":false},"yoast_head":"<!-- This site is optimized with the Yoast SEO plugin v27.5 - https:\/\/yoast.com\/product\/yoast-seo-wordpress\/ -->\n<title>Dones de r\u00e0dio - Cartellera Focus<\/title>\n<meta name=\"robots\" content=\"index, follow, max-snippet:-1, max-image-preview:large, max-video-preview:-1\" \/>\n<link rel=\"canonical\" href=\"https:\/\/cartellera.focus.cat\/ca\/ex\/dones-de-radio\/\" \/>\n<meta property=\"og:locale\" content=\"ca_ES\" \/>\n<meta property=\"og:type\" content=\"article\" \/>\n<meta property=\"og:title\" content=\"Dones de r\u00e0dio - Cartellera Focus\" \/>\n<meta property=\"og:url\" content=\"https:\/\/cartellera.focus.cat\/ca\/ex\/dones-de-radio\/\" \/>\n<meta property=\"og:site_name\" content=\"Cartellera Focus\" \/>\n<meta property=\"article:modified_time\" content=\"2026-03-05T15:33:55+00:00\" \/>\n<meta name=\"twitter:card\" content=\"summary_large_image\" \/>\n<script type=\"application\/ld+json\" class=\"yoast-schema-graph\">{\"@context\":\"https:\\\/\\\/schema.org\",\"@graph\":[{\"@type\":\"WebPage\",\"@id\":\"https:\\\/\\\/cartellera.focus.cat\\\/ca\\\/ex\\\/dones-de-radio\\\/\",\"url\":\"https:\\\/\\\/cartellera.focus.cat\\\/ca\\\/ex\\\/dones-de-radio\\\/\",\"name\":\"Dones de r\u00e0dio - Cartellera Focus\",\"isPartOf\":{\"@id\":\"https:\\\/\\\/cartellera.focus.cat\\\/ca\\\/#website\"},\"datePublished\":\"2024-09-05T15:13:02+00:00\",\"dateModified\":\"2026-03-05T15:33:55+00:00\",\"breadcrumb\":{\"@id\":\"https:\\\/\\\/cartellera.focus.cat\\\/ca\\\/ex\\\/dones-de-radio\\\/#breadcrumb\"},\"inLanguage\":\"ca\",\"potentialAction\":[{\"@type\":\"ReadAction\",\"target\":[\"https:\\\/\\\/cartellera.focus.cat\\\/ca\\\/ex\\\/dones-de-radio\\\/\"]}]},{\"@type\":\"BreadcrumbList\",\"@id\":\"https:\\\/\\\/cartellera.focus.cat\\\/ca\\\/ex\\\/dones-de-radio\\\/#breadcrumb\",\"itemListElement\":[{\"@type\":\"ListItem\",\"position\":1,\"name\":\"Home\",\"item\":\"https:\\\/\\\/cartellera.focus.cat\\\/ca\\\/\"},{\"@type\":\"ListItem\",\"position\":2,\"name\":\"Espectacles\",\"item\":\"https:\\\/\\\/cartellera.focus.cat\\\/ca\\\/ex\\\/\"},{\"@type\":\"ListItem\",\"position\":3,\"name\":\"Dones de r\u00e0dio\"}]},{\"@type\":\"WebSite\",\"@id\":\"https:\\\/\\\/cartellera.focus.cat\\\/ca\\\/#website\",\"url\":\"https:\\\/\\\/cartellera.focus.cat\\\/ca\\\/\",\"name\":\"Cartellera Focus\",\"description\":\"Troba el teu espectacle als teatres de Focus\",\"publisher\":{\"@id\":\"https:\\\/\\\/cartellera.focus.cat\\\/ca\\\/#organization\"},\"potentialAction\":[{\"@type\":\"SearchAction\",\"target\":{\"@type\":\"EntryPoint\",\"urlTemplate\":\"https:\\\/\\\/cartellera.focus.cat\\\/ca\\\/?s={search_term_string}\"},\"query-input\":{\"@type\":\"PropertyValueSpecification\",\"valueRequired\":true,\"valueName\":\"search_term_string\"}}],\"inLanguage\":\"ca\"},{\"@type\":\"Organization\",\"@id\":\"https:\\\/\\\/cartellera.focus.cat\\\/ca\\\/#organization\",\"name\":\"Cartellera Focus\",\"url\":\"https:\\\/\\\/cartellera.focus.cat\\\/ca\\\/\",\"logo\":{\"@type\":\"ImageObject\",\"inLanguage\":\"ca\",\"@id\":\"https:\\\/\\\/cartellera.focus.cat\\\/ca\\\/#\\\/schema\\\/logo\\\/image\\\/\",\"url\":\"https:\\\/\\\/cartellera.focus.cat\\\/wp-content\\\/uploads\\\/sites\\\/6\\\/2023\\\/01\\\/logo-focus.svg\",\"contentUrl\":\"https:\\\/\\\/cartellera.focus.cat\\\/wp-content\\\/uploads\\\/sites\\\/6\\\/2023\\\/01\\\/logo-focus.svg\",\"width\":1,\"height\":1,\"caption\":\"Cartellera Focus\"},\"image\":{\"@id\":\"https:\\\/\\\/cartellera.focus.cat\\\/ca\\\/#\\\/schema\\\/logo\\\/image\\\/\"},\"sameAs\":[\"https:\\\/\\\/www.instagram.com\\\/grupfocus_\",\"https:\\\/\\\/www.youtube.com\\\/channel\\\/UCHo1UBGWueryu2P-vn8CRXw\",\"https:\\\/\\\/www.linkedin.com\\\/company\\\/grup-focus\\\/\"]}]}<\/script>\n<!-- \/ Yoast SEO plugin. -->","yoast_head_json":{"title":"Dones de r\u00e0dio - Cartellera Focus","robots":{"index":"index","follow":"follow","max-snippet":"max-snippet:-1","max-image-preview":"max-image-preview:large","max-video-preview":"max-video-preview:-1"},"canonical":"https:\/\/cartellera.focus.cat\/ca\/ex\/dones-de-radio\/","og_locale":"ca_ES","og_type":"article","og_title":"Dones de r\u00e0dio - Cartellera Focus","og_url":"https:\/\/cartellera.focus.cat\/ca\/ex\/dones-de-radio\/","og_site_name":"Cartellera Focus","article_modified_time":"2026-03-05T15:33:55+00:00","twitter_card":"summary_large_image","schema":{"@context":"https:\/\/schema.org","@graph":[{"@type":"WebPage","@id":"https:\/\/cartellera.focus.cat\/ca\/ex\/dones-de-radio\/","url":"https:\/\/cartellera.focus.cat\/ca\/ex\/dones-de-radio\/","name":"Dones de r\u00e0dio - Cartellera Focus","isPartOf":{"@id":"https:\/\/cartellera.focus.cat\/ca\/#website"},"datePublished":"2024-09-05T15:13:02+00:00","dateModified":"2026-03-05T15:33:55+00:00","breadcrumb":{"@id":"https:\/\/cartellera.focus.cat\/ca\/ex\/dones-de-radio\/#breadcrumb"},"inLanguage":"ca","potentialAction":[{"@type":"ReadAction","target":["https:\/\/cartellera.focus.cat\/ca\/ex\/dones-de-radio\/"]}]},{"@type":"BreadcrumbList","@id":"https:\/\/cartellera.focus.cat\/ca\/ex\/dones-de-radio\/#breadcrumb","itemListElement":[{"@type":"ListItem","position":1,"name":"Home","item":"https:\/\/cartellera.focus.cat\/ca\/"},{"@type":"ListItem","position":2,"name":"Espectacles","item":"https:\/\/cartellera.focus.cat\/ca\/ex\/"},{"@type":"ListItem","position":3,"name":"Dones de r\u00e0dio"}]},{"@type":"WebSite","@id":"https:\/\/cartellera.focus.cat\/ca\/#website","url":"https:\/\/cartellera.focus.cat\/ca\/","name":"Cartellera Focus","description":"Troba el teu espectacle als teatres de Focus","publisher":{"@id":"https:\/\/cartellera.focus.cat\/ca\/#organization"},"potentialAction":[{"@type":"SearchAction","target":{"@type":"EntryPoint","urlTemplate":"https:\/\/cartellera.focus.cat\/ca\/?s={search_term_string}"},"query-input":{"@type":"PropertyValueSpecification","valueRequired":true,"valueName":"search_term_string"}}],"inLanguage":"ca"},{"@type":"Organization","@id":"https:\/\/cartellera.focus.cat\/ca\/#organization","name":"Cartellera Focus","url":"https:\/\/cartellera.focus.cat\/ca\/","logo":{"@type":"ImageObject","inLanguage":"ca","@id":"https:\/\/cartellera.focus.cat\/ca\/#\/schema\/logo\/image\/","url":"https:\/\/cartellera.focus.cat\/wp-content\/uploads\/sites\/6\/2023\/01\/logo-focus.svg","contentUrl":"https:\/\/cartellera.focus.cat\/wp-content\/uploads\/sites\/6\/2023\/01\/logo-focus.svg","width":1,"height":1,"caption":"Cartellera Focus"},"image":{"@id":"https:\/\/cartellera.focus.cat\/ca\/#\/schema\/logo\/image\/"},"sameAs":["https:\/\/www.instagram.com\/grupfocus_","https:\/\/www.youtube.com\/channel\/UCHo1UBGWueryu2P-vn8CRXw","https:\/\/www.linkedin.com\/company\/grup-focus\/"]}]}},"translations":[{"id":11452,"locale":"ca"},{"id":11458,"locale":"es"}],"_links":{"self":[{"href":"https:\/\/cartellera.focus.cat\/ca\/wp-json\/wp\/v2\/ex\/11452","targetHints":{"allow":["GET"]}}],"collection":[{"href":"https:\/\/cartellera.focus.cat\/ca\/wp-json\/wp\/v2\/ex"}],"about":[{"href":"https:\/\/cartellera.focus.cat\/ca\/wp-json\/wp\/v2\/types\/ex"}],"author":[{"embeddable":true,"href":"https:\/\/cartellera.focus.cat\/ca\/wp-json\/wp\/v2\/users\/2"}],"replies":[{"embeddable":true,"href":"https:\/\/cartellera.focus.cat\/ca\/wp-json\/wp\/v2\/comments?post=11452"}],"wp:attachment":[{"href":"https:\/\/cartellera.focus.cat\/ca\/wp-json\/wp\/v2\/media?parent=11452"}],"curies":[{"name":"wp","href":"https:\/\/api.w.org\/{rel}","templated":true}]}}