{"id":11682,"date":"2026-03-10T11:34:21","date_gmt":"2026-03-10T11:34:21","guid":{"rendered":"https:\/\/cartellera.focus.cat\/ex\/una-llum-timida-aniversari\/"},"modified":"2026-03-10T11:34:21","modified_gmt":"2026-03-10T11:34:21","slug":"una-llum-timida-aniversari","status":"publish","type":"ex","link":"https:\/\/cartellera.focus.cat\/ca\/ex\/una-llum-timida-aniversari\/","title":{"rendered":"ANIVERSARI UNA LLUM T\u00cdMIDA"},"content":{"rendered":"","protected":false},"excerpt":{"rendered":"","protected":false},"author":2,"featured_media":0,"comment_status":"closed","ping_status":"open","template":"","class_list":["post-11682","ex","type-ex","status-publish","hentry"],"acf":{"txt_synopsis":"<strong>Projecci\u00f3 in\u00e8dita de l'obra teatral <em>Una llum t\u00edmida<\/em> amb l'actuaci\u00f3 en directe de les seves actrius <\/strong>\n<p class=\"ql-align-justify\"><em>Una llum t\u00edmida, <\/em>l'obra de teatre que va commoure a m\u00e9s de 30.000 espectadors al llarg de quatre anys, va deixar els escenaris fa dos anys. Ara, nom\u00e9s en una ocasi\u00f3 i nom\u00e9s un sol vespre, podr\u00e0s reviure la hist\u00f2ria d'amor de la Isabel i la Carmen amb la projecci\u00f3 de l'obra al Teatre Condal. Celebrarem l'aniversari d' <em>Una llum t\u00edmida <\/em>amb una actuaci\u00f3 musical de la m\u00e0 de les seves actrius, J\u00falia Jov\u00e9 i \u00c0frica Alonso.<\/p>","main_buy_link":"https:\/\/tickets.oneboxtds.com\/teatrecondal\/events\/53691?hl=ca-ES","main_buy_links":"[\"https:\/\/tickets.oneboxtds.com\/teatrecondal\/events\/53691?hl=ca-ES\"]","group_buy_link":"","show_language":"<p>Espectacle en catal\u00e0 i castell\u00e0 <\/p>","show_duration":"150","show_start_date":"20260518000000","show_end_date":"20260518000000","show_sort_date":"20260518000000","txt_custom_show_dates":"","show_disciplines":"1","show_ultimes_funcions":false,"hide_tarifes_especials":false,"show_properament":false,"txt_additional_info":"Recomanat per a <strong>tots els p\u00fablics<\/strong>","txt_present":"","show_season":false,"txt_season":"[\"2025\/26\"]","txt_cycle":"En Paral\u00b7lel","txt_claim":"","txt_cast_excerpt":"","txt_cast":"T\u00edtol original: <strong>Projecci\u00f3 de l'obra teatral UNA LLUM T\u00cdMIDA (en la seva versi\u00f3 castellana <em>Una luz t\u00edmida <\/em>al Teatro Infanta Isabel de Madrid durant la temporada 2023) i actuaci\u00f3 musical de les actrius. En motiu de l'aniversari dels dos anys desde la darrera funci\u00f3 de l'espectacle.<\/strong>\n\nAutoria: <strong>\u00c0frica Alonso\n<\/strong>Composici\u00f3 de la m\u00fasica: <strong>Andrea Puig i \u00c0frica Alonso<\/strong>\nArranjaments de l'actuaci\u00f3 en directe: <strong>Xavier Torras<\/strong>\n\nVeus i Int\u00e8rprets: <strong>J\u00falia Jov\u00e9 i \u00c0frica Alonso<\/strong>\n\nEnregistrament i muntatge: <strong>David Valdivia (Volar\u00e1s Volar\u00e1s)<\/strong>\n\nProducci\u00f3 executiva: <strong>\u00c0frica Alonso<\/strong>\n\nCap t\u00e8cnic del teatre: <strong>Aleix Arbon\u00e8s<\/strong>\nT\u00e8cnic del teatre: <strong>V\u00edctor Bartolom\u00e9 <\/strong>\n\nM\u00e0rqueting i comunicaci\u00f3: <strong>Focus <\/strong>\n\n&nbsp;\n\n&nbsp;\n\nCol\u00b7laboradors: <strong>Volar\u00e1s Volar\u00e1s<\/strong>\n\n\u00c9s una producci\u00f3 de la companyia <strong>UNA LLUM T\u00cdMIDA<\/strong>","txt_reviews":"","hashtag":"<p>UnaLlumTimida<\/p>","have_promo":"","slogan":"","id_exhibicio":2368,"id_versio":1693,"id_local":3,"txt_seo_desc":"Aniversari de Una llum t\u00edmida","data_images":"[{\"localizer\":\"V3SLIDE\",\"url\":\"media\/ftgalslide\/v3\/2026\/03\/78718636-4813-42cc-91b9-b7100ef3ef13.jpg\",\"thumb_url\":\"media\/ftgalslide\/v3\/2026\/03\/78718636-4813-42cc-91b9-b7100ef3ef13.jpg\",\"title\":\"Una llum t\u00edmida - Aniversari\",\"description\":\"<p>Una&nbsp;llum&nbsp;t\u00edmida&nbsp;-&nbsp;Aniversari<\/p>\",\"copyright\":\"\",\"order\":1},{\"localizer\":\"V3SLIDE\",\"url\":\"media\/ftgalslide\/v3\/2026\/03\/8904c563-0fe0-4b96-82e8-0b04d889d74e.jpg\",\"thumb_url\":\"media\/ftgalslide\/v3\/2026\/03\/8904c563-0fe0-4b96-82e8-0b04d889d74e.jpg\",\"title\":\"Una llum t\u00edmida - Aniversari\",\"description\":\"<p>Una&nbsp;llum&nbsp;t\u00edmida&nbsp;-&nbsp;Aniversari<\/p>\",\"copyright\":\"\",\"order\":2},{\"localizer\":\"V3SLIDE\",\"url\":\"media\/ftgalslide\/v3\/2026\/03\/15913ead-a3ff-4eee-8c65-6155ad80745f.jpg\",\"thumb_url\":\"media\/ftgalslide\/v3\/2026\/03\/15913ead-a3ff-4eee-8c65-6155ad80745f.jpg\",\"title\":\"Una llum t\u00edmida - Aniversari\",\"description\":\"<p>Una&nbsp;llum&nbsp;t\u00edmida&nbsp;-&nbsp;Aniversari<\/p>\",\"copyright\":\"\",\"order\":3},{\"localizer\":\"V4CARTELL\",\"url\":\"media\/ver\/cartell\/v4\/2026\/03\/388b3ded-1d75-4ec0-bedc-d1bb1a6a6bb7.jpg\",\"thumb_url\":\"media\/ver\/cartell\/v4\/2026\/03\/388b3ded-1d75-4ec0-bedc-d1bb1a6a6bb7.jpg\",\"title\":\"Una Llum T\u00edmida La Historia Real al Teatre Condal De Barcelona\",\"description\":\"una llum timida la historia real al teatre condal de barcelona\",\"copyright\":\"\",\"order\":6},{\"localizer\":\"V4PORTADA\",\"url\":\"media\/ver\/port\/v4\/2026\/03\/7ff23127-6f60-4f1e-aa2d-3e89f756a952.jpg\",\"thumb_url\":\"media\/ver\/port\/v4\/2026\/03\/7ff23127-6f60-4f1e-aa2d-3e89f756a952.jpg\",\"title\":\"Una llum t\u00edmida \u00abLa hist\u00f2ria real\u00bb al Teatre Condal de Barcelona\",\"description\":\"una llum timida la historia real al teatre tondal de barcelona\",\"copyright\":\"\",\"order\":2},{\"localizer\":\"V4PORTADAMOBILE\",\"url\":\"media\/ver\/portmob\/v4\/316A4\/01_093_00057656\/Portada-mobile-presentacio-llibre-llum-timida-condal.jpg\",\"thumb_url\":\"media\/ver\/portmob\/v4\/316A4\/01_093_00057656\/Portada-mobile-presentacio-llibre-llum-timida-condal.jpg\",\"title\":\"Una llum t\u00edmida \u00abLa hist\u00f2ria real\u00bb al Teatre Condal de Barcelona\",\"description\":\"una llum timida la historia real al teatre condal de barcelona\",\"copyright\":\"\",\"order\":4},{\"localizer\":\"V4PORTADAWIDE\",\"url\":\"media\/ver\/port\/wide\/v4\/2026\/03\/061308c2-3d61-4773-a1f9-d251ba335676.jpg\",\"thumb_url\":\"media\/ver\/port\/wide\/v4\/2026\/03\/061308c2-3d61-4773-a1f9-d251ba335676.jpg\",\"title\":\"Una llum t\u00edmida \u00abLa hist\u00f2ria real\u00bb al Teatre Condal de Barcelona\",\"description\":\"una llum timida la historia real al teatre tondal de barcelona\",\"copyright\":\"\",\"order\":1},{\"localizer\":\"V4PORTADAWIDEMOBILE\",\"url\":\"media\/ver\/port\/wide\/mobile\/v4\/2026\/03\/8798204d-754e-4e58-a763-2aaadedb8c8e.jpg\",\"thumb_url\":\"media\/ver\/port\/wide\/mobile\/v4\/2026\/03\/8798204d-754e-4e58-a763-2aaadedb8c8e.jpg\",\"title\":\"Aniversari de Una llum timida - Teatre Condal - Barcelona\",\"description\":\"<p>Aniversari&nbsp;de&nbsp;Una&nbsp;llum&nbsp;timida&nbsp;-&nbsp;Teatre&nbsp;Condal&nbsp;-&nbsp;Barcelona<\/p>\",\"copyright\":\"\",\"order\":0}]","material__texto_intro":"","data_material":null,"data_gallery":"","data_discounts":"[]","contract_is_open":false,"in_tour":false},"yoast_head":"<!-- This site is optimized with the Yoast SEO plugin v27.5 - https:\/\/yoast.com\/product\/yoast-seo-wordpress\/ -->\n<title>ANIVERSARI UNA LLUM T\u00cdMIDA - Cartellera Focus<\/title>\n<meta name=\"robots\" content=\"index, follow, max-snippet:-1, max-image-preview:large, max-video-preview:-1\" \/>\n<link rel=\"canonical\" href=\"https:\/\/cartellera.focus.cat\/ca\/ex\/una-llum-timida-aniversari\/\" \/>\n<meta property=\"og:locale\" content=\"ca_ES\" \/>\n<meta property=\"og:type\" content=\"article\" \/>\n<meta property=\"og:title\" content=\"ANIVERSARI UNA LLUM T\u00cdMIDA - Cartellera Focus\" \/>\n<meta property=\"og:url\" content=\"https:\/\/cartellera.focus.cat\/ca\/ex\/una-llum-timida-aniversari\/\" \/>\n<meta property=\"og:site_name\" content=\"Cartellera Focus\" \/>\n<meta name=\"twitter:card\" content=\"summary_large_image\" \/>\n<script type=\"application\/ld+json\" class=\"yoast-schema-graph\">{\"@context\":\"https:\\\/\\\/schema.org\",\"@graph\":[{\"@type\":\"WebPage\",\"@id\":\"https:\\\/\\\/cartellera.focus.cat\\\/ca\\\/ex\\\/una-llum-timida-aniversari\\\/\",\"url\":\"https:\\\/\\\/cartellera.focus.cat\\\/ca\\\/ex\\\/una-llum-timida-aniversari\\\/\",\"name\":\"ANIVERSARI UNA LLUM T\u00cdMIDA - Cartellera Focus\",\"isPartOf\":{\"@id\":\"https:\\\/\\\/cartellera.focus.cat\\\/ca\\\/#website\"},\"datePublished\":\"2026-03-10T11:34:21+00:00\",\"breadcrumb\":{\"@id\":\"https:\\\/\\\/cartellera.focus.cat\\\/ca\\\/ex\\\/una-llum-timida-aniversari\\\/#breadcrumb\"},\"inLanguage\":\"ca\",\"potentialAction\":[{\"@type\":\"ReadAction\",\"target\":[\"https:\\\/\\\/cartellera.focus.cat\\\/ca\\\/ex\\\/una-llum-timida-aniversari\\\/\"]}]},{\"@type\":\"BreadcrumbList\",\"@id\":\"https:\\\/\\\/cartellera.focus.cat\\\/ca\\\/ex\\\/una-llum-timida-aniversari\\\/#breadcrumb\",\"itemListElement\":[{\"@type\":\"ListItem\",\"position\":1,\"name\":\"Home\",\"item\":\"https:\\\/\\\/cartellera.focus.cat\\\/ca\\\/\"},{\"@type\":\"ListItem\",\"position\":2,\"name\":\"Espectacles\",\"item\":\"https:\\\/\\\/cartellera.focus.cat\\\/ca\\\/ex\\\/\"},{\"@type\":\"ListItem\",\"position\":3,\"name\":\"ANIVERSARI UNA LLUM T\u00cdMIDA\"}]},{\"@type\":\"WebSite\",\"@id\":\"https:\\\/\\\/cartellera.focus.cat\\\/ca\\\/#website\",\"url\":\"https:\\\/\\\/cartellera.focus.cat\\\/ca\\\/\",\"name\":\"Cartellera Focus\",\"description\":\"Troba el teu espectacle als teatres de Focus\",\"publisher\":{\"@id\":\"https:\\\/\\\/cartellera.focus.cat\\\/ca\\\/#organization\"},\"potentialAction\":[{\"@type\":\"SearchAction\",\"target\":{\"@type\":\"EntryPoint\",\"urlTemplate\":\"https:\\\/\\\/cartellera.focus.cat\\\/ca\\\/?s={search_term_string}\"},\"query-input\":{\"@type\":\"PropertyValueSpecification\",\"valueRequired\":true,\"valueName\":\"search_term_string\"}}],\"inLanguage\":\"ca\"},{\"@type\":\"Organization\",\"@id\":\"https:\\\/\\\/cartellera.focus.cat\\\/ca\\\/#organization\",\"name\":\"Cartellera Focus\",\"url\":\"https:\\\/\\\/cartellera.focus.cat\\\/ca\\\/\",\"logo\":{\"@type\":\"ImageObject\",\"inLanguage\":\"ca\",\"@id\":\"https:\\\/\\\/cartellera.focus.cat\\\/ca\\\/#\\\/schema\\\/logo\\\/image\\\/\",\"url\":\"https:\\\/\\\/cartellera.focus.cat\\\/wp-content\\\/uploads\\\/sites\\\/6\\\/2023\\\/01\\\/logo-focus.svg\",\"contentUrl\":\"https:\\\/\\\/cartellera.focus.cat\\\/wp-content\\\/uploads\\\/sites\\\/6\\\/2023\\\/01\\\/logo-focus.svg\",\"width\":1,\"height\":1,\"caption\":\"Cartellera Focus\"},\"image\":{\"@id\":\"https:\\\/\\\/cartellera.focus.cat\\\/ca\\\/#\\\/schema\\\/logo\\\/image\\\/\"},\"sameAs\":[\"https:\\\/\\\/www.instagram.com\\\/grupfocus_\",\"https:\\\/\\\/www.youtube.com\\\/channel\\\/UCHo1UBGWueryu2P-vn8CRXw\",\"https:\\\/\\\/www.linkedin.com\\\/company\\\/grup-focus\\\/\"]}]}<\/script>\n<!-- \/ Yoast SEO plugin. -->","yoast_head_json":{"title":"ANIVERSARI UNA LLUM T\u00cdMIDA - Cartellera Focus","robots":{"index":"index","follow":"follow","max-snippet":"max-snippet:-1","max-image-preview":"max-image-preview:large","max-video-preview":"max-video-preview:-1"},"canonical":"https:\/\/cartellera.focus.cat\/ca\/ex\/una-llum-timida-aniversari\/","og_locale":"ca_ES","og_type":"article","og_title":"ANIVERSARI UNA LLUM T\u00cdMIDA - Cartellera Focus","og_url":"https:\/\/cartellera.focus.cat\/ca\/ex\/una-llum-timida-aniversari\/","og_site_name":"Cartellera Focus","twitter_card":"summary_large_image","schema":{"@context":"https:\/\/schema.org","@graph":[{"@type":"WebPage","@id":"https:\/\/cartellera.focus.cat\/ca\/ex\/una-llum-timida-aniversari\/","url":"https:\/\/cartellera.focus.cat\/ca\/ex\/una-llum-timida-aniversari\/","name":"ANIVERSARI UNA LLUM T\u00cdMIDA - Cartellera Focus","isPartOf":{"@id":"https:\/\/cartellera.focus.cat\/ca\/#website"},"datePublished":"2026-03-10T11:34:21+00:00","breadcrumb":{"@id":"https:\/\/cartellera.focus.cat\/ca\/ex\/una-llum-timida-aniversari\/#breadcrumb"},"inLanguage":"ca","potentialAction":[{"@type":"ReadAction","target":["https:\/\/cartellera.focus.cat\/ca\/ex\/una-llum-timida-aniversari\/"]}]},{"@type":"BreadcrumbList","@id":"https:\/\/cartellera.focus.cat\/ca\/ex\/una-llum-timida-aniversari\/#breadcrumb","itemListElement":[{"@type":"ListItem","position":1,"name":"Home","item":"https:\/\/cartellera.focus.cat\/ca\/"},{"@type":"ListItem","position":2,"name":"Espectacles","item":"https:\/\/cartellera.focus.cat\/ca\/ex\/"},{"@type":"ListItem","position":3,"name":"ANIVERSARI UNA LLUM T\u00cdMIDA"}]},{"@type":"WebSite","@id":"https:\/\/cartellera.focus.cat\/ca\/#website","url":"https:\/\/cartellera.focus.cat\/ca\/","name":"Cartellera Focus","description":"Troba el teu espectacle als teatres de Focus","publisher":{"@id":"https:\/\/cartellera.focus.cat\/ca\/#organization"},"potentialAction":[{"@type":"SearchAction","target":{"@type":"EntryPoint","urlTemplate":"https:\/\/cartellera.focus.cat\/ca\/?s={search_term_string}"},"query-input":{"@type":"PropertyValueSpecification","valueRequired":true,"valueName":"search_term_string"}}],"inLanguage":"ca"},{"@type":"Organization","@id":"https:\/\/cartellera.focus.cat\/ca\/#organization","name":"Cartellera Focus","url":"https:\/\/cartellera.focus.cat\/ca\/","logo":{"@type":"ImageObject","inLanguage":"ca","@id":"https:\/\/cartellera.focus.cat\/ca\/#\/schema\/logo\/image\/","url":"https:\/\/cartellera.focus.cat\/wp-content\/uploads\/sites\/6\/2023\/01\/logo-focus.svg","contentUrl":"https:\/\/cartellera.focus.cat\/wp-content\/uploads\/sites\/6\/2023\/01\/logo-focus.svg","width":1,"height":1,"caption":"Cartellera Focus"},"image":{"@id":"https:\/\/cartellera.focus.cat\/ca\/#\/schema\/logo\/image\/"},"sameAs":["https:\/\/www.instagram.com\/grupfocus_","https:\/\/www.youtube.com\/channel\/UCHo1UBGWueryu2P-vn8CRXw","https:\/\/www.linkedin.com\/company\/grup-focus\/"]}]}},"translations":[{"id":11682,"locale":"ca"},{"id":11686,"locale":"es"}],"_links":{"self":[{"href":"https:\/\/cartellera.focus.cat\/ca\/wp-json\/wp\/v2\/ex\/11682","targetHints":{"allow":["GET"]}}],"collection":[{"href":"https:\/\/cartellera.focus.cat\/ca\/wp-json\/wp\/v2\/ex"}],"about":[{"href":"https:\/\/cartellera.focus.cat\/ca\/wp-json\/wp\/v2\/types\/ex"}],"author":[{"embeddable":true,"href":"https:\/\/cartellera.focus.cat\/ca\/wp-json\/wp\/v2\/users\/2"}],"replies":[{"embeddable":true,"href":"https:\/\/cartellera.focus.cat\/ca\/wp-json\/wp\/v2\/comments?post=11682"}],"wp:attachment":[{"href":"https:\/\/cartellera.focus.cat\/ca\/wp-json\/wp\/v2\/media?parent=11682"}],"curies":[{"name":"wp","href":"https:\/\/api.w.org\/{rel}","templated":true}]}}