{"id":13830,"date":"2026-09-03T13:59:22","date_gmt":"2026-09-03T13:59:22","guid":{"rendered":"https:\/\/cartellera.focus.cat\/ex\/una-idea-genial-2\/"},"modified":"2026-09-03T20:12:18","modified_gmt":"2026-09-03T20:12:18","slug":"una-idea-genial-2","status":"publish","type":"ex","link":"https:\/\/cartellera.focus.cat\/ca\/ex\/una-idea-genial-2\/","title":{"rendered":"Una idea genial"},"content":{"rendered":"","protected":false},"excerpt":{"rendered":"","protected":false},"author":2,"featured_media":0,"comment_status":"closed","ping_status":"open","template":"","class_list":["post-13830","ex","type-ex","status-publish","hentry"],"acf":{"txt_synopsis":"<p><strong>La com\u00e8dia que et far\u00e0 riure per partida doble (o triple) <\/strong> <\/p><p>  <\/p><p class=\"ql-align-justify\" align=\"justify\">L&#39;Arnau sospita que la Mariona, la seva dona, t\u00e9 un <em>affair<\/em> amb l&#39;Oriol, l&#39;agent immobiliari que els busca pis. Quan coneix el Tom\u00e0s, un actor aficionat clavat a l&#39;agent, el contracta perqu\u00e8 el suplanti en un sopar i aix\u00ed poder descobrir si la sospita \u00e9s real o no. Sembla una idea genial\u2026 fins que l&#39;agent, el seu doble i el germ\u00e0 bess\u00f3 del doble, un lampista que ve a reparar una fuita, es troben. Tres homes id\u00e8ntics i una ve\u00efna indiscreta faran que, potser, la idea no sembli tan genial.  <br><\/p>","main_buy_link":"https:\/\/tickets.oneboxtds.com\/teatregoya\/events\/59582?hl=ca-ES","main_buy_links":"[\"https:\/\/tickets.oneboxtds.com\/teatregoya\/events\/59582?hl=ca-ES\"]","group_buy_link":"","show_language":"Espectacle en catal\u00e0","show_duration":"90","show_start_date":"20270218000000","show_end_date":"20270314000000","show_sort_date":"20270218000000","txt_custom_show_dates":"","show_disciplines":"11","show_ultimes_funcions":false,"hide_tarifes_especials":false,"show_properament":false,"txt_additional_info":"<p><br>Recomanat a partir de 12 anys<\/p><p>Funci\u00f3 accessible: 18 d&#39;abril a les 20h. La funci\u00f3 comptar\u00e0 amb:<br>\u00b7Subtitulat<br>\u00b7Audiodescripci\u00f3<br>\u00b7Bucle magn\u00e8tic <br>\u00b7So amplificat<\/p>","txt_present":"","show_season":false,"txt_season":"[\"2026\/27\"]","txt_cycle":"","txt_claim":"La com\u00e8dia de dobles identitats, guanyadora de dos premis Moli\u00e8re","txt_cast_excerpt":"","txt_cast":"<p>Autoria: <strong>Sebastien Castro<\/strong> <br>Adaptaci\u00f3:<strong> Susanna Garachana<\/strong> <br>Direcci\u00f3: <strong>Xavier Ricart <\/strong> <\/p><p>  <\/p><p>Int\u00e8rprets  <br><strong>Llu\u00eds Villanueva<\/strong>  <br><strong>Frank Capdet<\/strong> <br><strong>Susanna Garachana<\/strong>  <br><strong>Anna Azcona<\/strong> <\/p><p> <\/p><p> Escenografia: <strong>Anna Tantull<\/strong> <br>Vestuari i caracteritzaci\u00f3: <strong>N\u00faria Llunell<\/strong> <br>Il\u00b7luminaci\u00f3: <strong>David Bofarull<\/strong> <br>Espai sonor: <strong>Jordi Bonet<\/strong> <\/p><p> <\/p><p>Assessor de veu: <strong>Armand Villen<\/strong> <br><br>Direcci\u00f3 de producci\u00f3: <strong>Maite Pijuan <br><\/strong>Producci\u00f3 executiva: <strong>Raquel Do\u00f1oro <br><\/strong>Direcci\u00f3 t\u00e8cnica: <strong>Moi Cuenca<\/strong> <br>Coordinaci\u00f3 t\u00e8cnica: <strong>Jordi Farr\u00e0s <\/strong> <\/p><p> <\/p><p>Ajudantia de direcci\u00f3n i regidoria:<strong> Xavier Carreras<\/strong> <br>Ajudantia de producci\u00f3: <strong>Sira Castells, Sara L\u00f3pez<\/strong> <br>Suport regidoria durant assajos: <strong>Elisenda Caball\u00e9<\/strong> <br>Cap t\u00e8cnic del teatre:<strong> Roger Mu\u00f1oz<\/strong> <br>T\u00e8cnica del teatre:<strong> Eva Rotll\u00e1n <\/strong> <\/p><p>  <\/p><p>Construcci\u00f3 de l&#39;escenografia:<strong> <\/strong> <strong>Jorba-Mir\u00f3 Estudi-Taller d&#39;escenografia<\/strong> <\/p><p> <\/p><p>M\u00e0rqueting i comunicaci\u00f3 i disseny gr\u00e0fic: <strong>Focus<\/strong> <br>Reportatge Fotogr\u00e0fic:  <strong>David Ruano <\/strong>  <\/p><p><strong>Col\u00b7laboradors:<\/strong> Montibello, Rowenta, Moulinex <\/p><p> <\/p><p><em>Amb el suport de: Generalitat de Catalunya- ICEC Institut Catal\u00e0 de les Empreses Culturals, INAEM, Uni\u00f3 Europea Fons Europeu Next Generation i Plan de Recuperaci\u00f3n, Transformaci\u00f3n y Resiliencia.<\/em> <\/p><p> <\/p><p><strong>Distribuci\u00f3: <\/strong>Carme Tierz (<a href=\"mailto:carmetierz@focus.cat\" rel=\"noopener noreferrer\" target=\"_blank\">carmetierz@focus.cat<\/a>) <\/p><p> <\/p><p>\u00c9s una producci\u00f3 de <strong>Focus<\/strong> <\/p>","txt_reviews":"<review-block data-position=\"1\"><div class=\"rating\">  <mat-icon role=\"img\" class=\"mat-icon notranslate material-symbols-sharp mat-icon-no-color\" aria-hidden=\"true\" data-mat-icon-type=\"font\">star<\/mat-icon><mat-icon role=\"img\" class=\"mat-icon notranslate material-symbols-sharp mat-icon-no-color\" aria-hidden=\"true\" data-mat-icon-type=\"font\">star<\/mat-icon><mat-icon role=\"img\" class=\"mat-icon notranslate material-symbols-sharp mat-icon-no-color\" aria-hidden=\"true\" data-mat-icon-type=\"font\">star<\/mat-icon><mat-icon role=\"img\" class=\"mat-icon notranslate material-symbols-sharp mat-icon-no-color\" aria-hidden=\"true\" data-mat-icon-type=\"font\">star<\/mat-icon><mat-icon role=\"img\" class=\"mat-icon notranslate material-symbols-sharp mat-icon-no-color\" aria-hidden=\"true\" data-mat-icon-type=\"font\">star<\/mat-icon><\/div><blockquote>  <span class=\"comment\"><p>El text de S\u00e9bastien Castro funciona com un rellotge. Les entrades i sortides dels actors i els jocs de portes funcionen al mil\u00b7l\u00edmetre.<\/p><\/span>  <cite><span class=\"person\">Nicol\u00e1s Larruy<\/span><span class=\"company\">Espect\u00e1culos BCN<\/span>  <\/cite><\/blockquote><\/review-block><review-block data-position=\"2\"><div class=\"rating\">  <mat-icon role=\"img\" class=\"mat-icon notranslate material-symbols-sharp mat-icon-no-color\" aria-hidden=\"true\" data-mat-icon-type=\"font\">star<\/mat-icon><mat-icon role=\"img\" class=\"mat-icon notranslate material-symbols-sharp mat-icon-no-color\" aria-hidden=\"true\" data-mat-icon-type=\"font\">star<\/mat-icon><mat-icon role=\"img\" class=\"mat-icon notranslate material-symbols-sharp mat-icon-no-color\" aria-hidden=\"true\" data-mat-icon-type=\"font\">star<\/mat-icon><mat-icon role=\"img\" class=\"mat-icon notranslate material-symbols-sharp mat-icon-no-color\" aria-hidden=\"true\" data-mat-icon-type=\"font\">star<\/mat-icon><mat-icon role=\"img\" class=\"mat-icon notranslate material-symbols-sharp mat-icon-no-color\" aria-hidden=\"true\" data-mat-icon-type=\"font\">star<\/mat-icon><\/div><blockquote>  <span class=\"comment\"><p>Llu\u00eds Villanueva s'ha convertit en l'actor de com\u00e8dia m\u00e9s vers\u00e0til de l'escena catalana contempor\u00e0nia.<\/p><\/span>  <cite><span class=\"person\">Andreu Sotorra<\/span><span class=\"company\">Clip de Teatre<\/span>  <\/cite><\/blockquote><\/review-block><review-block data-position=\"3\"><div class=\"rating\">  <mat-icon role=\"img\" class=\"mat-icon notranslate material-symbols-sharp mat-icon-no-color\" aria-hidden=\"true\" data-mat-icon-type=\"font\">star<\/mat-icon><mat-icon role=\"img\" class=\"mat-icon notranslate material-symbols-sharp mat-icon-no-color\" aria-hidden=\"true\" data-mat-icon-type=\"font\">star<\/mat-icon><mat-icon role=\"img\" class=\"mat-icon notranslate material-symbols-sharp mat-icon-no-color\" aria-hidden=\"true\" data-mat-icon-type=\"font\">star<\/mat-icon><mat-icon role=\"img\" class=\"mat-icon notranslate material-symbols-sharp mat-icon-no-color\" aria-hidden=\"true\" data-mat-icon-type=\"font\">star<\/mat-icon><mat-icon role=\"img\" class=\"mat-icon notranslate material-symbols-sharp mat-icon-no-color\" aria-hidden=\"true\" data-mat-icon-type=\"font\">star<\/mat-icon><\/div><blockquote>  <span class=\"comment\"><p>Un vodevil infal\u00b7lible.<\/p><\/span>  <cite><span class=\"person\">Jordi Bordes<\/span><span class=\"company\">Recomana<\/span>  <\/cite><\/blockquote><\/review-block>","hashtag":"UnaIdeaGenial","have_promo":"","slogan":"","id_exhibicio":2408,"id_versio":1797,"id_local":35,"txt_seo_desc":"Una idea genial al Teatre Goya de Barcelona","data_images":"[{\"localizer\":\"V3SLIDE\",\"url\":\"media\/ftgalslide\/v3\/2026\/07\/3c051440-2b10-496d-9a40-d778491541bc.jpg\",\"thumb_url\":\"media\/ftgalslide\/v3\/2026\/07\/9dd6fd9c-01ca-4179-8ff5-58cced1b3298.jpg\",\"title\":\"Una idea genial - Teatre Goya\",\"description\":\"<p>una&nbsp;idea&nbsp;genial&nbsp;al&nbsp;teatre&nbsp;goya&nbsp;de&nbsp;barcelona<\/p>\",\"copyright\":\"\",\"order\":1},{\"localizer\":\"V3SLIDE\",\"url\":\"media\/ftgalslide\/v3\/2026\/07\/d1e8b89f-659e-4211-a073-ec530750f491.jpg\",\"thumb_url\":\"media\/ftgalslide\/v3\/2026\/07\/f4db7af2-93d6-437f-8217-8db2184c5109.jpg\",\"title\":\"Una idea genial - Teatre Goya\",\"description\":\"<p>una&nbsp;idea&nbsp;genial&nbsp;al&nbsp;teatre&nbsp;goya&nbsp;de&nbsp;barcelona<\/p>\",\"copyright\":\"\",\"order\":2},{\"localizer\":\"V3SLIDE\",\"url\":\"media\/ftgalslide\/v3\/2026\/07\/a6a842ea-213d-44ce-aea1-cf5d79d09ac9.jpg\",\"thumb_url\":\"media\/ftgalslide\/v3\/2026\/07\/a31c76d6-e6e4-4c10-82b6-944990a6a960.jpg\",\"title\":\"Una idea genial - Teatre Goya\",\"description\":\"<p>una&nbsp;idea&nbsp;genial&nbsp;al&nbsp;teatre&nbsp;goya&nbsp;de&nbsp;barcelona<\/p>\",\"copyright\":\"\",\"order\":3},{\"localizer\":\"V4CARTELL\",\"url\":\"media\/ver\/cartell\/v4\/2026\/07\/08057d36-70de-4685-8368-77d6b184175b.jpg\",\"thumb_url\":\"media\/ver\/cartell\/v4\/2026\/07\/af717bf1-fa57-4da2-b521-72208def102f.jpg\",\"title\":\"Una idea genial - Teatre Goya\",\"description\":\"<p>una&nbsp;idea&nbsp;genial&nbsp;al&nbsp;teatre&nbsp;goya&nbsp;de&nbsp;barcelona<\/p>\",\"copyright\":\"\",\"order\":0},{\"localizer\":\"V4PORTADA\",\"url\":\"media\/ver\/port\/v4\/2026\/07\/866b08e0-68ba-49da-9555-cbb21a6ba35b.jpg\",\"thumb_url\":\"media\/ver\/port\/v4\/2026\/07\/d9323fd2-1a60-4198-a259-ac058dbab3c9.jpg\",\"title\":\"Una idea genial - Teatre Goya\",\"description\":\"<p>una&nbsp;idea&nbsp;genial&nbsp;al&nbsp;teatre&nbsp;goya&nbsp;de&nbsp;barcelona<\/p>\",\"copyright\":\"\",\"order\":0},{\"localizer\":\"V4PORTADAWIDE\",\"url\":\"media\/ver\/port\/wide\/v4\/2026\/07\/debd29ee-0d0c-4f3b-831d-262789ca4069.jpg\",\"thumb_url\":\"media\/ver\/port\/wide\/v4\/2026\/07\/800aa1fc-ae0d-4c88-b80c-3f42a94873de.jpg\",\"title\":\"Una idea genial - Teatre Goya\",\"description\":\"<p>una&nbsp;idea&nbsp;genial&nbsp;al&nbsp;teatre&nbsp;goya&nbsp;de&nbsp;barcelona<\/p>\",\"copyright\":\"\",\"order\":0}]","material__texto_intro":"","data_material":null,"data_gallery":"","data_discounts":"[]","contract_is_open":true,"in_tour":false},"yoast_head":"<!-- This site is optimized with the Yoast SEO plugin v28.4 - https:\/\/yoast.com\/product\/yoast-seo-wordpress\/ -->\n<title>Una idea genial - Cartellera Focus<\/title>\n<meta name=\"robots\" content=\"index, follow, max-snippet:-1, max-image-preview:large, max-video-preview:-1\" \/>\n<link rel=\"canonical\" href=\"https:\/\/cartellera.focus.cat\/ca\/ex\/una-idea-genial-2\/\" \/>\n<meta property=\"og:locale\" content=\"ca_ES\" \/>\n<meta property=\"og:type\" content=\"article\" \/>\n<meta property=\"og:title\" content=\"Una idea genial - Cartellera Focus\" \/>\n<meta property=\"og:url\" content=\"https:\/\/cartellera.focus.cat\/ca\/ex\/una-idea-genial-2\/\" \/>\n<meta property=\"og:site_name\" content=\"Cartellera Focus\" \/>\n<meta property=\"article:modified_time\" content=\"2026-09-03T20:12:18+00:00\" \/>\n<meta name=\"twitter:card\" content=\"summary_large_image\" \/>\n<script type=\"application\/ld+json\" class=\"yoast-schema-graph\">{\"@context\":\"https:\\\/\\\/schema.org\",\"@graph\":[{\"@type\":\"WebPage\",\"@id\":\"https:\\\/\\\/cartellera.focus.cat\\\/ca\\\/ex\\\/una-idea-genial-2\\\/\",\"url\":\"https:\\\/\\\/cartellera.focus.cat\\\/ca\\\/ex\\\/una-idea-genial-2\\\/\",\"name\":\"Una idea genial - Cartellera Focus\",\"isPartOf\":{\"@id\":\"https:\\\/\\\/cartellera.focus.cat\\\/ca\\\/#website\"},\"datePublished\":\"2026-09-03T13:59:22+00:00\",\"dateModified\":\"2026-09-03T20:12:18+00:00\",\"breadcrumb\":{\"@id\":\"https:\\\/\\\/cartellera.focus.cat\\\/ca\\\/ex\\\/una-idea-genial-2\\\/#breadcrumb\"},\"inLanguage\":\"ca\",\"potentialAction\":[{\"@type\":\"ReadAction\",\"target\":[\"https:\\\/\\\/cartellera.focus.cat\\\/ca\\\/ex\\\/una-idea-genial-2\\\/\"]}]},{\"@type\":\"BreadcrumbList\",\"@id\":\"https:\\\/\\\/cartellera.focus.cat\\\/ca\\\/ex\\\/una-idea-genial-2\\\/#breadcrumb\",\"itemListElement\":[{\"@type\":\"ListItem\",\"position\":1,\"name\":\"Home\",\"item\":\"https:\\\/\\\/cartellera.focus.cat\\\/ca\\\/\"},{\"@type\":\"ListItem\",\"position\":2,\"name\":\"Espectacles\",\"item\":\"https:\\\/\\\/cartellera.focus.cat\\\/ca\\\/ex\\\/\"},{\"@type\":\"ListItem\",\"position\":3,\"name\":\"Una idea genial\"}]},{\"@type\":\"WebSite\",\"@id\":\"https:\\\/\\\/cartellera.focus.cat\\\/ca\\\/#website\",\"url\":\"https:\\\/\\\/cartellera.focus.cat\\\/ca\\\/\",\"name\":\"Cartellera Focus\",\"description\":\"Troba el teu espectacle als teatres de Focus\",\"publisher\":{\"@id\":\"https:\\\/\\\/cartellera.focus.cat\\\/ca\\\/#organization\"},\"potentialAction\":[{\"@type\":\"SearchAction\",\"target\":{\"@type\":\"EntryPoint\",\"urlTemplate\":\"https:\\\/\\\/cartellera.focus.cat\\\/ca\\\/?s={search_term_string}\"},\"query-input\":{\"@type\":\"PropertyValueSpecification\",\"valueRequired\":true,\"valueName\":\"search_term_string\"}}],\"inLanguage\":\"ca\"},{\"@type\":\"Organization\",\"@id\":\"https:\\\/\\\/cartellera.focus.cat\\\/ca\\\/#organization\",\"name\":\"Cartellera Focus\",\"url\":\"https:\\\/\\\/cartellera.focus.cat\\\/ca\\\/\",\"logo\":{\"@type\":\"ImageObject\",\"inLanguage\":\"ca\",\"@id\":\"https:\\\/\\\/cartellera.focus.cat\\\/ca\\\/#\\\/schema\\\/logo\\\/image\\\/\",\"url\":\"https:\\\/\\\/cartellera.focus.cat\\\/wp-content\\\/uploads\\\/sites\\\/6\\\/2023\\\/01\\\/logo-focus.svg\",\"contentUrl\":\"https:\\\/\\\/cartellera.focus.cat\\\/wp-content\\\/uploads\\\/sites\\\/6\\\/2023\\\/01\\\/logo-focus.svg\",\"width\":1,\"height\":1,\"caption\":\"Cartellera Focus\"},\"image\":{\"@id\":\"https:\\\/\\\/cartellera.focus.cat\\\/ca\\\/#\\\/schema\\\/logo\\\/image\\\/\"},\"sameAs\":[\"https:\\\/\\\/www.instagram.com\\\/grupfocus_\",\"https:\\\/\\\/www.youtube.com\\\/channel\\\/UCHo1UBGWueryu2P-vn8CRXw\",\"https:\\\/\\\/www.linkedin.com\\\/company\\\/grup-focus\\\/\"]}]}<\/script>\n<!-- \/ Yoast SEO plugin. -->","yoast_head_json":{"title":"Una idea genial - Cartellera Focus","robots":{"index":"index","follow":"follow","max-snippet":"max-snippet:-1","max-image-preview":"max-image-preview:large","max-video-preview":"max-video-preview:-1"},"canonical":"https:\/\/cartellera.focus.cat\/ca\/ex\/una-idea-genial-2\/","og_locale":"ca_ES","og_type":"article","og_title":"Una idea genial - Cartellera Focus","og_url":"https:\/\/cartellera.focus.cat\/ca\/ex\/una-idea-genial-2\/","og_site_name":"Cartellera Focus","article_modified_time":"2026-09-03T20:12:18+00:00","twitter_card":"summary_large_image","schema":{"@context":"https:\/\/schema.org","@graph":[{"@type":"WebPage","@id":"https:\/\/cartellera.focus.cat\/ca\/ex\/una-idea-genial-2\/","url":"https:\/\/cartellera.focus.cat\/ca\/ex\/una-idea-genial-2\/","name":"Una idea genial - Cartellera Focus","isPartOf":{"@id":"https:\/\/cartellera.focus.cat\/ca\/#website"},"datePublished":"2026-09-03T13:59:22+00:00","dateModified":"2026-09-03T20:12:18+00:00","breadcrumb":{"@id":"https:\/\/cartellera.focus.cat\/ca\/ex\/una-idea-genial-2\/#breadcrumb"},"inLanguage":"ca","potentialAction":[{"@type":"ReadAction","target":["https:\/\/cartellera.focus.cat\/ca\/ex\/una-idea-genial-2\/"]}]},{"@type":"BreadcrumbList","@id":"https:\/\/cartellera.focus.cat\/ca\/ex\/una-idea-genial-2\/#breadcrumb","itemListElement":[{"@type":"ListItem","position":1,"name":"Home","item":"https:\/\/cartellera.focus.cat\/ca\/"},{"@type":"ListItem","position":2,"name":"Espectacles","item":"https:\/\/cartellera.focus.cat\/ca\/ex\/"},{"@type":"ListItem","position":3,"name":"Una idea genial"}]},{"@type":"WebSite","@id":"https:\/\/cartellera.focus.cat\/ca\/#website","url":"https:\/\/cartellera.focus.cat\/ca\/","name":"Cartellera Focus","description":"Troba el teu espectacle als teatres de Focus","publisher":{"@id":"https:\/\/cartellera.focus.cat\/ca\/#organization"},"potentialAction":[{"@type":"SearchAction","target":{"@type":"EntryPoint","urlTemplate":"https:\/\/cartellera.focus.cat\/ca\/?s={search_term_string}"},"query-input":{"@type":"PropertyValueSpecification","valueRequired":true,"valueName":"search_term_string"}}],"inLanguage":"ca"},{"@type":"Organization","@id":"https:\/\/cartellera.focus.cat\/ca\/#organization","name":"Cartellera Focus","url":"https:\/\/cartellera.focus.cat\/ca\/","logo":{"@type":"ImageObject","inLanguage":"ca","@id":"https:\/\/cartellera.focus.cat\/ca\/#\/schema\/logo\/image\/","url":"https:\/\/cartellera.focus.cat\/wp-content\/uploads\/sites\/6\/2023\/01\/logo-focus.svg","contentUrl":"https:\/\/cartellera.focus.cat\/wp-content\/uploads\/sites\/6\/2023\/01\/logo-focus.svg","width":1,"height":1,"caption":"Cartellera Focus"},"image":{"@id":"https:\/\/cartellera.focus.cat\/ca\/#\/schema\/logo\/image\/"},"sameAs":["https:\/\/www.instagram.com\/grupfocus_","https:\/\/www.youtube.com\/channel\/UCHo1UBGWueryu2P-vn8CRXw","https:\/\/www.linkedin.com\/company\/grup-focus\/"]}]}},"translations":[{"id":13830,"locale":"ca"},{"id":13834,"locale":"es"}],"_links":{"self":[{"href":"https:\/\/cartellera.focus.cat\/ca\/wp-json\/wp\/v2\/ex\/13830","targetHints":{"allow":["GET"]}}],"collection":[{"href":"https:\/\/cartellera.focus.cat\/ca\/wp-json\/wp\/v2\/ex"}],"about":[{"href":"https:\/\/cartellera.focus.cat\/ca\/wp-json\/wp\/v2\/types\/ex"}],"author":[{"embeddable":true,"href":"https:\/\/cartellera.focus.cat\/ca\/wp-json\/wp\/v2\/users\/2"}],"replies":[{"embeddable":true,"href":"https:\/\/cartellera.focus.cat\/ca\/wp-json\/wp\/v2\/comments?post=13830"}],"wp:attachment":[{"href":"https:\/\/cartellera.focus.cat\/ca\/wp-json\/wp\/v2\/media?parent=13830"}],"curies":[{"name":"wp","href":"https:\/\/api.w.org\/{rel}","templated":true}]}}