{"id":13844,"date":"2026-09-03T14:11:51","date_gmt":"2026-09-03T14:11:51","guid":{"rendered":"https:\/\/cartellera.focus.cat\/ex\/you-say-tomato-2\/"},"modified":"2026-09-03T20:30:19","modified_gmt":"2026-09-03T20:30:19","slug":"you-say-tomato-2","status":"publish","type":"ex","link":"https:\/\/cartellera.focus.cat\/ca\/ex\/you-say-tomato-2\/","title":{"rendered":"You say tomato"},"content":{"rendered":"","protected":false},"excerpt":{"rendered":"","protected":false},"author":2,"featured_media":0,"comment_status":"closed","ping_status":"open","template":"","class_list":["post-13844","ex","type-ex","status-publish","hentry"],"acf":{"txt_synopsis":"<p><strong>Una com\u00e8dia sobre els somnis no complerts i la banda sonora de les nostres vides  <\/strong> <\/p><p class=\"ql-align-justify\" align=\"justify\">Ros\u00f3 i Santi, una parella que fa 15 anys que comparteix vida i projecte musical, arriben als 37 anys q\u00fcestionant-se el sentit de tot el que han sacrificat per un somni que mai no s&#39;ha fet realitat. Despr\u00e9s d&#39;anys de ren\u00fancies i esfor\u00e7os, es plantegen deixar-ho amb un \u00faltim concert. Per\u00f2... deixar la m\u00fasica o deixar la relaci\u00f3?  <br><\/p>","main_buy_link":"https:\/\/tickets.oneboxtds.com\/lavillarroel\/events\/58919?hl=ca-ES","main_buy_links":"[\"https:\/\/tickets.oneboxtds.com\/lavillarroel\/events\/58919?hl=ca-ES  \"]","group_buy_link":"","show_language":"Espectacle en catal\u00e0","show_duration":"70","show_start_date":"20270220000000","show_end_date":"20270313000000","show_sort_date":"20270220000000","txt_custom_show_dates":"","show_disciplines":"7","show_ultimes_funcions":false,"hide_tarifes_especials":false,"show_properament":false,"txt_additional_info":"<p>Recomanat per <strong>a totes les edats<\/strong> <\/p>","txt_present":"","show_season":false,"txt_season":"[\"2026\/27\"]","txt_cycle":"","txt_claim":"I si ara, simplement, ho deix\u00e9ssim estar? Hem travessat el pa\u00eds en cotxe innumerables vegades, hem actuat en locals ru\u00efnosos, hem mantingut llargues i pesades converses amb empresaris indesitjables i ens hem deixat la pell en cada concert; hem renunciat a amics, a aficions i a estones d'oci, hem regalat les nostres vacances, les nostres hores de son, hem deixat de viatjar; ho hem donat literalment tot per aconseguir el nostre somni. Per\u00f2 avui tenim 40 anys i a poc a poc comencem a donar-nos compte de que la vida que hav\u00edem somiat no t\u00e9 res a veure amb aquesta. Llavors, per qu\u00e8 no ho deixem aqu\u00ed? Simplement. Per qu\u00e8 no ens acomiadem amb un \u00faltim gran concert i ho deixem aqu\u00ed?","txt_cast_excerpt":"","txt_cast":"<p>Autoria: <strong>Joan Yago<\/strong>  <\/p><p> <\/p><p>Direcci\u00f3 i dramat\u00fargia: <strong>Joan Maria Segura<\/strong> <br>Coreografia: <strong>Joan Maria Segura Bernadas<\/strong> <br>Direcci\u00f3 musical i arranjaments: <strong>Xavier Mestres<\/strong> <br>Disseny d&#39;espai i vestuari: <strong>Albert Pascual<\/strong> <br>Disseny de llums: <strong>Marc Salicr\u00fa<\/strong>  <\/p><p> <\/p><p>Int\u00e8rprets: <strong>Anna Moliner i Joan Negri\u00e9<\/strong>  <\/p><p> <\/p><p>Producci\u00f3 executiva: <strong>Joan Negri\u00e9<\/strong> <br>Productor: <strong>Eloi Isern<\/strong> <br>Producci\u00f3 en gira: <strong>Manel Torres<\/strong> <br>Ger\u00e8ncia: <strong>Manel Torres<\/strong>  <\/p><p> <\/p><p>Ajudantia de vestuari: <strong>Paloma Arza<\/strong> <br>Assessorament de caracteritzaci\u00f3: <strong>\u00c0ngels Salinas<\/strong> <br>Responsable t\u00e8cnic: <strong>Ramon Beneito<\/strong> <br>Cap t\u00e8cnic del teatre: <strong>Andr\u00e9s Piza<\/strong>  <\/p><p> <\/p><p>Premsa: <strong>Laia Mar\u00edn<\/strong> <br>M\u00e0rqueting i comunicaci\u00f3 del teatre: <strong>La Villarroel <br><\/strong>Disseny gr\u00e0fic i fotografies: <strong>Jordi Egea<\/strong> <strong>i Albert Ru\u00e9<\/strong> <\/p><p><strong> <\/strong> <\/p><p> <\/p><p> <\/p><p>Agra\u00efments: <strong>N\u00faria Cartany\u00e0, Raimon Borrell, Mediaframe TV, Estudios de grabaci\u00f3n La Rulot y Carme Negri\u00e9<\/strong> <\/p><p> <\/p><p>Distribuci\u00f3: <strong>Mar Puig<\/strong>  <\/p><p> <\/p><p>\u00c9s una producci\u00f3 de <strong>Sala Trono amb la col\u00b7laboraci\u00f3 de Sala Muntaner<\/strong> <\/p>","txt_reviews":"","hashtag":"YouSayTomato","have_promo":"","slogan":"","id_exhibicio":2416,"id_versio":1537,"id_local":4,"txt_seo_desc":"Anna Molin\u00e9 i Joan Negri\u00e9 presenten al Teatre Condal de Barcelona l'espectacle You Say Tomato, una obra de Joan Yago dirigida per Joan Maria Segura.","data_images":"[{\"localizer\":\"V3SLIDE\",\"url\":\"media\/ftgalslide\/v3\/315DF\/01_086_00054309\/IMG_0961.JPG\",\"thumb_url\":\"media\/ftgalslide\/v3\/315DF\/01_086_00054309\/IMG_0961_thumb.jpg\",\"title\":\"You Say Tomato - Teatre Condal\",\"description\":\"you say tomato al teatre condal de barcelona\",\"copyright\":\"\",\"order\":5},{\"localizer\":\"V3SLIDE\",\"url\":\"media\/ftgalslide\/v3\/3163D\/01_086_00055589\/DSC_1916_2.jpg\",\"thumb_url\":\"media\/ftgalslide\/v3\/3163D\/01_086_00055589\/DSC_1916_2_thumb.jpg\",\"title\":\"You say tomato - Teatre Condal\",\"description\":\"you say tomato al teatre condal de barcelona\",\"copyright\":\"\",\"order\":8},{\"localizer\":\"V4CARTELL\",\"url\":\"media\/ver\/cartell\/v4\/2026\/08\/338249ed-d1ae-43cd-9e96-b9c7f5c04840.jpg\",\"thumb_url\":\"media\/ver\/cartell\/v4\/2026\/08\/4559c8dc-27a1-45db-9eba-0be8bb3a0a82.jpg\",\"title\":\"You say tomato - La Villarroel\",\"description\":\"<p>you&nbsp;say&nbsp;tomato&nbsp;a&nbsp;la&nbsp;villarroel<\/p>\",\"copyright\":\"\",\"order\":0},{\"localizer\":\"V4PORTADA\",\"url\":\"media\/ver\/port\/v4\/2026\/08\/81531f82-a1cf-4cc4-a47a-a22aab76e1bb.jpg\",\"thumb_url\":\"media\/ver\/port\/v4\/2026\/08\/2a561137-5967-4d09-9c79-68ad4dfc24f7.jpg\",\"title\":\"You say tomato - La Villarroel\",\"description\":\"<p>you&nbsp;say&nbsp;tomato&nbsp;a&nbsp;la&nbsp;villarroel<\/p>\",\"copyright\":\"\",\"order\":0},{\"localizer\":\"V4PORTADAWIDE\",\"url\":\"media\/ver\/port\/wide\/v4\/2026\/08\/e9c2b5f2-18cb-4148-a63d-a3eec2b7af75.jpg\",\"thumb_url\":\"media\/ver\/port\/wide\/v4\/2026\/08\/3eb237bc-608d-431b-b911-2e25326b51df.jpg\",\"title\":\"You say tomato - La Villarroel\",\"description\":\"<p>you&nbsp;say&nbsp;tomato&nbsp;a&nbsp;la&nbsp;villarroel<\/p>\",\"copyright\":\"\",\"order\":0},{\"localizer\":\"V4PORTADAWIDEMOBILE\",\"url\":\"media\/ver\/port\/wide\/mobile\/v4\/2026\/08\/b270874c-f6c3-4540-b9e3-d0154045ca72.jpg\",\"thumb_url\":\"media\/ver\/port\/wide\/mobile\/v4\/2026\/08\/b0adced0-355e-4474-bfdf-a0c1b35da7bb.jpg\",\"title\":\"You say tomato - La Villarroel\",\"description\":\"<p>you&nbsp;say&nbsp;tomato&nbsp;a&nbsp;la&nbsp;villarroel<\/p>\",\"copyright\":\"\",\"order\":0}]","material__texto_intro":"","data_material":null,"data_gallery":"","data_discounts":"[]","contract_is_open":false,"in_tour":false},"yoast_head":"<!-- This site is optimized with the Yoast SEO plugin v28.4 - https:\/\/yoast.com\/product\/yoast-seo-wordpress\/ -->\n<title>You say tomato - Cartellera Focus<\/title>\n<meta name=\"robots\" content=\"index, follow, max-snippet:-1, max-image-preview:large, max-video-preview:-1\" \/>\n<link rel=\"canonical\" href=\"https:\/\/cartellera.focus.cat\/ca\/ex\/you-say-tomato-2\/\" \/>\n<meta property=\"og:locale\" content=\"ca_ES\" \/>\n<meta property=\"og:type\" content=\"article\" \/>\n<meta property=\"og:title\" content=\"You say tomato - Cartellera Focus\" \/>\n<meta property=\"og:url\" content=\"https:\/\/cartellera.focus.cat\/ca\/ex\/you-say-tomato-2\/\" \/>\n<meta property=\"og:site_name\" content=\"Cartellera Focus\" \/>\n<meta property=\"article:modified_time\" content=\"2026-09-03T20:30:19+00:00\" \/>\n<meta name=\"twitter:card\" content=\"summary_large_image\" \/>\n<script type=\"application\/ld+json\" class=\"yoast-schema-graph\">{\"@context\":\"https:\\\/\\\/schema.org\",\"@graph\":[{\"@type\":\"WebPage\",\"@id\":\"https:\\\/\\\/cartellera.focus.cat\\\/ca\\\/ex\\\/you-say-tomato-2\\\/\",\"url\":\"https:\\\/\\\/cartellera.focus.cat\\\/ca\\\/ex\\\/you-say-tomato-2\\\/\",\"name\":\"You say tomato - Cartellera Focus\",\"isPartOf\":{\"@id\":\"https:\\\/\\\/cartellera.focus.cat\\\/ca\\\/#website\"},\"datePublished\":\"2026-09-03T14:11:51+00:00\",\"dateModified\":\"2026-09-03T20:30:19+00:00\",\"breadcrumb\":{\"@id\":\"https:\\\/\\\/cartellera.focus.cat\\\/ca\\\/ex\\\/you-say-tomato-2\\\/#breadcrumb\"},\"inLanguage\":\"ca\",\"potentialAction\":[{\"@type\":\"ReadAction\",\"target\":[\"https:\\\/\\\/cartellera.focus.cat\\\/ca\\\/ex\\\/you-say-tomato-2\\\/\"]}]},{\"@type\":\"BreadcrumbList\",\"@id\":\"https:\\\/\\\/cartellera.focus.cat\\\/ca\\\/ex\\\/you-say-tomato-2\\\/#breadcrumb\",\"itemListElement\":[{\"@type\":\"ListItem\",\"position\":1,\"name\":\"Home\",\"item\":\"https:\\\/\\\/cartellera.focus.cat\\\/ca\\\/\"},{\"@type\":\"ListItem\",\"position\":2,\"name\":\"Espectacles\",\"item\":\"https:\\\/\\\/cartellera.focus.cat\\\/ca\\\/ex\\\/\"},{\"@type\":\"ListItem\",\"position\":3,\"name\":\"You say tomato\"}]},{\"@type\":\"WebSite\",\"@id\":\"https:\\\/\\\/cartellera.focus.cat\\\/ca\\\/#website\",\"url\":\"https:\\\/\\\/cartellera.focus.cat\\\/ca\\\/\",\"name\":\"Cartellera Focus\",\"description\":\"Troba el teu espectacle als teatres de Focus\",\"publisher\":{\"@id\":\"https:\\\/\\\/cartellera.focus.cat\\\/ca\\\/#organization\"},\"potentialAction\":[{\"@type\":\"SearchAction\",\"target\":{\"@type\":\"EntryPoint\",\"urlTemplate\":\"https:\\\/\\\/cartellera.focus.cat\\\/ca\\\/?s={search_term_string}\"},\"query-input\":{\"@type\":\"PropertyValueSpecification\",\"valueRequired\":true,\"valueName\":\"search_term_string\"}}],\"inLanguage\":\"ca\"},{\"@type\":\"Organization\",\"@id\":\"https:\\\/\\\/cartellera.focus.cat\\\/ca\\\/#organization\",\"name\":\"Cartellera Focus\",\"url\":\"https:\\\/\\\/cartellera.focus.cat\\\/ca\\\/\",\"logo\":{\"@type\":\"ImageObject\",\"inLanguage\":\"ca\",\"@id\":\"https:\\\/\\\/cartellera.focus.cat\\\/ca\\\/#\\\/schema\\\/logo\\\/image\\\/\",\"url\":\"https:\\\/\\\/cartellera.focus.cat\\\/wp-content\\\/uploads\\\/sites\\\/6\\\/2023\\\/01\\\/logo-focus.svg\",\"contentUrl\":\"https:\\\/\\\/cartellera.focus.cat\\\/wp-content\\\/uploads\\\/sites\\\/6\\\/2023\\\/01\\\/logo-focus.svg\",\"width\":1,\"height\":1,\"caption\":\"Cartellera Focus\"},\"image\":{\"@id\":\"https:\\\/\\\/cartellera.focus.cat\\\/ca\\\/#\\\/schema\\\/logo\\\/image\\\/\"},\"sameAs\":[\"https:\\\/\\\/www.instagram.com\\\/grupfocus_\",\"https:\\\/\\\/www.youtube.com\\\/channel\\\/UCHo1UBGWueryu2P-vn8CRXw\",\"https:\\\/\\\/www.linkedin.com\\\/company\\\/grup-focus\\\/\"]}]}<\/script>\n<!-- \/ Yoast SEO plugin. -->","yoast_head_json":{"title":"You say tomato - Cartellera Focus","robots":{"index":"index","follow":"follow","max-snippet":"max-snippet:-1","max-image-preview":"max-image-preview:large","max-video-preview":"max-video-preview:-1"},"canonical":"https:\/\/cartellera.focus.cat\/ca\/ex\/you-say-tomato-2\/","og_locale":"ca_ES","og_type":"article","og_title":"You say tomato - Cartellera Focus","og_url":"https:\/\/cartellera.focus.cat\/ca\/ex\/you-say-tomato-2\/","og_site_name":"Cartellera Focus","article_modified_time":"2026-09-03T20:30:19+00:00","twitter_card":"summary_large_image","schema":{"@context":"https:\/\/schema.org","@graph":[{"@type":"WebPage","@id":"https:\/\/cartellera.focus.cat\/ca\/ex\/you-say-tomato-2\/","url":"https:\/\/cartellera.focus.cat\/ca\/ex\/you-say-tomato-2\/","name":"You say tomato - Cartellera Focus","isPartOf":{"@id":"https:\/\/cartellera.focus.cat\/ca\/#website"},"datePublished":"2026-09-03T14:11:51+00:00","dateModified":"2026-09-03T20:30:19+00:00","breadcrumb":{"@id":"https:\/\/cartellera.focus.cat\/ca\/ex\/you-say-tomato-2\/#breadcrumb"},"inLanguage":"ca","potentialAction":[{"@type":"ReadAction","target":["https:\/\/cartellera.focus.cat\/ca\/ex\/you-say-tomato-2\/"]}]},{"@type":"BreadcrumbList","@id":"https:\/\/cartellera.focus.cat\/ca\/ex\/you-say-tomato-2\/#breadcrumb","itemListElement":[{"@type":"ListItem","position":1,"name":"Home","item":"https:\/\/cartellera.focus.cat\/ca\/"},{"@type":"ListItem","position":2,"name":"Espectacles","item":"https:\/\/cartellera.focus.cat\/ca\/ex\/"},{"@type":"ListItem","position":3,"name":"You say tomato"}]},{"@type":"WebSite","@id":"https:\/\/cartellera.focus.cat\/ca\/#website","url":"https:\/\/cartellera.focus.cat\/ca\/","name":"Cartellera Focus","description":"Troba el teu espectacle als teatres de Focus","publisher":{"@id":"https:\/\/cartellera.focus.cat\/ca\/#organization"},"potentialAction":[{"@type":"SearchAction","target":{"@type":"EntryPoint","urlTemplate":"https:\/\/cartellera.focus.cat\/ca\/?s={search_term_string}"},"query-input":{"@type":"PropertyValueSpecification","valueRequired":true,"valueName":"search_term_string"}}],"inLanguage":"ca"},{"@type":"Organization","@id":"https:\/\/cartellera.focus.cat\/ca\/#organization","name":"Cartellera Focus","url":"https:\/\/cartellera.focus.cat\/ca\/","logo":{"@type":"ImageObject","inLanguage":"ca","@id":"https:\/\/cartellera.focus.cat\/ca\/#\/schema\/logo\/image\/","url":"https:\/\/cartellera.focus.cat\/wp-content\/uploads\/sites\/6\/2023\/01\/logo-focus.svg","contentUrl":"https:\/\/cartellera.focus.cat\/wp-content\/uploads\/sites\/6\/2023\/01\/logo-focus.svg","width":1,"height":1,"caption":"Cartellera Focus"},"image":{"@id":"https:\/\/cartellera.focus.cat\/ca\/#\/schema\/logo\/image\/"},"sameAs":["https:\/\/www.instagram.com\/grupfocus_","https:\/\/www.youtube.com\/channel\/UCHo1UBGWueryu2P-vn8CRXw","https:\/\/www.linkedin.com\/company\/grup-focus\/"]}]}},"translations":[{"id":13844,"locale":"ca"},{"id":13855,"locale":"es"}],"_links":{"self":[{"href":"https:\/\/cartellera.focus.cat\/ca\/wp-json\/wp\/v2\/ex\/13844","targetHints":{"allow":["GET"]}}],"collection":[{"href":"https:\/\/cartellera.focus.cat\/ca\/wp-json\/wp\/v2\/ex"}],"about":[{"href":"https:\/\/cartellera.focus.cat\/ca\/wp-json\/wp\/v2\/types\/ex"}],"author":[{"embeddable":true,"href":"https:\/\/cartellera.focus.cat\/ca\/wp-json\/wp\/v2\/users\/2"}],"replies":[{"embeddable":true,"href":"https:\/\/cartellera.focus.cat\/ca\/wp-json\/wp\/v2\/comments?post=13844"}],"wp:attachment":[{"href":"https:\/\/cartellera.focus.cat\/ca\/wp-json\/wp\/v2\/media?parent=13844"}],"curies":[{"name":"wp","href":"https:\/\/api.w.org\/{rel}","templated":true}]}}