{"id":13845,"date":"2026-09-03T14:12:57","date_gmt":"2026-09-03T14:12:57","guid":{"rendered":"https:\/\/cartellera.focus.cat\/ex\/dones-de-radio\/"},"modified":"2026-09-03T14:12:57","modified_gmt":"2026-09-03T14:12:57","slug":"dones-de-radio","status":"publish","type":"ex","link":"https:\/\/cartellera.focus.cat\/ca\/ex\/dones-de-radio\/","title":{"rendered":"Dones de r\u00e0dio"},"content":{"rendered":"","protected":false},"excerpt":{"rendered":"","protected":false},"author":2,"featured_media":0,"comment_status":"closed","ping_status":"open","template":"","class_list":["post-13845","ex","type-ex","status-publish","hentry"],"acf":{"txt_synopsis":"<p><strong>Tres hist\u00f2ries impressionants. Tres dones que s&#39;enfronten a l&#39;adversitat.<\/strong> <\/p><p class=\"ql-align-justify\" align=\"justify\">La Rosa, de cinquanta-cinc anys, lidera un programa de r\u00e0dio de m\u00e0xima audi\u00e8ncia, \u00e9s una dona ir\u00f2nica i amb car\u00e0cter. L&#39;\u00c0gata, que ronda els quaranta, treballa d&#39;infermera en un hospital, \u00e9s discreta i sensible. La Carol, que encara no ha fet els trenta, no est\u00e0 gaire centrada professionalment, i \u00e9s directa i desinhibida.  <\/p><p class=\"ql-align-justify\" align=\"justify\">Tres vides que no tenen res en com\u00fa, fins al dia que cadascuna d&#39;elles es troba\u2026 un bony al pit. Les tres vides faran un gir de 180 graus. Tres grans actrius del nostre pa\u00eds: l&#39;\u00c0ngels Gonyalons, la Sara Esp\u00edgul i la Sara Diego, es posen a la pell d&#39;aquestes tres dones per explicar-nos amb tendresa, amb sensibilitat, per\u00f2 tamb\u00e9 amb molt sentit de l&#39;humor, la seva viv\u00e8ncia a partir de l&#39;aparici\u00f3 de la malaltia. <\/p><p><\/p>","main_buy_link":"https:\/\/tickets.oneboxtds.com\/lavillarroel\/events\/39311?hl=ca-ES","main_buy_links":"[\"https:\/\/tickets.oneboxtds.com\/lavillarroel\/events\/39311?hl=ca-ES\"]","group_buy_link":"","show_language":"Espectacle en catal\u00e0","show_duration":"90","show_start_date":"20270402000000","show_end_date":"20270502000000","show_sort_date":"20270402000000","txt_custom_show_dates":"","show_disciplines":"11","show_ultimes_funcions":false,"hide_tarifes_especials":false,"show_properament":false,"txt_additional_info":"<p>Recomanat a partir de<strong> 12 anys<\/strong> <\/p>","txt_present":"","show_season":false,"txt_season":"[\"2026\/27\"]","txt_cycle":"","txt_claim":"La Rosa, de cinquanta-cinc anys, lidera un programa de r\u00e0dio de m\u00e0xima audi\u00e8ncia, \u00e9s una dona ir\u00f2nica i amb car\u00e0cter.","txt_cast_excerpt":"","txt_cast":"<p>Autoria: <strong>Cristina Clemente<\/strong> <br>Direcci\u00f3: <strong>Sergi Belbel<\/strong> <\/p><p>Repartiment: <br><strong>\u00c0ngels Gonyalons<\/strong> \u2013 Rosa  <br><strong>Sara Esp\u00edgul<\/strong> \u2013 \u00c0gata <br><strong>Sara Diego<\/strong> \u2013 Carol  <\/p><p>Veus en off: <strong>Anna Carre\u00f1o, Jordi Boixaderas, Marta Codina, Laura Fit\u00e9, Andr\u00e9s Herrera, Gemma Mart\u00ednez, Montse Rodr\u00edguez i N\u00faria Sanmart\u00ed<\/strong> <br><strong> <\/strong> <br>Escenografia:<strong> Max Glaenzel<\/strong> <br>Vestuari i caracteritzaci\u00f3: <strong>N\u00faria Llunell<\/strong> <br>Il\u00b7luminaci\u00f3: <strong>Kiko Planas<\/strong> <br>Espai sonor: <strong>Jordi Bonet i Efr\u00e9n Bellostes<\/strong> <\/p><p>Direcci\u00f3 de producci\u00f3: <strong>Josep Dom\u00e8nech<\/strong> <br>Cap de producci\u00f3: <strong>Blanca Arderiu<\/strong> <br>Producci\u00f3 executiva: <strong>Macarena Garcia<\/strong> <br>Coordinaci\u00f3 t\u00e8cnica: <strong>AP7 Projectes T\u00e8cnics<\/strong> <\/p><p>Ajudant de direcci\u00f3: <strong>Roc Esquius<\/strong> <br>Regidoria: <strong>Montse Alacuart<\/strong> <br>T\u00e8cnica de llums:<strong> Cristina Rodr\u00edguez<\/strong> <br>T\u00e8cnic de so: <strong>Efr\u00e9n Bellostes<\/strong> <br>Maquin\u00e0ria:<strong> Carles Hern\u00e1ndez &#39;Xarli&#39;<\/strong> <br>Cap t\u00e8cnic del teatre: <strong>Andr\u00e9s Piza <\/strong> <\/p><p>M\u00e0rqueting i comunicaci\u00f3 de la companyia: <strong>Mariona G\u00f3mez i Bea Moyano<\/strong> <br>M\u00e0rqueting i comunicaci\u00f3 del teatre: <strong>La Villarroel<\/strong> <\/p><p> <\/p><p> <\/p><p>Agra\u00efments: <strong>Yolanda Fuster Mart\u00ednez, A\u00efda Cerdanya Segura, Loli Guart Caparr\u00f3s, Mireia Ros Lara, Rosa Romero Garc\u00eda, S\u00edlvia Luque Delgado, \u00cdngrid Icra i Salicr\u00fa, Patr\u00edcia Moya Mart\u00edn i Laura Iglesias Trafach<\/strong> <\/p><p>Amb el suport de: <strong>Generalitat de Catalunya \u2013 ICEC Institut Catal\u00e0 de les Empreses Culturals<\/strong> <\/p><p>Distribuci\u00f3: <strong>Bit\u00f2<\/strong> <\/p><p>\u00c9s una producci\u00f3 de <strong>Bit\u00f2<\/strong>  <\/p>","txt_reviews":"Santi Fondevila|ARA|\u201cCristina Clemente assoleix el virtu\u00f3s equilibri entre la com\u00e8dia i el drama amb tres actrius en estat de gr\u00e0cia i l'excel\u00b7lent direcci\u00f3 de Sergi Belbel\u201d\nAndreu Sotorra|Recomana|\u201cUn espectacle tant brillant com emotiu i entusiasta\u201d\nPablo Cavero Asencio|Catacultural|\u201cUna pe\u00e7a que sentim propera i ens emociona de principi a fi\u201d","hashtag":"DonesDeR\u00e0dio","have_promo":"","slogan":"","id_exhibicio":2410,"id_versio":1722,"id_local":4,"txt_seo_desc":"Dones de r\u00e0dio una obra de Sergi Belbel a La Villarroel","data_images":"[{\"localizer\":\"V3SLIDE\",\"url\":\"media\/ftgalslide\/v3\/31707\/01_086_00058738\/1.jpg\",\"thumb_url\":\"media\/ftgalslide\/v3\/31707\/01_086_00058738\/1_thumb.jpg\",\"title\":\"Dones de r\u00e0dio - La Villarroel\",\"description\":\"dones de radio en la villarroel\",\"copyright\":\"https:\/\/youtu.be\/GPeAqeDka18\",\"order\":1},{\"localizer\":\"V3SLIDE\",\"url\":\"media\/ftgalslide\/v3\/31707\/01_086_00058739\/2.jpg\",\"thumb_url\":\"media\/ftgalslide\/v3\/31707\/01_086_00058739\/2_thumb.jpg\",\"title\":\"Dones de r\u00e0dio - La Villarroel\",\"description\":\"dones de radio en la villarroel\",\"copyright\":\"https:\/\/youtu.be\/GPeAqeDka18\",\"order\":2},{\"localizer\":\"V3SLIDE\",\"url\":\"media\/ftgalslide\/v3\/31707\/01_086_00058740\/3.jpg\",\"thumb_url\":\"media\/ftgalslide\/v3\/31707\/01_086_00058740\/3_thumb.jpg\",\"title\":\"Dones de r\u00e0dio - La Villarroel\",\"description\":\"dones de radio en la villarroel\",\"copyright\":\"https:\/\/youtu.be\/GPeAqeDka18\",\"order\":3},{\"localizer\":\"V3SLIDE\",\"url\":\"media\/ftgalslide\/v3\/31707\/01_086_00058741\/4.jpg\",\"thumb_url\":\"media\/ftgalslide\/v3\/31707\/01_086_00058741\/4_thumb.jpg\",\"title\":\"Dones de r\u00e0dio - La Villarroel\",\"description\":\"dones de radio en la villarroel\",\"copyright\":\"https:\/\/youtu.be\/GPeAqeDka18\",\"order\":4},{\"localizer\":\"V4CARTELL\",\"url\":\"media\/ver\/cartell\/v4\/2026\/07\/c010cb48-d21a-41a4-81ed-a68b63289a2a.jpg\",\"thumb_url\":\"media\/ver\/cartell\/v4\/2026\/07\/4bf9c626-3469-45dc-913e-e463230cda1f.jpg\",\"title\":\"Dones de r\u00e0dio - La Villarroel\",\"description\":\"dones de radio en la villarroel\",\"copyright\":\"\",\"order\":12},{\"localizer\":\"V4PORTADA\",\"url\":\"media\/ver\/port\/v4\/2026\/07\/459bd50e-c9ab-4c0e-bb49-80b2e078eb76.jpg\",\"thumb_url\":\"media\/ver\/port\/v4\/2026\/07\/f35dac80-a48c-4bbf-b705-6097b8310d69.jpg\",\"title\":\"Dones de r\u00e0dio - La Villarroel\",\"description\":\"dones de radio en la villarroel\",\"copyright\":\"\",\"order\":11},{\"localizer\":\"V4PORTADAWIDE\",\"url\":\"media\/ver\/port\/wide\/v4\/2026\/09\/9967d616-0185-4c71-a2f9-52271545e6f5.jpg\",\"thumb_url\":\"media\/ver\/port\/wide\/v4\/2026\/09\/8742d2b1-4f64-4056-8ef6-5bb4278f55f9.jpg\",\"title\":\"Dones de r\u00e0dio a La Villarroel de Barcelona\",\"description\":\"<p>Dones&nbsp;de&nbsp;r\u00e0dio&nbsp;a&nbsp;La&nbsp;Villarroel&nbsp;de&nbsp;Barcelona<\/p>\",\"copyright\":\"\",\"order\":0},{\"localizer\":\"V4PORTADAWIDEMOBILE\",\"url\":\"media\/ver\/port\/wide\/mobile\/v4\/2026\/07\/87401cfe-0845-4f49-a996-fb51df63d17c.jpg\",\"thumb_url\":\"media\/ver\/port\/wide\/mobile\/v4\/2026\/07\/e38913ed-08ac-499d-bb7e-63647c2bb2b3.jpg\",\"title\":\"Dones de r\u00e0dio - \u00daltimes funcions\",\"description\":\"dones de radio ultimes funcions\",\"copyright\":\"\",\"order\":20}]","material__texto_intro":"","data_material":null,"data_gallery":"","data_discounts":"[]","contract_is_open":false,"in_tour":false},"yoast_head":"<!-- This site is optimized with the Yoast SEO plugin v28.4 - https:\/\/yoast.com\/product\/yoast-seo-wordpress\/ -->\n<title>Dones de r\u00e0dio - Cartellera Focus<\/title>\n<meta name=\"robots\" content=\"index, follow, max-snippet:-1, max-image-preview:large, max-video-preview:-1\" \/>\n<link rel=\"canonical\" href=\"https:\/\/cartellera.focus.cat\/ca\/ex\/dones-de-radio\/\" \/>\n<meta property=\"og:locale\" content=\"ca_ES\" \/>\n<meta property=\"og:type\" content=\"article\" \/>\n<meta property=\"og:title\" content=\"Dones de r\u00e0dio - Cartellera Focus\" \/>\n<meta property=\"og:url\" content=\"https:\/\/cartellera.focus.cat\/ca\/ex\/dones-de-radio\/\" \/>\n<meta property=\"og:site_name\" content=\"Cartellera Focus\" \/>\n<meta name=\"twitter:card\" content=\"summary_large_image\" \/>\n<script type=\"application\/ld+json\" class=\"yoast-schema-graph\">{\"@context\":\"https:\\\/\\\/schema.org\",\"@graph\":[{\"@type\":\"WebPage\",\"@id\":\"https:\\\/\\\/cartellera.focus.cat\\\/ca\\\/ex\\\/dones-de-radio\\\/\",\"url\":\"https:\\\/\\\/cartellera.focus.cat\\\/ca\\\/ex\\\/dones-de-radio\\\/\",\"name\":\"Dones de r\u00e0dio - Cartellera Focus\",\"isPartOf\":{\"@id\":\"https:\\\/\\\/cartellera.focus.cat\\\/ca\\\/#website\"},\"datePublished\":\"2026-09-03T14:12:57+00:00\",\"breadcrumb\":{\"@id\":\"https:\\\/\\\/cartellera.focus.cat\\\/ca\\\/ex\\\/dones-de-radio\\\/#breadcrumb\"},\"inLanguage\":\"ca\",\"potentialAction\":[{\"@type\":\"ReadAction\",\"target\":[\"https:\\\/\\\/cartellera.focus.cat\\\/ca\\\/ex\\\/dones-de-radio\\\/\"]}]},{\"@type\":\"BreadcrumbList\",\"@id\":\"https:\\\/\\\/cartellera.focus.cat\\\/ca\\\/ex\\\/dones-de-radio\\\/#breadcrumb\",\"itemListElement\":[{\"@type\":\"ListItem\",\"position\":1,\"name\":\"Home\",\"item\":\"https:\\\/\\\/cartellera.focus.cat\\\/ca\\\/\"},{\"@type\":\"ListItem\",\"position\":2,\"name\":\"Espectacles\",\"item\":\"https:\\\/\\\/cartellera.focus.cat\\\/ca\\\/ex\\\/\"},{\"@type\":\"ListItem\",\"position\":3,\"name\":\"Dones de r\u00e0dio\"}]},{\"@type\":\"WebSite\",\"@id\":\"https:\\\/\\\/cartellera.focus.cat\\\/ca\\\/#website\",\"url\":\"https:\\\/\\\/cartellera.focus.cat\\\/ca\\\/\",\"name\":\"Cartellera Focus\",\"description\":\"Troba el teu espectacle als teatres de Focus\",\"publisher\":{\"@id\":\"https:\\\/\\\/cartellera.focus.cat\\\/ca\\\/#organization\"},\"potentialAction\":[{\"@type\":\"SearchAction\",\"target\":{\"@type\":\"EntryPoint\",\"urlTemplate\":\"https:\\\/\\\/cartellera.focus.cat\\\/ca\\\/?s={search_term_string}\"},\"query-input\":{\"@type\":\"PropertyValueSpecification\",\"valueRequired\":true,\"valueName\":\"search_term_string\"}}],\"inLanguage\":\"ca\"},{\"@type\":\"Organization\",\"@id\":\"https:\\\/\\\/cartellera.focus.cat\\\/ca\\\/#organization\",\"name\":\"Cartellera Focus\",\"url\":\"https:\\\/\\\/cartellera.focus.cat\\\/ca\\\/\",\"logo\":{\"@type\":\"ImageObject\",\"inLanguage\":\"ca\",\"@id\":\"https:\\\/\\\/cartellera.focus.cat\\\/ca\\\/#\\\/schema\\\/logo\\\/image\\\/\",\"url\":\"https:\\\/\\\/cartellera.focus.cat\\\/wp-content\\\/uploads\\\/sites\\\/6\\\/2023\\\/01\\\/logo-focus.svg\",\"contentUrl\":\"https:\\\/\\\/cartellera.focus.cat\\\/wp-content\\\/uploads\\\/sites\\\/6\\\/2023\\\/01\\\/logo-focus.svg\",\"width\":1,\"height\":1,\"caption\":\"Cartellera Focus\"},\"image\":{\"@id\":\"https:\\\/\\\/cartellera.focus.cat\\\/ca\\\/#\\\/schema\\\/logo\\\/image\\\/\"},\"sameAs\":[\"https:\\\/\\\/www.instagram.com\\\/grupfocus_\",\"https:\\\/\\\/www.youtube.com\\\/channel\\\/UCHo1UBGWueryu2P-vn8CRXw\",\"https:\\\/\\\/www.linkedin.com\\\/company\\\/grup-focus\\\/\"]}]}<\/script>\n<!-- \/ Yoast SEO plugin. -->","yoast_head_json":{"title":"Dones de r\u00e0dio - Cartellera Focus","robots":{"index":"index","follow":"follow","max-snippet":"max-snippet:-1","max-image-preview":"max-image-preview:large","max-video-preview":"max-video-preview:-1"},"canonical":"https:\/\/cartellera.focus.cat\/ca\/ex\/dones-de-radio\/","og_locale":"ca_ES","og_type":"article","og_title":"Dones de r\u00e0dio - Cartellera Focus","og_url":"https:\/\/cartellera.focus.cat\/ca\/ex\/dones-de-radio\/","og_site_name":"Cartellera Focus","twitter_card":"summary_large_image","schema":{"@context":"https:\/\/schema.org","@graph":[{"@type":"WebPage","@id":"https:\/\/cartellera.focus.cat\/ca\/ex\/dones-de-radio\/","url":"https:\/\/cartellera.focus.cat\/ca\/ex\/dones-de-radio\/","name":"Dones de r\u00e0dio - Cartellera Focus","isPartOf":{"@id":"https:\/\/cartellera.focus.cat\/ca\/#website"},"datePublished":"2026-09-03T14:12:57+00:00","breadcrumb":{"@id":"https:\/\/cartellera.focus.cat\/ca\/ex\/dones-de-radio\/#breadcrumb"},"inLanguage":"ca","potentialAction":[{"@type":"ReadAction","target":["https:\/\/cartellera.focus.cat\/ca\/ex\/dones-de-radio\/"]}]},{"@type":"BreadcrumbList","@id":"https:\/\/cartellera.focus.cat\/ca\/ex\/dones-de-radio\/#breadcrumb","itemListElement":[{"@type":"ListItem","position":1,"name":"Home","item":"https:\/\/cartellera.focus.cat\/ca\/"},{"@type":"ListItem","position":2,"name":"Espectacles","item":"https:\/\/cartellera.focus.cat\/ca\/ex\/"},{"@type":"ListItem","position":3,"name":"Dones de r\u00e0dio"}]},{"@type":"WebSite","@id":"https:\/\/cartellera.focus.cat\/ca\/#website","url":"https:\/\/cartellera.focus.cat\/ca\/","name":"Cartellera Focus","description":"Troba el teu espectacle als teatres de Focus","publisher":{"@id":"https:\/\/cartellera.focus.cat\/ca\/#organization"},"potentialAction":[{"@type":"SearchAction","target":{"@type":"EntryPoint","urlTemplate":"https:\/\/cartellera.focus.cat\/ca\/?s={search_term_string}"},"query-input":{"@type":"PropertyValueSpecification","valueRequired":true,"valueName":"search_term_string"}}],"inLanguage":"ca"},{"@type":"Organization","@id":"https:\/\/cartellera.focus.cat\/ca\/#organization","name":"Cartellera Focus","url":"https:\/\/cartellera.focus.cat\/ca\/","logo":{"@type":"ImageObject","inLanguage":"ca","@id":"https:\/\/cartellera.focus.cat\/ca\/#\/schema\/logo\/image\/","url":"https:\/\/cartellera.focus.cat\/wp-content\/uploads\/sites\/6\/2023\/01\/logo-focus.svg","contentUrl":"https:\/\/cartellera.focus.cat\/wp-content\/uploads\/sites\/6\/2023\/01\/logo-focus.svg","width":1,"height":1,"caption":"Cartellera Focus"},"image":{"@id":"https:\/\/cartellera.focus.cat\/ca\/#\/schema\/logo\/image\/"},"sameAs":["https:\/\/www.instagram.com\/grupfocus_","https:\/\/www.youtube.com\/channel\/UCHo1UBGWueryu2P-vn8CRXw","https:\/\/www.linkedin.com\/company\/grup-focus\/"]}]}},"translations":[{"id":13845,"locale":"ca"},{"id":13856,"locale":"es"}],"_links":{"self":[{"href":"https:\/\/cartellera.focus.cat\/ca\/wp-json\/wp\/v2\/ex\/13845","targetHints":{"allow":["GET"]}}],"collection":[{"href":"https:\/\/cartellera.focus.cat\/ca\/wp-json\/wp\/v2\/ex"}],"about":[{"href":"https:\/\/cartellera.focus.cat\/ca\/wp-json\/wp\/v2\/types\/ex"}],"author":[{"embeddable":true,"href":"https:\/\/cartellera.focus.cat\/ca\/wp-json\/wp\/v2\/users\/2"}],"replies":[{"embeddable":true,"href":"https:\/\/cartellera.focus.cat\/ca\/wp-json\/wp\/v2\/comments?post=13845"}],"wp:attachment":[{"href":"https:\/\/cartellera.focus.cat\/ca\/wp-json\/wp\/v2\/media?parent=13845"}],"curies":[{"name":"wp","href":"https:\/\/api.w.org\/{rel}","templated":true}]}}