{"id":13872,"date":"2026-09-03T15:37:57","date_gmt":"2026-09-03T15:37:57","guid":{"rendered":"https:\/\/cartellera.focus.cat\/ex\/alicia-al-pais-dels-mobils\/"},"modified":"2026-09-03T15:37:57","modified_gmt":"2026-09-03T15:37:57","slug":"alicia-al-pais-dels-mobils","status":"publish","type":"ex","link":"https:\/\/cartellera.focus.cat\/ca\/ex\/alicia-al-pais-dels-mobils\/","title":{"rendered":"Al\u00edcia al pa\u00eds dels m\u00f2bils"},"content":{"rendered":"","protected":false},"excerpt":{"rendered":"","protected":false},"author":2,"featured_media":0,"comment_status":"closed","ping_status":"open","template":"","class_list":["post-13872","ex","type-ex","status-publish","hentry"],"acf":{"txt_synopsis":"<p>El dia que l'Al\u00edcia fa deu anys, li regalen el primer m\u00f2bil. El conill blanc, per\u00f2, l'hi roba i ella haur\u00e0 de rec\u00f3rrer el pa\u00eds de les meravelles fins arribar al palau dels m\u00f2bils per recuperar-lo. Ho aconseguir\u00e0?\u202fAmb aquest viatge, l'Al\u00edcia s'adona que no pot viure com fins ara, que enganxada al m\u00f2bil es perd\u202fel valor de la comunicaci\u00f3\u202famb les persones que l'envolten. <\/p>\n<p>Un muntatge rabiosament contemporani que integra un sorprenent llenguatge audiovisual per parlar de tu a tu amb les noves generacions.\u202f<em>Al\u00edcia\u202f<\/em>convida a reflexionar al voltant dels canvis comunicatius que genera la tecnologia en les fam\u00edlies.<\/p>","main_buy_link":"https:\/\/tickets.oneboxtds.com\/teatregoya\/events\/59562?hl=ca-ES","main_buy_links":"[\"https:\/\/tickets.oneboxtds.com\/teatregoya\/events\/59562?hl=ca-ES\"]","group_buy_link":"","show_language":"Espectacle en catal\u00e0","show_duration":"0","show_start_date":"20270207000000","show_end_date":"20270414000000","show_sort_date":"20270207000000","txt_custom_show_dates":"","show_disciplines":"4","show_ultimes_funcions":false,"hide_tarifes_especials":false,"show_properament":false,"txt_additional_info":"<p>Recomanat a partir de <strong>6 anys<\/strong>  <\/p>","txt_present":"","show_season":false,"txt_season":"[\"2026\/27\"]","txt_cycle":"Fam\u00edlia de teatrerus","txt_claim":"<a href=\"https:\/\/www.4tickets.es\/TeatreRomea\/public\/janto\/?Nivel=Evento&idEvento=TRROM139\">\n<div class=\"text\" style=\"MARGIN-TOP: 10px\" align=\"left\"><img style=\"MARGIN-RIGHT: 10px\" alt=\"\" src=\"http:\/\/cdn.focus.es\/media\/sites\/common\/imgs\/regalromea.jpg\" \/><\/div><\/a>","txt_cast_excerpt":"","txt_cast":"<p>Autoria: <strong>Marta Buchaca (a partir de l&#39;obra original de Lewis Carroll)<\/strong> <br>Direcci\u00f3:  <strong>Jordi And\u00fajar<\/strong> <br>Composici\u00f3 musical: <strong>Keco Pujol <\/strong> <\/p><p>  <\/p><p>Int\u00e8rprets: <strong>Jordi Llordella-Rub\u00e9n Albaladejo, J\u00falia Bonjoch-Xuel D\u00edaz-Judith Porta, Marc Pujol i Queralt Albinyana-Cristina Murillo-Cris Vidal<\/strong> <\/p><p> <\/p><p>Escenografia visual i vestuari: <strong>Desilence <br><\/strong>Disseny d&#39;l\u00b7luminaci\u00f3:  <strong>Isidre Ortiz i Jaume Gomez<\/strong> <br>Disseny de so:<strong> Josep Sanchez Rico<\/strong> <\/p><p>  <\/p><p>Producci\u00f3 executiva: <strong>Gisela Juanet<\/strong> <br>Ajudant de producci\u00f3: <strong>Martina De Cabo <br><\/strong>\u00a0Coordinaci\u00f3 t\u00e8cnica: <strong>Cristian Nadal, Carles Merodio i Ferran Peig <br><\/strong><\/p><p>Ajudant de direcci\u00f3: <strong>M\u00edriam Punt\u00ed<\/strong> <br>Core\u00f2grafa: <strong>Bealia Guerra<\/strong> <br>Regidor: <strong>Xavier Flores<\/strong> <br>\u00a0Cap t\u00e8cnic del teatre: <strong>Roger Mu\u00f1oz<\/strong> <br>T\u00e8cnica del teatre: <strong>Eva Rotll\u00e1n  <\/strong> <\/p><p>   <\/p><p>  <\/p><p>M\u00e0rqueting i comunicaci\u00f3:<strong> Viu el teatre (Khushi Espelt)<\/strong> <br>M\u00e0rqueting i comunicaci\u00f3 del teatre: <strong>Focus <br><\/strong>Administraci\u00f3: <strong>Ana M\u00aa Montero<\/strong> <\/p><p> <\/p><p>   <\/p><p>   <\/p><p> Agra\u00efments:  <strong>Llu\u00efsos de Gr\u00e0cia (Resid\u00e8ncia teatral), Sara Esp\u00edgul, Teatre Romea, Mar Sol\u00e0 i a les nostres fam\u00edlies per ser-hi sempre.<\/strong> <\/p><p><strong> <\/strong> <\/p><p> <\/p><p>Distribuci\u00f3:  <strong>Clara Fontdevila (distribucio@viuelteatre.com)<\/strong> <\/p><p>  <\/p><p>\u00c9s una producci\u00f3 de <strong>Viu el Teatre <\/strong> <\/p>","txt_reviews":"Victor Giralt| Recomana.cat|\"Sospito que aquesta Al\u00edcia \u00e9s un dels millors espectacles familiars que he vist aquesta temporada, i que la meva filla pensa el mateix.\" \nImma Mu\u00f1oz|El Peri\u00f3dico|\"Un texto divertido con m\u00e1s de una capa de lectura, unas canciones bien trabajadas; unas interpretaciones que llegan al ni\u00f1o sin expulsar al padre, y una inteligente escenograf\u00eda.\" \nAndreu Sotorra|Clip de Teatre|\"L'espectacle compta amb un suport t\u00e8cnic i digital d'animaci\u00f3 que li atorga una gran vivesa i fa que no perdi en cap moment el ritme.\"\nJordi Bordes|El Punt-Avui|\"La mirada de Buchaca contemporanitza el conte i, es m\u00e9s, el dota d'un punt de controv\u00e8rsia, sense renunciar a la fantasia ni a la m\u00fasica.\"","hashtag":"ElLle\u00f3Vergony\u00f3s","have_promo":"","slogan":"","id_exhibicio":2441,"id_versio":1142,"id_local":35,"txt_seo_desc":"Al\u00edcia al pa\u00eds dels m\u00f2bils, una obra de teatre familiar de Marta Buchaca a partir de l'obra original de Lewis Carroll al Teatre Romea.","data_images":"[{\"localizer\":\"V3SLIDE\",\"url\":\"media\/ftgalslide\/v3\/31450\/01_086_00045696\/aliciaalpaisdelesmeravellespetitromeateatreinfantilbarcelona0.jpg\",\"thumb_url\":\"media\/ftgalslide\/v3\/31450\/01_086_00045696\/aliciaalpaisdelesmeravellespetitromeateatreinfantilbarcelona0_thumb.jpg\",\"title\":\"Al\u00edcia al pa\u00eds de les meravelles\",\"description\":\"Al\u00edcia al pa\u00eds de les meravelles teatre infantil petit romea barcelona\",\"copyright\":\"https:\/\/www.youtube.com\/watch?v=AKkggykOmOM\",\"order\":51},{\"localizer\":\"V3SLIDE\",\"url\":\"media\/ftgalslide\/v3\/31450\/01_086_00045697\/aliciaalpaisdelesmeravellespetitromeateatreinfantilbarcelona1.jpg\",\"thumb_url\":\"media\/ftgalslide\/v3\/31450\/01_086_00045697\/aliciaalpaisdelesmeravellespetitromeateatreinfantilbarcelona1_thumb.jpg\",\"title\":\"Al\u00edcia al pa\u00eds de les meravelles\",\"description\":\"Al\u00edcia al pa\u00eds de les meravelles teatre infantil petit romea barcelona\",\"copyright\":\"\",\"order\":52},{\"localizer\":\"V3SLIDE\",\"url\":\"media\/ftgalslide\/v3\/31450\/01_086_00045698\/aliciaalpaisdelesmeravellespetitromeateatreinfantilbarcelona2.jpg\",\"thumb_url\":\"media\/ftgalslide\/v3\/31450\/01_086_00045698\/aliciaalpaisdelesmeravellespetitromeateatreinfantilbarcelona2_thumb.jpg\",\"title\":\"Al\u00edcia al pa\u00eds de les meravelles\",\"description\":\"Al\u00edcia al pa\u00eds de les meravelles teatre infantil petit romea barcelona\",\"copyright\":\"\",\"order\":53},{\"localizer\":\"V3SLIDE\",\"url\":\"media\/ftgalslide\/v3\/31450\/01_086_00045699\/aliciaalpaisdelesmeravellespetitromeateatreinfantilbarcelona3.jpg\",\"thumb_url\":\"media\/ftgalslide\/v3\/31450\/01_086_00045699\/aliciaalpaisdelesmeravellespetitromeateatreinfantilbarcelona3_thumb.jpg\",\"title\":\"Al\u00edcia al pa\u00eds de les meravelles\",\"description\":\"Al\u00edcia al pa\u00eds de les meravelles teatre infantil petit romea barcelona\",\"copyright\":\"\",\"order\":54},{\"localizer\":\"V4CARTELL\",\"url\":\"media\/ver\/cartell\/v4\/2026\/09\/c5e317d1-e49e-4d10-80cc-59947f609ab3.jpg\",\"thumb_url\":\"media\/ver\/cartell\/v4\/2026\/09\/a0b77288-96d1-428f-a73d-6d63260bf268.jpg\",\"title\":\"Al\u00edcia al pa\u00eds dels m\u00f3bils - Teatre Goya\",\"description\":\"<p>alicia&nbsp;al&nbsp;pais&nbsp;dels&nbsp;mobils&nbsp;al&nbsp;teatre&nbsp;goya<\/p>\",\"copyright\":\"\",\"order\":0},{\"localizer\":\"V4PORTADA\",\"url\":\"media\/ver\/port\/v4\/2026\/09\/a4de31ab-e0a5-4325-b53e-c256972f2942.jpg\",\"thumb_url\":\"media\/ver\/port\/v4\/2026\/09\/d16fa7b0-206b-49b3-a6b1-51e47dc495b6.jpg\",\"title\":\"Al\u00edcia al pais dels m\u00f2bils - Teatre Goya\",\"description\":\"<p>alicia&nbsp;als&nbsp;pais&nbsp;dels&nbsp;mobils&nbsp;al&nbsp;teatre&nbsp;goya<br>&nbsp;<\/p>\",\"copyright\":\"\",\"order\":72},{\"localizer\":\"V4PORTADAWIDE\",\"url\":\"media\/ver\/port\/wide\/v4\/3170D\/01_091_00059225\/PORTADA_0_alicia.jpg\",\"thumb_url\":\"media\/ver\/port\/wide\/v4\/3170D\/01_091_00059225\/PORTADA_0_alicia.jpg\",\"title\":\"Al\u00edcia al pais dels m\u00f2bils - Teatre Romea - Barcelona\",\"description\":\"alicia als pais dels mobils al teatre romea de barcelonarn \",\"copyright\":\"\",\"order\":71}]","material__texto_intro":"","data_material":null,"data_gallery":"","data_discounts":"[]","contract_is_open":false,"in_tour":false},"yoast_head":"<!-- This site is optimized with the Yoast SEO plugin v28.4 - https:\/\/yoast.com\/product\/yoast-seo-wordpress\/ -->\n<title>Al\u00edcia al pa\u00eds dels m\u00f2bils - Cartellera Focus<\/title>\n<meta name=\"robots\" content=\"index, follow, max-snippet:-1, max-image-preview:large, max-video-preview:-1\" \/>\n<link rel=\"canonical\" href=\"https:\/\/cartellera.focus.cat\/ca\/ex\/alicia-al-pais-dels-mobils\/\" \/>\n<meta property=\"og:locale\" content=\"ca_ES\" \/>\n<meta property=\"og:type\" content=\"article\" \/>\n<meta property=\"og:title\" content=\"Al\u00edcia al pa\u00eds dels m\u00f2bils - Cartellera Focus\" \/>\n<meta property=\"og:url\" content=\"https:\/\/cartellera.focus.cat\/ca\/ex\/alicia-al-pais-dels-mobils\/\" \/>\n<meta property=\"og:site_name\" content=\"Cartellera Focus\" \/>\n<meta name=\"twitter:card\" content=\"summary_large_image\" \/>\n<script type=\"application\/ld+json\" class=\"yoast-schema-graph\">{\"@context\":\"https:\\\/\\\/schema.org\",\"@graph\":[{\"@type\":\"WebPage\",\"@id\":\"https:\\\/\\\/cartellera.focus.cat\\\/ca\\\/ex\\\/alicia-al-pais-dels-mobils\\\/\",\"url\":\"https:\\\/\\\/cartellera.focus.cat\\\/ca\\\/ex\\\/alicia-al-pais-dels-mobils\\\/\",\"name\":\"Al\u00edcia al pa\u00eds dels m\u00f2bils - Cartellera Focus\",\"isPartOf\":{\"@id\":\"https:\\\/\\\/cartellera.focus.cat\\\/ca\\\/#website\"},\"datePublished\":\"2026-09-03T15:37:57+00:00\",\"breadcrumb\":{\"@id\":\"https:\\\/\\\/cartellera.focus.cat\\\/ca\\\/ex\\\/alicia-al-pais-dels-mobils\\\/#breadcrumb\"},\"inLanguage\":\"ca\",\"potentialAction\":[{\"@type\":\"ReadAction\",\"target\":[\"https:\\\/\\\/cartellera.focus.cat\\\/ca\\\/ex\\\/alicia-al-pais-dels-mobils\\\/\"]}]},{\"@type\":\"BreadcrumbList\",\"@id\":\"https:\\\/\\\/cartellera.focus.cat\\\/ca\\\/ex\\\/alicia-al-pais-dels-mobils\\\/#breadcrumb\",\"itemListElement\":[{\"@type\":\"ListItem\",\"position\":1,\"name\":\"Home\",\"item\":\"https:\\\/\\\/cartellera.focus.cat\\\/ca\\\/\"},{\"@type\":\"ListItem\",\"position\":2,\"name\":\"Espectacles\",\"item\":\"https:\\\/\\\/cartellera.focus.cat\\\/ca\\\/ex\\\/\"},{\"@type\":\"ListItem\",\"position\":3,\"name\":\"Al\u00edcia al pa\u00eds dels m\u00f2bils\"}]},{\"@type\":\"WebSite\",\"@id\":\"https:\\\/\\\/cartellera.focus.cat\\\/ca\\\/#website\",\"url\":\"https:\\\/\\\/cartellera.focus.cat\\\/ca\\\/\",\"name\":\"Cartellera Focus\",\"description\":\"Troba el teu espectacle als teatres de Focus\",\"publisher\":{\"@id\":\"https:\\\/\\\/cartellera.focus.cat\\\/ca\\\/#organization\"},\"potentialAction\":[{\"@type\":\"SearchAction\",\"target\":{\"@type\":\"EntryPoint\",\"urlTemplate\":\"https:\\\/\\\/cartellera.focus.cat\\\/ca\\\/?s={search_term_string}\"},\"query-input\":{\"@type\":\"PropertyValueSpecification\",\"valueRequired\":true,\"valueName\":\"search_term_string\"}}],\"inLanguage\":\"ca\"},{\"@type\":\"Organization\",\"@id\":\"https:\\\/\\\/cartellera.focus.cat\\\/ca\\\/#organization\",\"name\":\"Cartellera Focus\",\"url\":\"https:\\\/\\\/cartellera.focus.cat\\\/ca\\\/\",\"logo\":{\"@type\":\"ImageObject\",\"inLanguage\":\"ca\",\"@id\":\"https:\\\/\\\/cartellera.focus.cat\\\/ca\\\/#\\\/schema\\\/logo\\\/image\\\/\",\"url\":\"https:\\\/\\\/cartellera.focus.cat\\\/wp-content\\\/uploads\\\/sites\\\/6\\\/2023\\\/01\\\/logo-focus.svg\",\"contentUrl\":\"https:\\\/\\\/cartellera.focus.cat\\\/wp-content\\\/uploads\\\/sites\\\/6\\\/2023\\\/01\\\/logo-focus.svg\",\"width\":1,\"height\":1,\"caption\":\"Cartellera Focus\"},\"image\":{\"@id\":\"https:\\\/\\\/cartellera.focus.cat\\\/ca\\\/#\\\/schema\\\/logo\\\/image\\\/\"},\"sameAs\":[\"https:\\\/\\\/www.instagram.com\\\/grupfocus_\",\"https:\\\/\\\/www.youtube.com\\\/channel\\\/UCHo1UBGWueryu2P-vn8CRXw\",\"https:\\\/\\\/www.linkedin.com\\\/company\\\/grup-focus\\\/\"]}]}<\/script>\n<!-- \/ Yoast SEO plugin. -->","yoast_head_json":{"title":"Al\u00edcia al pa\u00eds dels m\u00f2bils - Cartellera Focus","robots":{"index":"index","follow":"follow","max-snippet":"max-snippet:-1","max-image-preview":"max-image-preview:large","max-video-preview":"max-video-preview:-1"},"canonical":"https:\/\/cartellera.focus.cat\/ca\/ex\/alicia-al-pais-dels-mobils\/","og_locale":"ca_ES","og_type":"article","og_title":"Al\u00edcia al pa\u00eds dels m\u00f2bils - Cartellera Focus","og_url":"https:\/\/cartellera.focus.cat\/ca\/ex\/alicia-al-pais-dels-mobils\/","og_site_name":"Cartellera Focus","twitter_card":"summary_large_image","schema":{"@context":"https:\/\/schema.org","@graph":[{"@type":"WebPage","@id":"https:\/\/cartellera.focus.cat\/ca\/ex\/alicia-al-pais-dels-mobils\/","url":"https:\/\/cartellera.focus.cat\/ca\/ex\/alicia-al-pais-dels-mobils\/","name":"Al\u00edcia al pa\u00eds dels m\u00f2bils - Cartellera Focus","isPartOf":{"@id":"https:\/\/cartellera.focus.cat\/ca\/#website"},"datePublished":"2026-09-03T15:37:57+00:00","breadcrumb":{"@id":"https:\/\/cartellera.focus.cat\/ca\/ex\/alicia-al-pais-dels-mobils\/#breadcrumb"},"inLanguage":"ca","potentialAction":[{"@type":"ReadAction","target":["https:\/\/cartellera.focus.cat\/ca\/ex\/alicia-al-pais-dels-mobils\/"]}]},{"@type":"BreadcrumbList","@id":"https:\/\/cartellera.focus.cat\/ca\/ex\/alicia-al-pais-dels-mobils\/#breadcrumb","itemListElement":[{"@type":"ListItem","position":1,"name":"Home","item":"https:\/\/cartellera.focus.cat\/ca\/"},{"@type":"ListItem","position":2,"name":"Espectacles","item":"https:\/\/cartellera.focus.cat\/ca\/ex\/"},{"@type":"ListItem","position":3,"name":"Al\u00edcia al pa\u00eds dels m\u00f2bils"}]},{"@type":"WebSite","@id":"https:\/\/cartellera.focus.cat\/ca\/#website","url":"https:\/\/cartellera.focus.cat\/ca\/","name":"Cartellera Focus","description":"Troba el teu espectacle als teatres de Focus","publisher":{"@id":"https:\/\/cartellera.focus.cat\/ca\/#organization"},"potentialAction":[{"@type":"SearchAction","target":{"@type":"EntryPoint","urlTemplate":"https:\/\/cartellera.focus.cat\/ca\/?s={search_term_string}"},"query-input":{"@type":"PropertyValueSpecification","valueRequired":true,"valueName":"search_term_string"}}],"inLanguage":"ca"},{"@type":"Organization","@id":"https:\/\/cartellera.focus.cat\/ca\/#organization","name":"Cartellera Focus","url":"https:\/\/cartellera.focus.cat\/ca\/","logo":{"@type":"ImageObject","inLanguage":"ca","@id":"https:\/\/cartellera.focus.cat\/ca\/#\/schema\/logo\/image\/","url":"https:\/\/cartellera.focus.cat\/wp-content\/uploads\/sites\/6\/2023\/01\/logo-focus.svg","contentUrl":"https:\/\/cartellera.focus.cat\/wp-content\/uploads\/sites\/6\/2023\/01\/logo-focus.svg","width":1,"height":1,"caption":"Cartellera Focus"},"image":{"@id":"https:\/\/cartellera.focus.cat\/ca\/#\/schema\/logo\/image\/"},"sameAs":["https:\/\/www.instagram.com\/grupfocus_","https:\/\/www.youtube.com\/channel\/UCHo1UBGWueryu2P-vn8CRXw","https:\/\/www.linkedin.com\/company\/grup-focus\/"]}]}},"translations":[{"id":13872,"locale":"ca"},{"id":13874,"locale":"es"}],"_links":{"self":[{"href":"https:\/\/cartellera.focus.cat\/ca\/wp-json\/wp\/v2\/ex\/13872","targetHints":{"allow":["GET"]}}],"collection":[{"href":"https:\/\/cartellera.focus.cat\/ca\/wp-json\/wp\/v2\/ex"}],"about":[{"href":"https:\/\/cartellera.focus.cat\/ca\/wp-json\/wp\/v2\/types\/ex"}],"author":[{"embeddable":true,"href":"https:\/\/cartellera.focus.cat\/ca\/wp-json\/wp\/v2\/users\/2"}],"replies":[{"embeddable":true,"href":"https:\/\/cartellera.focus.cat\/ca\/wp-json\/wp\/v2\/comments?post=13872"}],"wp:attachment":[{"href":"https:\/\/cartellera.focus.cat\/ca\/wp-json\/wp\/v2\/media?parent=13872"}],"curies":[{"name":"wp","href":"https:\/\/api.w.org\/{rel}","templated":true}]}}