{"id":10724,"date":"2023-08-31T14:51:41","date_gmt":"2023-08-31T14:51:41","guid":{"rendered":"https:\/\/cartellera.focus.cat\/ex\/elling\/"},"modified":"2026-03-05T15:39:26","modified_gmt":"2026-03-05T15:39:26","slug":"elling","status":"publish","type":"ex","link":"https:\/\/cartellera.focus.cat\/es\/ex\/elling\/","title":{"rendered":"Elling"},"content":{"rendered":"","protected":false},"excerpt":{"rendered":"","protected":false},"author":2,"featured_media":0,"comment_status":"closed","ping_status":"closed","template":"","class_list":["post-10724","ex","type-ex","status-publish","hentry","season-2023-24"],"acf":{"txt_synopsis":"<p><strong>La \u201cnormalidad\u201d est\u00e1 sobrevalorada <\/strong><\/p>\n<p><strong><em>Elling<\/em><\/strong> es un cuento, una f\u00e1bula llena de animales humanos, tierna, divertida y vibrante que nos explica una historia de superaci\u00f3n personal gracias a una amistad original e imprevisible. Elling y Kjell se conocen compartiendo habitaci\u00f3n en un centro psiqui\u00e1trico. A pesar de todo, parece indicar que su asociaci\u00f3n no funcionar\u00e1, pasado un tiempo el estado les da la oportunidad de compartir un piso tutelado en la ciudad de Oslo y a partir de aqu\u00ed empezar\u00e1n un camino lleno de retos, sorpresas, crecimiento, conocimientos y revelaciones personales que cambiar\u00e1n todas las expectativas y los pron\u00f3sticos de fracaso. Una historia de perdedores que aprenden a ganar sin el permiso de nadie. <\/p>\n<p>&nbsp;<\/p>\n<p><\/p>","main_buy_link":"","main_buy_links":"","group_buy_link":"","show_language":"Espect\u00e1culo en catalan","show_duration":"105","show_start_date":"20240127000000","show_end_date":"20240414000000","show_sort_date":"20240127000000","txt_custom_show_dates":"del 27 de enero al 14 de abril de 2024","show_disciplines":"11","show_ultimes_funcions":true,"hide_tarifes_especials":false,"show_properament":false,"txt_additional_info":"<p><i class=\"fa fa-deaf fa-2x fa-fw\"><\/i>Recomendado a partir de 12 a\u00f1os.<\/p>\n<p><\/p>\n<p>&nbsp;<\/p>","txt_present":"","show_season":[65],"txt_season":"[\"2023\/24\"]","txt_cycle":"","txt_claim":"","txt_cast_excerpt":"","txt_cast":"<p>Autor\u00eda: <strong>Ingvar Ambj\u00f8rnsen<\/strong> <br \/>Adaptaci\u00f3n original: <strong>Axel Hellstenius en colaboraci\u00f3n con Petter N\u00e6s <br \/><\/strong>Nueva versi\u00f3n: <strong>Simon Bent <br \/><\/strong>Direcci\u00f3n: <strong>Pau Carri\u00f3 <\/strong><\/p>\n<p>Int\u00e9rpretes:<strong> David Verdaguer, Albert Prat, Albert Ribalta, \u00d2scar Mu\u00f1oz y Queralt Casasayas <\/strong><\/p>\n<p>Escenograf\u00eda: <strong>Sebasti\u00e0 Brosa&nbsp; <br \/><\/strong>Vestuario: <strong>Zaida Crespo <br \/><\/strong>Iluminaci\u00f3n: <strong>Guillem Gelabert&nbsp; <br \/><\/strong>Espacio sonoro: <strong>Pau Carri\u00f3 <br \/><\/strong>Caracterizaci\u00f3n:<strong> N\u00faria Llunell <\/strong><\/p>\n<p>Direcci\u00f3n de producci\u00f3n: <strong>Maite Pijuan&nbsp; <br \/><\/strong>Producci\u00f3n ejecutiva: <strong>\u00c0lvar Rovira&nbsp; <br \/><\/strong>Direcci\u00f3n de oficina t\u00e9cnica: <strong>Moi Cuenca&nbsp; <br \/><\/strong>Oficina t\u00e9cnica: <strong>David Ruiz&nbsp; <\/strong><\/p>\n<p>Ayudant\u00eda de direcci\u00f3n: <strong>Omar Ba\u00f1\u00f3n <br \/><\/strong>Ayudant\u00eda de escenograf\u00eda:<strong> Laura Mart\u00ednez Pi <br \/><\/strong>Ayudant\u00eda de producci\u00f3n:<strong> Sira Castells <br \/><\/strong>Regidur\u00eda:<strong> Omar Ba\u00f1\u00f3n <br \/><\/strong>Jefe t\u00e9cnico del teatro: <strong>Marta P\u00e9rez<\/strong> <br \/><br \/>Construcci\u00f3n de la escenograf\u00eda: <strong>Jorba-Mir\u00f3 Estudi-taller d\u2019escenografia <br \/><\/strong><\/p>\n<p>M\u00e1rquetin y comunicaci\u00f3n: <strong>La Villarroel&nbsp; <br \/><\/strong>Reportaje fotogr\u00e1fico: <strong>David Ruano<\/strong>&nbsp; <br \/>Dise\u00f1o gr\u00e1fico: <strong>Santi&Kco<\/strong>&nbsp; <br \/><br \/>Colaboradores: <strong>Jorge de la Garza y Montibello <\/strong><\/p>\n<p>Con el apoyo de: <strong>Generalitat de Catalunya- ICEC Institut Catal\u00e0 de les Empreses Culturals&nbsp; <\/strong><\/p>\n<p>Distribuci\u00f3n: <strong>Sergi Calleja (<\/strong><a href=\"mailto:scalleja@focus.cat\"><strong>scalleja@focus.cat<\/strong><\/a><strong>) <br \/><\/strong>&nbsp;<br \/>Es una producci\u00f3n de <strong>La Villarroel <br \/><\/strong><\/p>","txt_reviews":"Santi Fondevila|Diari ARA|\"David Verdaguer hace una genuina y magn\u00edfica creaci\u00f3n.\u201d\nAndreu Gomila| Time Out|\"Un espect\u00e1culo entretenido que nos har\u00e1 creer que el mundo puede ser mejor del que es.\"\nAna Prieto Nadal |El Nacional.cat|\"Prat y Verdaguer, fant\u00e1sticamente acompa\u00f1ados por el resto del elenco, est\u00e1n sublimes.\"","hashtag":"Elling","have_promo":"","slogan":"","id_exhibicio":2054,"id_versio":1624,"id_local":4,"txt_seo_desc":"","data_images":"[{\"localizer\":\"V3SLIDE\",\"url\":\"media\/ftgalslide\/v3\/316A1\/01_086_00057336\/T24_Elling_004.jpg\",\"thumb_url\":\"media\/ftgalslide\/v3\/316A1\/01_086_00057336\/T24_Elling_004_thumb.jpg\",\"title\":\"Elling - La Villarroel\",\"description\":\"elling a la villarroel de barcleona\",\"copyright\":\"https:\/\/youtu.be\/zUXo_8Cu_PY\",\"order\":12},{\"localizer\":\"V3SLIDE\",\"url\":\"media\/ftgalslide\/v3\/316A1\/01_086_00057337\/T24_Elling_035.jpg\",\"thumb_url\":\"media\/ftgalslide\/v3\/316A1\/01_086_00057337\/T24_Elling_035_thumb.jpg\",\"title\":\"Elling - La Villarroel\",\"description\":\"elling a la villarroel de barcleona\",\"copyright\":\"\",\"order\":13},{\"localizer\":\"V3SLIDE\",\"url\":\"media\/ftgalslide\/v3\/316A1\/01_086_00057338\/T24_Elling_016.jpg\",\"thumb_url\":\"media\/ftgalslide\/v3\/316A1\/01_086_00057338\/T24_Elling_016_thumb.jpg\",\"title\":\"Elling - La Villarroel\",\"description\":\"elling a la villarroel de barcelona\",\"copyright\":\"\",\"order\":14},{\"localizer\":\"V4PORTADA\",\"url\":\"media\/ver\/port\/v4\/316A2\/01_090_00057397\/Portada-1-elling-la-villarroel.jpg\",\"thumb_url\":\"\",\"title\":\"Elling - la villarroel\",\"description\":\"elling a la villarroel\",\"copyright\":\"\",\"order\":17},{\"localizer\":\"V4CARTELL\",\"url\":\"media\/ver\/cartell\/v4\/316A2\/01_089_00057398\/Cartell-web-elling-la-villarroel.jpg\",\"thumb_url\":\"\",\"title\":\"Elling  - La villarroel\",\"description\":\"elling a la villarroel\",\"copyright\":\"\",\"order\":18},{\"localizer\":\"V3CARTELL\",\"url\":\"media\/ver\/cartell\/v3\/316A2\/01_085_00057411\/cartell-web-distri.jpg\",\"thumb_url\":\"media\/ver\/cartell\/v3\/316A2\/01_085_00057411\/cartell-web-distri_thumb.jpg\",\"title\":\"Elling\",\"description\":\"Elling\",\"copyright\":\"\",\"order\":19},{\"localizer\":\"V4PORTADAWIDE\",\"url\":\"media\/ver\/port\/wide\/v4\/316A3\/01_091_00057585\/PORTADA-0.jpg\",\"thumb_url\":\"\",\"title\":\"Elling - \u00daltimes funcions\",\"description\":\"elling ultimes funcions\",\"copyright\":\"\",\"order\":20},{\"localizer\":\"V4PORTADAWIDEMOBILE\",\"url\":\"media\/ver\/port\/wide\/mobile\/v4\/316A3\/01_092_00057586\/portada-0-mob-ELLING.jpg\",\"thumb_url\":\"\",\"title\":\"Elling - \u00faltimes funcions\",\"description\":\"elling ultimes funcions\",\"copyright\":\"\",\"order\":21}]","material__texto_intro":"","data_material":null,"data_gallery":"","data_discounts":"[]","contract_is_open":true,"in_tour":false},"yoast_head":"<!-- This site is optimized with the Yoast SEO plugin v27.5 - https:\/\/yoast.com\/product\/yoast-seo-wordpress\/ -->\n<title>Elling - Cartellera Focus<\/title>\n<meta name=\"robots\" content=\"index, follow, max-snippet:-1, max-image-preview:large, max-video-preview:-1\" \/>\n<link rel=\"canonical\" href=\"https:\/\/cartellera.focus.cat\/es\/ex\/elling\/\" \/>\n<meta property=\"og:locale\" content=\"es_ES\" \/>\n<meta property=\"og:type\" content=\"article\" \/>\n<meta property=\"og:title\" content=\"Elling - Cartellera Focus\" \/>\n<meta property=\"og:url\" content=\"https:\/\/cartellera.focus.cat\/es\/ex\/elling\/\" \/>\n<meta property=\"og:site_name\" content=\"Cartellera Focus\" \/>\n<meta property=\"article:modified_time\" content=\"2026-03-05T15:39:26+00:00\" \/>\n<meta name=\"twitter:card\" content=\"summary_large_image\" \/>\n<script type=\"application\/ld+json\" class=\"yoast-schema-graph\">{\"@context\":\"https:\\\/\\\/schema.org\",\"@graph\":[{\"@type\":\"WebPage\",\"@id\":\"https:\\\/\\\/cartellera.focus.cat\\\/es\\\/ex\\\/elling\\\/\",\"url\":\"https:\\\/\\\/cartellera.focus.cat\\\/es\\\/ex\\\/elling\\\/\",\"name\":\"Elling - Cartellera Focus\",\"isPartOf\":{\"@id\":\"https:\\\/\\\/cartellera.focus.cat\\\/es\\\/#website\"},\"datePublished\":\"2023-08-31T14:51:41+00:00\",\"dateModified\":\"2026-03-05T15:39:26+00:00\",\"breadcrumb\":{\"@id\":\"https:\\\/\\\/cartellera.focus.cat\\\/es\\\/ex\\\/elling\\\/#breadcrumb\"},\"inLanguage\":\"es\",\"potentialAction\":[{\"@type\":\"ReadAction\",\"target\":[\"https:\\\/\\\/cartellera.focus.cat\\\/es\\\/ex\\\/elling\\\/\"]}]},{\"@type\":\"BreadcrumbList\",\"@id\":\"https:\\\/\\\/cartellera.focus.cat\\\/es\\\/ex\\\/elling\\\/#breadcrumb\",\"itemListElement\":[{\"@type\":\"ListItem\",\"position\":1,\"name\":\"Home\",\"item\":\"https:\\\/\\\/cartellera.focus.cat\\\/es\\\/\"},{\"@type\":\"ListItem\",\"position\":2,\"name\":\"Espectacles\",\"item\":\"https:\\\/\\\/cartellera.focus.cat\\\/es\\\/ex\\\/\"},{\"@type\":\"ListItem\",\"position\":3,\"name\":\"Elling\"}]},{\"@type\":\"WebSite\",\"@id\":\"https:\\\/\\\/cartellera.focus.cat\\\/es\\\/#website\",\"url\":\"https:\\\/\\\/cartellera.focus.cat\\\/es\\\/\",\"name\":\"Cartellera Focus\",\"description\":\"Troba el teu espectacle als teatres de Focus\",\"publisher\":{\"@id\":\"https:\\\/\\\/cartellera.focus.cat\\\/es\\\/#organization\"},\"potentialAction\":[{\"@type\":\"SearchAction\",\"target\":{\"@type\":\"EntryPoint\",\"urlTemplate\":\"https:\\\/\\\/cartellera.focus.cat\\\/es\\\/?s={search_term_string}\"},\"query-input\":{\"@type\":\"PropertyValueSpecification\",\"valueRequired\":true,\"valueName\":\"search_term_string\"}}],\"inLanguage\":\"es\"},{\"@type\":\"Organization\",\"@id\":\"https:\\\/\\\/cartellera.focus.cat\\\/es\\\/#organization\",\"name\":\"Cartellera Focus\",\"url\":\"https:\\\/\\\/cartellera.focus.cat\\\/es\\\/\",\"logo\":{\"@type\":\"ImageObject\",\"inLanguage\":\"es\",\"@id\":\"https:\\\/\\\/cartellera.focus.cat\\\/es\\\/#\\\/schema\\\/logo\\\/image\\\/\",\"url\":\"https:\\\/\\\/cartellera.focus.cat\\\/wp-content\\\/uploads\\\/sites\\\/6\\\/2023\\\/01\\\/logo-focus.svg\",\"contentUrl\":\"https:\\\/\\\/cartellera.focus.cat\\\/wp-content\\\/uploads\\\/sites\\\/6\\\/2023\\\/01\\\/logo-focus.svg\",\"width\":1,\"height\":1,\"caption\":\"Cartellera Focus\"},\"image\":{\"@id\":\"https:\\\/\\\/cartellera.focus.cat\\\/es\\\/#\\\/schema\\\/logo\\\/image\\\/\"},\"sameAs\":[\"https:\\\/\\\/www.instagram.com\\\/grupfocus_\",\"https:\\\/\\\/www.youtube.com\\\/channel\\\/UCHo1UBGWueryu2P-vn8CRXw\",\"https:\\\/\\\/www.linkedin.com\\\/company\\\/grup-focus\\\/\"]}]}<\/script>\n<!-- \/ Yoast SEO plugin. -->","yoast_head_json":{"title":"Elling - Cartellera Focus","robots":{"index":"index","follow":"follow","max-snippet":"max-snippet:-1","max-image-preview":"max-image-preview:large","max-video-preview":"max-video-preview:-1"},"canonical":"https:\/\/cartellera.focus.cat\/es\/ex\/elling\/","og_locale":"es_ES","og_type":"article","og_title":"Elling - Cartellera Focus","og_url":"https:\/\/cartellera.focus.cat\/es\/ex\/elling\/","og_site_name":"Cartellera Focus","article_modified_time":"2026-03-05T15:39:26+00:00","twitter_card":"summary_large_image","schema":{"@context":"https:\/\/schema.org","@graph":[{"@type":"WebPage","@id":"https:\/\/cartellera.focus.cat\/es\/ex\/elling\/","url":"https:\/\/cartellera.focus.cat\/es\/ex\/elling\/","name":"Elling - Cartellera Focus","isPartOf":{"@id":"https:\/\/cartellera.focus.cat\/es\/#website"},"datePublished":"2023-08-31T14:51:41+00:00","dateModified":"2026-03-05T15:39:26+00:00","breadcrumb":{"@id":"https:\/\/cartellera.focus.cat\/es\/ex\/elling\/#breadcrumb"},"inLanguage":"es","potentialAction":[{"@type":"ReadAction","target":["https:\/\/cartellera.focus.cat\/es\/ex\/elling\/"]}]},{"@type":"BreadcrumbList","@id":"https:\/\/cartellera.focus.cat\/es\/ex\/elling\/#breadcrumb","itemListElement":[{"@type":"ListItem","position":1,"name":"Home","item":"https:\/\/cartellera.focus.cat\/es\/"},{"@type":"ListItem","position":2,"name":"Espectacles","item":"https:\/\/cartellera.focus.cat\/es\/ex\/"},{"@type":"ListItem","position":3,"name":"Elling"}]},{"@type":"WebSite","@id":"https:\/\/cartellera.focus.cat\/es\/#website","url":"https:\/\/cartellera.focus.cat\/es\/","name":"Cartellera Focus","description":"Troba el teu espectacle als teatres de Focus","publisher":{"@id":"https:\/\/cartellera.focus.cat\/es\/#organization"},"potentialAction":[{"@type":"SearchAction","target":{"@type":"EntryPoint","urlTemplate":"https:\/\/cartellera.focus.cat\/es\/?s={search_term_string}"},"query-input":{"@type":"PropertyValueSpecification","valueRequired":true,"valueName":"search_term_string"}}],"inLanguage":"es"},{"@type":"Organization","@id":"https:\/\/cartellera.focus.cat\/es\/#organization","name":"Cartellera Focus","url":"https:\/\/cartellera.focus.cat\/es\/","logo":{"@type":"ImageObject","inLanguage":"es","@id":"https:\/\/cartellera.focus.cat\/es\/#\/schema\/logo\/image\/","url":"https:\/\/cartellera.focus.cat\/wp-content\/uploads\/sites\/6\/2023\/01\/logo-focus.svg","contentUrl":"https:\/\/cartellera.focus.cat\/wp-content\/uploads\/sites\/6\/2023\/01\/logo-focus.svg","width":1,"height":1,"caption":"Cartellera Focus"},"image":{"@id":"https:\/\/cartellera.focus.cat\/es\/#\/schema\/logo\/image\/"},"sameAs":["https:\/\/www.instagram.com\/grupfocus_","https:\/\/www.youtube.com\/channel\/UCHo1UBGWueryu2P-vn8CRXw","https:\/\/www.linkedin.com\/company\/grup-focus\/"]}]}},"translations":[{"id":10721,"locale":"ca"},{"id":10724,"locale":"es"}],"_links":{"self":[{"href":"https:\/\/cartellera.focus.cat\/es\/wp-json\/wp\/v2\/ex\/10724","targetHints":{"allow":["GET"]}}],"collection":[{"href":"https:\/\/cartellera.focus.cat\/es\/wp-json\/wp\/v2\/ex"}],"about":[{"href":"https:\/\/cartellera.focus.cat\/es\/wp-json\/wp\/v2\/types\/ex"}],"author":[{"embeddable":true,"href":"https:\/\/cartellera.focus.cat\/es\/wp-json\/wp\/v2\/users\/2"}],"replies":[{"embeddable":true,"href":"https:\/\/cartellera.focus.cat\/es\/wp-json\/wp\/v2\/comments?post=10724"}],"acf:term":[{"embeddable":true,"taxonomy":"season","href":"https:\/\/cartellera.focus.cat\/es\/wp-json\/wp\/v2\/season\/65"}],"wp:attachment":[{"href":"https:\/\/cartellera.focus.cat\/es\/wp-json\/wp\/v2\/media?parent=10724"}],"curies":[{"name":"wp","href":"https:\/\/api.w.org\/{rel}","templated":true}]}}