{"id":10773,"date":"2023-10-24T08:02:56","date_gmt":"2023-10-24T08:02:56","guid":{"rendered":"https:\/\/cartellera.focus.cat\/ex\/salome\/"},"modified":"2026-03-05T15:19:06","modified_gmt":"2026-03-05T15:19:06","slug":"salome","status":"publish","type":"ex","link":"https:\/\/cartellera.focus.cat\/es\/ex\/salome\/","title":{"rendered":"Salom\u00e9"},"content":{"rendered":"","protected":false},"excerpt":{"rendered":"","protected":false},"author":2,"featured_media":0,"comment_status":"closed","ping_status":"closed","template":"","class_list":["post-10773","ex","type-ex","status-publish","hentry","season-2023-24"],"acf":{"txt_synopsis":"<p>Es Historia. Historia brutal. Este cuento lo pueblan personas que han existido y se han cruzado en las calles. <\/p>\n<p>En los primeros a\u00f1os del Siglo Uno de nuestra Era, los romanos contin\u00faan invadiendo las tierras que rodean el Mediterr\u00e1neo. Colocan monarcas, dictadores salvajes para someter a sus gentes. Llegan a Judea. Y all\u00ed una princesa, Salom\u00e9, apoya en secreto a los rebeldes que resisten al gobierno del Rey Herodes, ese t\u00edtere corrupto nombrado por Roma. Un hombre sin moral que gobierna sin ley. <\/p>\n<p>Juan el Bautista, l\u00edder espiritual de su pueblo, grita contra el invasor y se descarna cautivo en la prisi\u00f3n del Palacio de Herodes. Da la vida por un Tiempo Nuevo. Es un Profeta. Dice que la esperanza es el aliento de todos los sue\u00f1os. Y enciende el deseo de la Princesa. Salom\u00e9, perdida en la cabeza de su amado Juan el Bautista, sufre. Rechazada por \u00e9l se transforma en una mujer sangrante. <\/p>\n<p>Salom\u00e9, expresi\u00f3n del Poder Sensual Absoluto, extrema su deseo por el Bautista. Un deseo que se desborda en muerte. <br \/><\/p>","main_buy_link":"https:\/\/proticketing.com\/teatregoya\/es_ES\/entradas\/evento\/32796","main_buy_links":"[\"https:\/\/proticketing.com\/teatregoya\/es_ES\/entradas\/evento\/32796\"]","group_buy_link":"","show_language":"Espect\u00e1culo en castellano","show_duration":"90","show_start_date":"20240319000000","show_end_date":"20240324000000","show_sort_date":"20240319000000","txt_custom_show_dates":"hasta el 24 de marzo de 2024","show_disciplines":"11","show_ultimes_funcions":false,"hide_tarifes_especials":false,"show_properament":false,"txt_additional_info":"<p><i class=\"fa fa-deaf fa-2x fa-fw\"><\/i>*Funci\u00f3n accesible: 22\/03 a las 20h. La funci\u00f3n contar\u00e1 con:<br \/>\u00b7 Audiodescripci\u00f3n<br \/>\u00b7 Subtitulado<br \/>\u00b7 Sonido amplificado <\/p>\n<p><i class=\"fa fa-info fa-2x fa-fw\"><\/i>*Visi\u00f3n \u00f3ptima, a partir de la fila 10 de platea hacia atr\u00e1s. <\/p>","txt_present":"","show_season":[65],"txt_season":"[\"2023\/24\"]","txt_cycle":"","txt_claim":"Es Historia. Historia brutal. Este cuento lo pueblan personas que han existido y se han cruzado en las calles.","txt_cast_excerpt":"","txt_cast":"<p>Texto y direcci\u00f3n: <strong>Mag\u00fci Mira <br \/><\/strong>Composici\u00f3n musical: <strong>Marc \u00c1lvarez <\/strong><\/p>\n<p>Int\u00e9rpretes: <strong>Bel\u00e9n Rueda, Luisa Mart\u00edn, Juan Fern\u00e1ndez, Pablo Puyol, Sergio Mur, Antonio Sansano, Jorge Mayor, Jos\u00e9 Fern\u00e1ndez y Jose de la Torre <br \/><\/strong>&nbsp;&nbsp; <br \/>Escenograf\u00eda: <strong>Curt Allen Wilmer y Leticia Ga\u00f1an (Estudio deDos AAEE) <\/strong><\/p>\n<p>Dise\u00f1o de vestuario: <strong>Helena Sanchis <\/strong><\/p>\n<p>Iluminaci\u00f3n: <strong>Jos\u00e9 Manuel Guerra <\/strong><\/p>\n<p>Movimiento esc\u00e9nico de Salom\u00e9: <strong>Cienfuegos Danza <br \/><\/strong>Movimiento esc\u00e9nico de la guardia de Herodes: <strong>Pedro Almagro <\/strong><\/p>\n<p>Productor: <strong>Jes\u00fas Cimarro<\/strong> <br \/>Jefe de producci\u00f3n: <strong>Juan Pedro Campoy <\/strong><\/p>\n<p>Ayudante de direcci\u00f3n: <strong>Pedro Almagro<\/strong> <br \/>Ayudante de producci\u00f3n: <strong>Nicol\u00e1s Gallego <br \/><\/strong>Ayudante de escenograf\u00eda: <strong>Laura Ord\u00e1s<\/strong> <br \/>Ayudante de vestuario: <strong>Raquel Linares<\/strong> <br \/>Regidur\u00eda y gerencia: <strong>Guillermo Delgado <br \/><\/strong>Sastrer\u00eda: <strong>Claudia Botero <br \/><\/strong>Maquillaje y peluquer\u00eda: <strong>Roberto Siguero <br \/><\/strong>T\u00e9cnico de luces: <strong>Marc Jardi <br \/><\/strong>T\u00e9cnico de sonido: <strong>F\u00e9lix Botana <br \/><\/strong>Maquinista: <strong>Iv\u00e1n Avellano<\/strong> <br \/>Jefe t\u00e9cnico: Richi<strong> Romanos <br \/><\/strong>Jefe t\u00e9cnico del teatro: <strong>Roger Mu\u00f1oz<\/strong>&nbsp; <\/p>\n<p>M\u00e1rquetin y comunicaci\u00f3n: <strong>Focus<\/strong>&nbsp; <br \/>Fotograf\u00edas del cartel: <strong>Jero Morales<\/strong> <br \/>Dise\u00f1o de cartel: <strong>David Sueiro <br \/><\/strong>Aplicaciones gr\u00e1ficas: <strong>Santi&Kco<\/strong>&nbsp; <br \/>&nbsp;&nbsp; <br \/>Colabora: <strong>Gobierno de Espa\u00f1a - Ministerio de Cultura \u2013 INAEM (Instituto Nacional de Artes Esc\u00e9nicas y de la M\u00fasica) <br \/><br \/><\/strong>Es una producci\u00f3n de <strong>Festival Internacional de Teatro Cl\u00e1sico de M\u00e9rida y Pentaci\u00f3n Espect\u00e1culos <br \/>&nbsp; <br \/><\/strong><\/p>","txt_reviews":"Andreu Sotorra|Recomana|\"Salom\u00e9 de Bel\u00e9n Rueda acontece un clamor feminista\"\nMarcos Mu\u00f1oz|En Platea |\"Uno de los espect\u00e1culos m\u00e1s impactantes de la temporada\"\nPablo-Ignacio de Dalmases|Catalunya Press|\"Un espect\u00e1culo innovador y hermoso\"","hashtag":"Salom\u00e9","have_promo":"","slogan":"","id_exhibicio":2071,"id_versio":1649,"id_local":35,"txt_seo_desc":"Salom\u00e9 en el Teatre Goya de Barcelona","data_images":"[{\"localizer\":\"V4PORTADAWIDE\",\"url\":\"media\/ver\/port\/wide\/v4\/31646\/01_091_00056769\/Portada-0-salome-teatre-goya.jpg\",\"thumb_url\":\"\",\"title\":\"Salom\u00e9 - Teatre Goya\",\"description\":\"salome en el teatre goya de barcelona\",\"copyright\":\"\",\"order\":1},{\"localizer\":\"V4PORTADAWIDEMOBILE\",\"url\":\"media\/ver\/port\/wide\/mobile\/v4\/31646\/01_092_00056770\/Portada-mobile-salome-teatre-goya.jpg\",\"thumb_url\":\"\",\"title\":\"Salom\u00e9 - Teatre Goya\",\"description\":\"salome en el teatre goya de barcelona\",\"copyright\":\"\",\"order\":2},{\"localizer\":\"V4PORTADA\",\"url\":\"media\/ver\/port\/v4\/31646\/01_090_00056771\/Portada-1-salome-teatre-goya.jpg\",\"thumb_url\":\"\",\"title\":\"Salom\u00e9 - Teatre Goya\",\"description\":\"salome en el teatre goya de barcelona\",\"copyright\":\"\",\"order\":3},{\"localizer\":\"V4CARTELL\",\"url\":\"media\/ver\/cartell\/v4\/31646\/01_089_00056772\/Cartell-web-salome-teatre-goya.jpg\",\"thumb_url\":\"\",\"title\":\"Salom\u00e9 - Teatre Goya\",\"description\":\"salome en el teatre goya de barcelona\",\"copyright\":\"\",\"order\":4},{\"localizer\":\"V3SLIDE\",\"url\":\"media\/ftgalslide\/v3\/316A2\/01_086_00057412\/salome-5.jpg\",\"thumb_url\":\"media\/ftgalslide\/v3\/316A2\/01_086_00057412\/salome-5_thumb.jpg\",\"title\":\"Salom\u00e9 - Teatre Goya\",\"description\":\"salome en el teatre goya de barcelona\",\"copyright\":\"https:\/\/www.youtube.com\/watch?v=AksP4qIsRK8\",\"order\":5},{\"localizer\":\"V3SLIDE\",\"url\":\"media\/ftgalslide\/v3\/316A2\/01_086_00057413\/salome-8.jpg\",\"thumb_url\":\"media\/ftgalslide\/v3\/316A2\/01_086_00057413\/salome-8_thumb.jpg\",\"title\":\"Salom\u00e9 - Teatre Goya\",\"description\":\"salome en el teatre goya de barcelona\",\"copyright\":\"\",\"order\":6},{\"localizer\":\"V3SLIDE\",\"url\":\"media\/ftgalslide\/v3\/316A2\/01_086_00057414\/salome-6.jpg\",\"thumb_url\":\"media\/ftgalslide\/v3\/316A2\/01_086_00057414\/salome-6_thumb.jpg\",\"title\":\"Salom\u00e9 - Teatre Goya\",\"description\":\"salome en el teatre goya de barcelona\",\"copyright\":\"\",\"order\":7},{\"localizer\":\"V3SLIDE\",\"url\":\"media\/ftgalslide\/v3\/316A2\/01_086_00057415\/salome-2.jpg\",\"thumb_url\":\"media\/ftgalslide\/v3\/316A2\/01_086_00057415\/salome-2_thumb.jpg\",\"title\":\"Salom\u00e9 - Teatre Goya\",\"description\":\"salome en el teatre goya de barcelona\",\"copyright\":\"\",\"order\":8}]","material__texto_intro":"","data_material":null,"data_gallery":"","data_discounts":"[]","contract_is_open":false,"in_tour":false},"yoast_head":"<!-- This site is optimized with the Yoast SEO plugin v27.4 - https:\/\/yoast.com\/product\/yoast-seo-wordpress\/ -->\n<title>Salom\u00e9 - Cartellera Focus<\/title>\n<meta name=\"robots\" content=\"index, follow, max-snippet:-1, max-image-preview:large, max-video-preview:-1\" \/>\n<link rel=\"canonical\" href=\"https:\/\/cartellera.focus.cat\/es\/ex\/salome\/\" \/>\n<meta property=\"og:locale\" content=\"es_ES\" \/>\n<meta property=\"og:type\" content=\"article\" \/>\n<meta property=\"og:title\" content=\"Salom\u00e9 - Cartellera Focus\" \/>\n<meta property=\"og:url\" content=\"https:\/\/cartellera.focus.cat\/es\/ex\/salome\/\" \/>\n<meta property=\"og:site_name\" content=\"Cartellera Focus\" \/>\n<meta property=\"article:modified_time\" content=\"2026-03-05T15:19:06+00:00\" \/>\n<meta name=\"twitter:card\" content=\"summary_large_image\" \/>\n<script type=\"application\/ld+json\" class=\"yoast-schema-graph\">{\"@context\":\"https:\\\/\\\/schema.org\",\"@graph\":[{\"@type\":\"WebPage\",\"@id\":\"https:\\\/\\\/cartellera.focus.cat\\\/es\\\/ex\\\/salome\\\/\",\"url\":\"https:\\\/\\\/cartellera.focus.cat\\\/es\\\/ex\\\/salome\\\/\",\"name\":\"Salom\u00e9 - Cartellera Focus\",\"isPartOf\":{\"@id\":\"https:\\\/\\\/cartellera.focus.cat\\\/es\\\/#website\"},\"datePublished\":\"2023-10-24T08:02:56+00:00\",\"dateModified\":\"2026-03-05T15:19:06+00:00\",\"breadcrumb\":{\"@id\":\"https:\\\/\\\/cartellera.focus.cat\\\/es\\\/ex\\\/salome\\\/#breadcrumb\"},\"inLanguage\":\"es\",\"potentialAction\":[{\"@type\":\"ReadAction\",\"target\":[\"https:\\\/\\\/cartellera.focus.cat\\\/es\\\/ex\\\/salome\\\/\"]}]},{\"@type\":\"BreadcrumbList\",\"@id\":\"https:\\\/\\\/cartellera.focus.cat\\\/es\\\/ex\\\/salome\\\/#breadcrumb\",\"itemListElement\":[{\"@type\":\"ListItem\",\"position\":1,\"name\":\"Home\",\"item\":\"https:\\\/\\\/cartellera.focus.cat\\\/es\\\/\"},{\"@type\":\"ListItem\",\"position\":2,\"name\":\"Espectacles\",\"item\":\"https:\\\/\\\/cartellera.focus.cat\\\/es\\\/ex\\\/\"},{\"@type\":\"ListItem\",\"position\":3,\"name\":\"Salom\u00e9\"}]},{\"@type\":\"WebSite\",\"@id\":\"https:\\\/\\\/cartellera.focus.cat\\\/es\\\/#website\",\"url\":\"https:\\\/\\\/cartellera.focus.cat\\\/es\\\/\",\"name\":\"Cartellera Focus\",\"description\":\"Troba el teu espectacle als teatres de Focus\",\"publisher\":{\"@id\":\"https:\\\/\\\/cartellera.focus.cat\\\/es\\\/#organization\"},\"potentialAction\":[{\"@type\":\"SearchAction\",\"target\":{\"@type\":\"EntryPoint\",\"urlTemplate\":\"https:\\\/\\\/cartellera.focus.cat\\\/es\\\/?s={search_term_string}\"},\"query-input\":{\"@type\":\"PropertyValueSpecification\",\"valueRequired\":true,\"valueName\":\"search_term_string\"}}],\"inLanguage\":\"es\"},{\"@type\":\"Organization\",\"@id\":\"https:\\\/\\\/cartellera.focus.cat\\\/es\\\/#organization\",\"name\":\"Cartellera Focus\",\"url\":\"https:\\\/\\\/cartellera.focus.cat\\\/es\\\/\",\"logo\":{\"@type\":\"ImageObject\",\"inLanguage\":\"es\",\"@id\":\"https:\\\/\\\/cartellera.focus.cat\\\/es\\\/#\\\/schema\\\/logo\\\/image\\\/\",\"url\":\"https:\\\/\\\/cartellera.focus.cat\\\/wp-content\\\/uploads\\\/sites\\\/6\\\/2023\\\/01\\\/logo-focus.svg\",\"contentUrl\":\"https:\\\/\\\/cartellera.focus.cat\\\/wp-content\\\/uploads\\\/sites\\\/6\\\/2023\\\/01\\\/logo-focus.svg\",\"width\":1,\"height\":1,\"caption\":\"Cartellera Focus\"},\"image\":{\"@id\":\"https:\\\/\\\/cartellera.focus.cat\\\/es\\\/#\\\/schema\\\/logo\\\/image\\\/\"},\"sameAs\":[\"https:\\\/\\\/www.instagram.com\\\/grupfocus_\",\"https:\\\/\\\/www.youtube.com\\\/channel\\\/UCHo1UBGWueryu2P-vn8CRXw\",\"https:\\\/\\\/www.linkedin.com\\\/company\\\/grup-focus\\\/\"]}]}<\/script>\n<!-- \/ Yoast SEO plugin. -->","yoast_head_json":{"title":"Salom\u00e9 - Cartellera Focus","robots":{"index":"index","follow":"follow","max-snippet":"max-snippet:-1","max-image-preview":"max-image-preview:large","max-video-preview":"max-video-preview:-1"},"canonical":"https:\/\/cartellera.focus.cat\/es\/ex\/salome\/","og_locale":"es_ES","og_type":"article","og_title":"Salom\u00e9 - Cartellera Focus","og_url":"https:\/\/cartellera.focus.cat\/es\/ex\/salome\/","og_site_name":"Cartellera Focus","article_modified_time":"2026-03-05T15:19:06+00:00","twitter_card":"summary_large_image","schema":{"@context":"https:\/\/schema.org","@graph":[{"@type":"WebPage","@id":"https:\/\/cartellera.focus.cat\/es\/ex\/salome\/","url":"https:\/\/cartellera.focus.cat\/es\/ex\/salome\/","name":"Salom\u00e9 - Cartellera Focus","isPartOf":{"@id":"https:\/\/cartellera.focus.cat\/es\/#website"},"datePublished":"2023-10-24T08:02:56+00:00","dateModified":"2026-03-05T15:19:06+00:00","breadcrumb":{"@id":"https:\/\/cartellera.focus.cat\/es\/ex\/salome\/#breadcrumb"},"inLanguage":"es","potentialAction":[{"@type":"ReadAction","target":["https:\/\/cartellera.focus.cat\/es\/ex\/salome\/"]}]},{"@type":"BreadcrumbList","@id":"https:\/\/cartellera.focus.cat\/es\/ex\/salome\/#breadcrumb","itemListElement":[{"@type":"ListItem","position":1,"name":"Home","item":"https:\/\/cartellera.focus.cat\/es\/"},{"@type":"ListItem","position":2,"name":"Espectacles","item":"https:\/\/cartellera.focus.cat\/es\/ex\/"},{"@type":"ListItem","position":3,"name":"Salom\u00e9"}]},{"@type":"WebSite","@id":"https:\/\/cartellera.focus.cat\/es\/#website","url":"https:\/\/cartellera.focus.cat\/es\/","name":"Cartellera Focus","description":"Troba el teu espectacle als teatres de Focus","publisher":{"@id":"https:\/\/cartellera.focus.cat\/es\/#organization"},"potentialAction":[{"@type":"SearchAction","target":{"@type":"EntryPoint","urlTemplate":"https:\/\/cartellera.focus.cat\/es\/?s={search_term_string}"},"query-input":{"@type":"PropertyValueSpecification","valueRequired":true,"valueName":"search_term_string"}}],"inLanguage":"es"},{"@type":"Organization","@id":"https:\/\/cartellera.focus.cat\/es\/#organization","name":"Cartellera Focus","url":"https:\/\/cartellera.focus.cat\/es\/","logo":{"@type":"ImageObject","inLanguage":"es","@id":"https:\/\/cartellera.focus.cat\/es\/#\/schema\/logo\/image\/","url":"https:\/\/cartellera.focus.cat\/wp-content\/uploads\/sites\/6\/2023\/01\/logo-focus.svg","contentUrl":"https:\/\/cartellera.focus.cat\/wp-content\/uploads\/sites\/6\/2023\/01\/logo-focus.svg","width":1,"height":1,"caption":"Cartellera Focus"},"image":{"@id":"https:\/\/cartellera.focus.cat\/es\/#\/schema\/logo\/image\/"},"sameAs":["https:\/\/www.instagram.com\/grupfocus_","https:\/\/www.youtube.com\/channel\/UCHo1UBGWueryu2P-vn8CRXw","https:\/\/www.linkedin.com\/company\/grup-focus\/"]}]}},"translations":[{"id":10772,"locale":"ca"},{"id":10773,"locale":"es"}],"_links":{"self":[{"href":"https:\/\/cartellera.focus.cat\/es\/wp-json\/wp\/v2\/ex\/10773","targetHints":{"allow":["GET"]}}],"collection":[{"href":"https:\/\/cartellera.focus.cat\/es\/wp-json\/wp\/v2\/ex"}],"about":[{"href":"https:\/\/cartellera.focus.cat\/es\/wp-json\/wp\/v2\/types\/ex"}],"author":[{"embeddable":true,"href":"https:\/\/cartellera.focus.cat\/es\/wp-json\/wp\/v2\/users\/2"}],"replies":[{"embeddable":true,"href":"https:\/\/cartellera.focus.cat\/es\/wp-json\/wp\/v2\/comments?post=10773"}],"acf:term":[{"embeddable":true,"taxonomy":"season","href":"https:\/\/cartellera.focus.cat\/es\/wp-json\/wp\/v2\/season\/65"}],"wp:attachment":[{"href":"https:\/\/cartellera.focus.cat\/es\/wp-json\/wp\/v2\/media?parent=10773"}],"curies":[{"name":"wp","href":"https:\/\/api.w.org\/{rel}","templated":true}]}}