{"id":10819,"date":"2023-10-26T13:37:51","date_gmt":"2023-10-26T13:37:51","guid":{"rendered":"https:\/\/cartellera.focus.cat\/ex\/espectacle-inaugural-del-romea-i-goya-en-familia-2023-2024-2\/"},"modified":"2026-03-05T15:11:53","modified_gmt":"2026-03-05T15:11:53","slug":"espectacle-inaugural-del-romea-i-goya-en-familia-2023-2024","status":"publish","type":"ex","link":"https:\/\/cartellera.focus.cat\/es\/ex\/espectacle-inaugural-del-romea-i-goya-en-familia-2023-2024\/","title":{"rendered":"ESPECTACLE INAUGURAL DEL ROMEA I GOYA EN FAM\u00cdLIA 2023-2024"},"content":{"rendered":"","protected":false},"excerpt":{"rendered":"","protected":false},"author":2,"featured_media":0,"comment_status":"closed","ping_status":"closed","template":"","class_list":["post-10819","ex","type-ex","status-publish","hentry","season-2023-24"],"acf":{"txt_synopsis":"<p><strong>ESPECT\u00c1CULO INAUGURAL DEL ROMEA Y GOYA EN FAMILIA <br \/><\/strong>Domingo 26 de noviembre de 10 h a 14 h <\/p>\n<p>Como cada temporada, empezamos con una gran fiesta inaugural el 26 de noviembre por la ma\u00f1ana entre el Teatre Romea y el Teatre Goya de Barcelona con un programa de espect\u00e1culos y actividades para toda la familia donde tambi\u00e9n os explicaremos de primera mano toda la programaci\u00f3n que tenemos preparada por esta temporada.&nbsp; <\/p>\n<p>\u00a1No os lo pod\u00e9is perder! <\/p>\n<p>&nbsp;<\/p>\n<p><strong>PROGRAMA <br \/><\/strong>De 10 h a 14 h: Visitas teatralizadas al Teatre Romea. Enlace al formulario de inscripci\u00f3n: <a href=\"https:\/\/bit.ly\/visitesteatralitzadesfestainauguracio\">https:\/\/bit.ly\/visitesteatralitzadesfestainauguracio<\/a> <\/p>\n<p>&nbsp; <\/p>\n<p><strong>N\u2019IMPORTE QUOI<\/strong> <br \/>Un espect\u00e1culo de teatro gestual. Sin palabras. Sin l\u00edmites. Sin orden. <\/p>\n<p>En la calle llueven clavos. Cinco payasos llaman al timbre. La soledad se escapa por el agujero de la cerradura. El humor y la poes\u00eda se cruzan en el umbral de la puerta. Una invasi\u00f3n de absurda intimidad, de locura y de risas... Las puertas, abiertas, bailan. <\/p>\n<p>Ganador del Premio FETEN 2023 al Mejor Espect\u00e1culo. <\/p>","main_buy_link":"","main_buy_links":"","group_buy_link":"","show_language":"Espect\u00e1culo en catal\u00e1n","show_duration":"70","show_start_date":"20231126000000","show_end_date":"20231126000000","show_sort_date":"20231126000000","txt_custom_show_dates":"el 26 de noviembre de 2023","show_disciplines":"4","show_ultimes_funcions":false,"hide_tarifes_especials":false,"show_properament":false,"txt_additional_info":"<p><i class=\"fa fa-info fa-2x fa-fw\"><\/i>Edad recomendada para todos los p\u00fablicos. <\/p>","txt_present":"","show_season":[65],"txt_season":"[\"2023\/24\"]","txt_cycle":"","txt_claim":"Un espect\u00e1culo de teatro gestual. Sin palabras. Sin l\u00edmites. Sin orden.","txt_cast_excerpt":"","txt_cast":"<p>Puesta en escena, creaci\u00f3n y direcci\u00f3n: <strong>Leandre Ribera <\/strong><\/p>\n<p>Composici\u00f3n musical: <strong>Victor Morato <br \/><\/strong>&nbsp;Int\u00e9rpretes: <strong>Andreu Sans, Cristina Sol\u00e9, Laura Miralb\u00e9s, Leandre Ribera y Pere Hosta <\/strong><\/p>\n<p>Jefes t\u00e9cnicos del teatro: <strong>Roger Mu\u00f1oz<\/strong> <\/p>\n<p>M\u00e1rquetin y comunicaci\u00f3n: <strong>Focus<\/strong> <\/p>\n<p>Aplicaciones gr\u00e1ficas: <strong>Santi&Kco <\/strong><\/p>\n<p>Es una producci\u00f3n de <strong>Leandre Clown <\/strong><\/p>","txt_reviews":"","hashtag":"NImporeQuoi","have_promo":"","slogan":"","id_exhibicio":2072,"id_versio":1650,"id_local":1,"txt_seo_desc":"ESPECT\u00c1CULO INAUGURAL DEL ROMEA Y GOYA EN FAMILIA","data_images":"[{\"localizer\":\"V4PORTADAWIDE\",\"url\":\"media\/ver\/port\/wide\/v4\/31646\/01_091_00056797\/nova-PORTADA-0.jpg\",\"thumb_url\":\"\",\"title\":\"N\u00bfIMPORTE QUOI - Teatre Romea\",\"description\":\"n'importe quoi en el teatre romea\",\"copyright\":\"\",\"order\":1},{\"localizer\":\"V4PORTADAWIDEMOBILE\",\"url\":\"media\/ver\/port\/wide\/mobile\/v4\/31646\/01_092_00056798\/PORTADA-MOBILE.jpg\",\"thumb_url\":\"\",\"title\":\"N\u00bfIMPORTE QUOI - Teatre Romea\",\"description\":\"n'importe quoi en el teatre romea\",\"copyright\":\"\",\"order\":2},{\"localizer\":\"V4PORTADA\",\"url\":\"media\/ver\/port\/v4\/31646\/01_090_00056799\/PORTADA1.jpg\",\"thumb_url\":\"\",\"title\":\"N\u00bfIMPORTE QUOI - Teatre Romea\",\"description\":\"n'importe quoi en el teatre romea\",\"copyright\":\"\",\"order\":3},{\"localizer\":\"V4CARTELL\",\"url\":\"media\/ver\/cartell\/v4\/31646\/01_089_00056800\/cartell-web.jpg\",\"thumb_url\":\"\",\"title\":\"N\u00bfIMPORTE QUOI - Teatre Romea\",\"description\":\"n'importe quoi en el teatre romea\",\"copyright\":\"\",\"order\":4},{\"localizer\":\"V3SLIDE\",\"url\":\"media\/ftgalslide\/v3\/31646\/01_086_00056826\/HIGH_LEANDRE_TXUS_GARCIA_2374.jpg\",\"thumb_url\":\"media\/ftgalslide\/v3\/31646\/01_086_00056826\/HIGH_LEANDRE_TXUS_GARCIA_2374_thumb.jpg\",\"title\":\"No m\u00bfimporte Quoi - Espectacle inaugural\",\"description\":\"No m\u00bfimporte Quoi espectacle inaugural\",\"copyright\":\"https:\/\/www.youtube.com\/watch?v=zQy3DKtgG4I&t=3s\",\"order\":5},{\"localizer\":\"V3SLIDE\",\"url\":\"media\/ftgalslide\/v3\/31646\/01_086_00056827\/HIGH_LEANDRE_TXUS_GARCIA_3395.jpg\",\"thumb_url\":\"media\/ftgalslide\/v3\/31646\/01_086_00056827\/HIGH_LEANDRE_TXUS_GARCIA_3395_thumb.jpg\",\"title\":\"No m\u00bfimporte Quoi - Espectacle inaugural\",\"description\":\"No m\u00bfimporte Quoi espectacle inaugural\",\"copyright\":\"\",\"order\":6},{\"localizer\":\"V3SLIDE\",\"url\":\"media\/ftgalslide\/v3\/31646\/01_086_00056828\/HIGH_LEANDRE_TXUS_GARCIA_2527.jpg\",\"thumb_url\":\"media\/ftgalslide\/v3\/31646\/01_086_00056828\/HIGH_LEANDRE_TXUS_GARCIA_2527_thumb.jpg\",\"title\":\"No m\u00bfimporte Quoi - Espectacle inaugural\",\"description\":\"No m\u00bfimporte Quoi espectacle inaugural\",\"copyright\":\"\",\"order\":7}]","material__texto_intro":"","data_material":null,"data_gallery":"","data_discounts":"[]","contract_is_open":false,"in_tour":false},"yoast_head":"<!-- This site is optimized with the Yoast SEO plugin v27.5 - https:\/\/yoast.com\/product\/yoast-seo-wordpress\/ -->\n<title>ESPECTACLE INAUGURAL DEL ROMEA I GOYA EN FAM\u00cdLIA 2023-2024 - Cartellera Focus<\/title>\n<meta name=\"robots\" content=\"index, follow, max-snippet:-1, max-image-preview:large, max-video-preview:-1\" \/>\n<link rel=\"canonical\" href=\"https:\/\/cartellera.focus.cat\/es\/ex\/espectacle-inaugural-del-romea-i-goya-en-familia-2023-2024\/\" \/>\n<meta property=\"og:locale\" content=\"es_ES\" \/>\n<meta property=\"og:type\" content=\"article\" \/>\n<meta property=\"og:title\" content=\"ESPECTACLE INAUGURAL DEL ROMEA I GOYA EN FAM\u00cdLIA 2023-2024 - Cartellera Focus\" \/>\n<meta property=\"og:url\" content=\"https:\/\/cartellera.focus.cat\/es\/ex\/espectacle-inaugural-del-romea-i-goya-en-familia-2023-2024\/\" \/>\n<meta property=\"og:site_name\" content=\"Cartellera Focus\" \/>\n<meta property=\"article:modified_time\" content=\"2026-03-05T15:11:53+00:00\" \/>\n<meta name=\"twitter:card\" content=\"summary_large_image\" \/>\n<script type=\"application\/ld+json\" class=\"yoast-schema-graph\">{\"@context\":\"https:\\\/\\\/schema.org\",\"@graph\":[{\"@type\":\"WebPage\",\"@id\":\"https:\\\/\\\/cartellera.focus.cat\\\/es\\\/ex\\\/espectacle-inaugural-del-romea-i-goya-en-familia-2023-2024\\\/\",\"url\":\"https:\\\/\\\/cartellera.focus.cat\\\/es\\\/ex\\\/espectacle-inaugural-del-romea-i-goya-en-familia-2023-2024\\\/\",\"name\":\"ESPECTACLE INAUGURAL DEL ROMEA I GOYA EN FAM\u00cdLIA 2023-2024 - Cartellera Focus\",\"isPartOf\":{\"@id\":\"https:\\\/\\\/cartellera.focus.cat\\\/es\\\/#website\"},\"datePublished\":\"2023-10-26T13:37:51+00:00\",\"dateModified\":\"2026-03-05T15:11:53+00:00\",\"breadcrumb\":{\"@id\":\"https:\\\/\\\/cartellera.focus.cat\\\/es\\\/ex\\\/espectacle-inaugural-del-romea-i-goya-en-familia-2023-2024\\\/#breadcrumb\"},\"inLanguage\":\"es\",\"potentialAction\":[{\"@type\":\"ReadAction\",\"target\":[\"https:\\\/\\\/cartellera.focus.cat\\\/es\\\/ex\\\/espectacle-inaugural-del-romea-i-goya-en-familia-2023-2024\\\/\"]}]},{\"@type\":\"BreadcrumbList\",\"@id\":\"https:\\\/\\\/cartellera.focus.cat\\\/es\\\/ex\\\/espectacle-inaugural-del-romea-i-goya-en-familia-2023-2024\\\/#breadcrumb\",\"itemListElement\":[{\"@type\":\"ListItem\",\"position\":1,\"name\":\"Home\",\"item\":\"https:\\\/\\\/cartellera.focus.cat\\\/es\\\/\"},{\"@type\":\"ListItem\",\"position\":2,\"name\":\"Espectacles\",\"item\":\"https:\\\/\\\/cartellera.focus.cat\\\/es\\\/ex\\\/\"},{\"@type\":\"ListItem\",\"position\":3,\"name\":\"ESPECTACLE INAUGURAL DEL ROMEA I GOYA EN FAM\u00cdLIA 2023-2024\"}]},{\"@type\":\"WebSite\",\"@id\":\"https:\\\/\\\/cartellera.focus.cat\\\/es\\\/#website\",\"url\":\"https:\\\/\\\/cartellera.focus.cat\\\/es\\\/\",\"name\":\"Cartellera Focus\",\"description\":\"Troba el teu espectacle als teatres de Focus\",\"publisher\":{\"@id\":\"https:\\\/\\\/cartellera.focus.cat\\\/es\\\/#organization\"},\"potentialAction\":[{\"@type\":\"SearchAction\",\"target\":{\"@type\":\"EntryPoint\",\"urlTemplate\":\"https:\\\/\\\/cartellera.focus.cat\\\/es\\\/?s={search_term_string}\"},\"query-input\":{\"@type\":\"PropertyValueSpecification\",\"valueRequired\":true,\"valueName\":\"search_term_string\"}}],\"inLanguage\":\"es\"},{\"@type\":\"Organization\",\"@id\":\"https:\\\/\\\/cartellera.focus.cat\\\/es\\\/#organization\",\"name\":\"Cartellera Focus\",\"url\":\"https:\\\/\\\/cartellera.focus.cat\\\/es\\\/\",\"logo\":{\"@type\":\"ImageObject\",\"inLanguage\":\"es\",\"@id\":\"https:\\\/\\\/cartellera.focus.cat\\\/es\\\/#\\\/schema\\\/logo\\\/image\\\/\",\"url\":\"https:\\\/\\\/cartellera.focus.cat\\\/wp-content\\\/uploads\\\/sites\\\/6\\\/2023\\\/01\\\/logo-focus.svg\",\"contentUrl\":\"https:\\\/\\\/cartellera.focus.cat\\\/wp-content\\\/uploads\\\/sites\\\/6\\\/2023\\\/01\\\/logo-focus.svg\",\"width\":1,\"height\":1,\"caption\":\"Cartellera Focus\"},\"image\":{\"@id\":\"https:\\\/\\\/cartellera.focus.cat\\\/es\\\/#\\\/schema\\\/logo\\\/image\\\/\"},\"sameAs\":[\"https:\\\/\\\/www.instagram.com\\\/grupfocus_\",\"https:\\\/\\\/www.youtube.com\\\/channel\\\/UCHo1UBGWueryu2P-vn8CRXw\",\"https:\\\/\\\/www.linkedin.com\\\/company\\\/grup-focus\\\/\"]}]}<\/script>\n<!-- \/ Yoast SEO plugin. -->","yoast_head_json":{"title":"ESPECTACLE INAUGURAL DEL ROMEA I GOYA EN FAM\u00cdLIA 2023-2024 - Cartellera Focus","robots":{"index":"index","follow":"follow","max-snippet":"max-snippet:-1","max-image-preview":"max-image-preview:large","max-video-preview":"max-video-preview:-1"},"canonical":"https:\/\/cartellera.focus.cat\/es\/ex\/espectacle-inaugural-del-romea-i-goya-en-familia-2023-2024\/","og_locale":"es_ES","og_type":"article","og_title":"ESPECTACLE INAUGURAL DEL ROMEA I GOYA EN FAM\u00cdLIA 2023-2024 - Cartellera Focus","og_url":"https:\/\/cartellera.focus.cat\/es\/ex\/espectacle-inaugural-del-romea-i-goya-en-familia-2023-2024\/","og_site_name":"Cartellera Focus","article_modified_time":"2026-03-05T15:11:53+00:00","twitter_card":"summary_large_image","schema":{"@context":"https:\/\/schema.org","@graph":[{"@type":"WebPage","@id":"https:\/\/cartellera.focus.cat\/es\/ex\/espectacle-inaugural-del-romea-i-goya-en-familia-2023-2024\/","url":"https:\/\/cartellera.focus.cat\/es\/ex\/espectacle-inaugural-del-romea-i-goya-en-familia-2023-2024\/","name":"ESPECTACLE INAUGURAL DEL ROMEA I GOYA EN FAM\u00cdLIA 2023-2024 - Cartellera Focus","isPartOf":{"@id":"https:\/\/cartellera.focus.cat\/es\/#website"},"datePublished":"2023-10-26T13:37:51+00:00","dateModified":"2026-03-05T15:11:53+00:00","breadcrumb":{"@id":"https:\/\/cartellera.focus.cat\/es\/ex\/espectacle-inaugural-del-romea-i-goya-en-familia-2023-2024\/#breadcrumb"},"inLanguage":"es","potentialAction":[{"@type":"ReadAction","target":["https:\/\/cartellera.focus.cat\/es\/ex\/espectacle-inaugural-del-romea-i-goya-en-familia-2023-2024\/"]}]},{"@type":"BreadcrumbList","@id":"https:\/\/cartellera.focus.cat\/es\/ex\/espectacle-inaugural-del-romea-i-goya-en-familia-2023-2024\/#breadcrumb","itemListElement":[{"@type":"ListItem","position":1,"name":"Home","item":"https:\/\/cartellera.focus.cat\/es\/"},{"@type":"ListItem","position":2,"name":"Espectacles","item":"https:\/\/cartellera.focus.cat\/es\/ex\/"},{"@type":"ListItem","position":3,"name":"ESPECTACLE INAUGURAL DEL ROMEA I GOYA EN FAM\u00cdLIA 2023-2024"}]},{"@type":"WebSite","@id":"https:\/\/cartellera.focus.cat\/es\/#website","url":"https:\/\/cartellera.focus.cat\/es\/","name":"Cartellera Focus","description":"Troba el teu espectacle als teatres de Focus","publisher":{"@id":"https:\/\/cartellera.focus.cat\/es\/#organization"},"potentialAction":[{"@type":"SearchAction","target":{"@type":"EntryPoint","urlTemplate":"https:\/\/cartellera.focus.cat\/es\/?s={search_term_string}"},"query-input":{"@type":"PropertyValueSpecification","valueRequired":true,"valueName":"search_term_string"}}],"inLanguage":"es"},{"@type":"Organization","@id":"https:\/\/cartellera.focus.cat\/es\/#organization","name":"Cartellera Focus","url":"https:\/\/cartellera.focus.cat\/es\/","logo":{"@type":"ImageObject","inLanguage":"es","@id":"https:\/\/cartellera.focus.cat\/es\/#\/schema\/logo\/image\/","url":"https:\/\/cartellera.focus.cat\/wp-content\/uploads\/sites\/6\/2023\/01\/logo-focus.svg","contentUrl":"https:\/\/cartellera.focus.cat\/wp-content\/uploads\/sites\/6\/2023\/01\/logo-focus.svg","width":1,"height":1,"caption":"Cartellera Focus"},"image":{"@id":"https:\/\/cartellera.focus.cat\/es\/#\/schema\/logo\/image\/"},"sameAs":["https:\/\/www.instagram.com\/grupfocus_","https:\/\/www.youtube.com\/channel\/UCHo1UBGWueryu2P-vn8CRXw","https:\/\/www.linkedin.com\/company\/grup-focus\/"]}]}},"translations":[{"id":11309,"locale":"ca"},{"id":10819,"locale":"es"}],"_links":{"self":[{"href":"https:\/\/cartellera.focus.cat\/es\/wp-json\/wp\/v2\/ex\/10819","targetHints":{"allow":["GET"]}}],"collection":[{"href":"https:\/\/cartellera.focus.cat\/es\/wp-json\/wp\/v2\/ex"}],"about":[{"href":"https:\/\/cartellera.focus.cat\/es\/wp-json\/wp\/v2\/types\/ex"}],"author":[{"embeddable":true,"href":"https:\/\/cartellera.focus.cat\/es\/wp-json\/wp\/v2\/users\/2"}],"replies":[{"embeddable":true,"href":"https:\/\/cartellera.focus.cat\/es\/wp-json\/wp\/v2\/comments?post=10819"}],"acf:term":[{"embeddable":true,"taxonomy":"season","href":"https:\/\/cartellera.focus.cat\/es\/wp-json\/wp\/v2\/season\/65"}],"wp:attachment":[{"href":"https:\/\/cartellera.focus.cat\/es\/wp-json\/wp\/v2\/media?parent=10819"}],"curies":[{"name":"wp","href":"https:\/\/api.w.org\/{rel}","templated":true}]}}