{"id":10855,"date":"2023-11-02T15:44:19","date_gmt":"2023-11-02T15:44:19","guid":{"rendered":"https:\/\/cartellera.focus.cat\/ex\/gordas-3\/"},"modified":"2026-03-05T15:31:49","modified_gmt":"2026-03-05T15:31:49","slug":"gordas-3","status":"publish","type":"ex","link":"https:\/\/cartellera.focus.cat\/es\/ex\/gordas-3\/","title":{"rendered":"Gordas"},"content":{"rendered":"","protected":false},"excerpt":{"rendered":"","protected":false},"author":2,"featured_media":0,"comment_status":"closed","ping_status":"closed","template":"","class_list":["post-10855","ex","type-ex","status-publish","hentry","season-2023-24"],"acf":{"txt_synopsis":"<p><strong>Comedia y humor para abordar un tema a menudo ausente del escenario: el f\u00edsico, la obesidad y la aceptaci\u00f3n social.<\/strong><\/p>\n<p>Una comedia irreverente sobre la fama, la religi\u00f3n, el amor, la amistad... y el f\u00edsico. <br \/>\u00bfQu\u00e9 tienen en com\u00fan Satan\u00e1s, una estrella de cine, dos monjas, una lesbiana convertida a la fuerza, las ganas de follar y un donut? Al principio parecen ingredientes sin sentido... Pero cuando se juntan, dan lugar a un men\u00fa completo, sazonado con fina iron\u00eda y mucho humor. <br \/>Una obra que lucha por encontrar ese espacio que la sociedad ha decidido limitar. <br \/>Dos gordas que hacen de gordas, pero que pueden ser todo.<\/p>","main_buy_link":"","main_buy_links":"","group_buy_link":"","show_language":"Espect\u00e1culo en castellano","show_duration":"75","show_start_date":"20240115000000","show_end_date":"20240318000000","show_sort_date":"20240115000000","txt_custom_show_dates":"del 15 de enero al 18 de marzo de 2024","show_disciplines":"7","show_ultimes_funcions":false,"hide_tarifes_especials":false,"show_properament":false,"txt_additional_info":"","txt_present":"","show_season":[65],"txt_season":"[\"2023\/24\"]","txt_cycle":"","txt_claim":"Una comedia irreverente sobre la fama, la religi\u00f3n, el amor, la amistad... y el f\u00edsico.","txt_cast_excerpt":"","txt_cast":"<p>Autor\u00eda i direcci\u00f3n: <strong>Carlos Mesa <\/strong><\/p>\n<p>Int\u00e9rpretes: <strong>Mara Jim\u00e9nez y Teresa L\u00f3pez <\/strong><\/p>\n<p>Dise\u00f1o de iluminaci\u00f3n: <strong>Sergio Benito <\/strong><\/p>\n<p>Producci\u00f3n ejecutiva: <strong>Isabel Verd\u00fa y Carlos Mesa <\/strong><\/p>\n<p>Jefe t\u00e9cnico del teatro: <strong>Jordi Ballb\u00e9 <br \/><\/strong>T\u00e9cnicos del teatro: <strong>Aleix Arbon\u00e8s y V\u00edctor Bartolom\u00e9 <\/strong><\/p>\n<p>M\u00e1rquetin y comunicaci\u00f3n: <strong>Focus<\/strong> <br \/>Reportaje fotogr\u00e1fico y dise\u00f1o: <strong>Nat Enemede<\/strong> <br \/>Dise\u00f1o gr\u00e1fico: <strong>Santi&Kco<\/strong> <\/p>\n<p>Distribuci\u00f3n: <strong>Carme Tierz \u2013 Mediterr\u00e1nea (<\/strong><a href=\"mailto:ctierz@mediterraneagira.com\"><strong>ctierz@mediterraneagira.com<\/strong><\/a><strong>)<\/strong> <\/p>\n<p>Es una producci\u00f3n de <strong>Bendita Inocencia <\/strong><\/p>","txt_reviews":"Mar\u00eda Cabal|Teatre Barcelona|\"Una obra divertida, delirante y brutalmente honesta.\"\nPablo Cavero|Catacultural|\"Gordas es una obra as\u00ed: divertida, entretenida, revolucionaria y cr\u00edtica.\"\nSofia Chiabolotti|P\u00fablico|\"La risa llenar\u00e1 de indignaci\u00f3n las conciencias del p\u00fablico.\"","hashtag":"Gordas","have_promo":"","slogan":"","id_exhibicio":2077,"id_versio":1551,"id_local":3,"txt_seo_desc":"Gordas un espect\u00e1culo de comedia en el Teatro Condal de Barcelona","data_images":"[{\"localizer\":\"V3PORTADAWIDE\",\"url\":\"media\/ver\/port\/v3wide\/315E0\/01_088_00054537\/portada-0-gordas-teatre-condal.jpg\",\"thumb_url\":\"media\/ver\/port\/v3wide\/315E0\/01_088_00054537\/portada-0-gordas-teatre-condal_thumb.jpg\",\"title\":\"Gordas - Teatre Condal\",\"description\":\"gordas al teatre condal de barcelona\",\"copyright\":\"\",\"order\":1},{\"localizer\":\"V3PORTADA\",\"url\":\"media\/ver\/port\/v3\/315E0\/01_084_00054538\/portada-1-gordas-teatre-condal.jpg\",\"thumb_url\":\"media\/ver\/port\/v3\/315E0\/01_084_00054538\/portada-1-gordas-teatre-condal_thumb.jpg\",\"title\":\"Gordas - Teatre Condal\",\"description\":\"gordas al teatre condal de barcelona\",\"copyright\":\"\",\"order\":2},{\"localizer\":\"V3SLIDE\",\"url\":\"media\/ftgalslide\/v3\/315E0\/01_086_00054540\/GORDAS_Mara_Jimenez_y_Teresa_Lopez.jpg\",\"thumb_url\":\"media\/ftgalslide\/v3\/315E0\/01_086_00054540\/GORDAS_Mara_Jimenez_y_Teresa_Lopez_thumb.jpg\",\"title\":\"Gordas - Teatre Condal\",\"description\":\"gordas al teatre condal de barcelona\",\"copyright\":\"https:\/\/youtu.be\/xkuIXYRHRrg\",\"order\":4},{\"localizer\":\"V3SLIDE\",\"url\":\"media\/ftgalslide\/v3\/315E0\/01_086_00054541\/GORDAS_x3.jpg\",\"thumb_url\":\"media\/ftgalslide\/v3\/315E0\/01_086_00054541\/GORDAS_x3_thumb.jpg\",\"title\":\"Gordas - Teatre Condal\",\"description\":\"gordas al teatre condal de barcelona\",\"copyright\":\"\",\"order\":5},{\"localizer\":\"V3SLIDE\",\"url\":\"media\/ftgalslide\/v3\/315E0\/01_086_00054542\/GORDAS_x5.jpg\",\"thumb_url\":\"media\/ftgalslide\/v3\/315E0\/01_086_00054542\/GORDAS_x5_thumb.jpg\",\"title\":\"Gordas - Teatre Condal\",\"description\":\"gordas al teatre condal de barcelona\",\"copyright\":\"\",\"order\":6},{\"localizer\":\"V3CARTELL\",\"url\":\"media\/ver\/cartell\/v3\/315E1\/01_085_00054763\/Cartell-web-gordas-teatre-condal.jpg\",\"thumb_url\":\"media\/ver\/cartell\/v3\/315E1\/01_085_00054763\/Cartell-web-gordas-teatre-condal_thumb.jpg\",\"title\":\"Gordas - Teatre Condal\",\"description\":\"gordas al teatre condal de barcelona\",\"copyright\":\"\",\"order\":8},{\"localizer\":\"V4PORTADAWIDE\",\"url\":\"media\/ver\/port\/wide\/v4\/31647\/01_091_00056916\/Portada_0_2880x1260_-_GORDAS.png\",\"thumb_url\":\"\",\"title\":\"Gordas - Teatre Condal\",\"description\":\"gordas en el teatre condal\",\"copyright\":\"\",\"order\":13},{\"localizer\":\"V4PORTADAWIDEMOBILE\",\"url\":\"media\/ver\/port\/wide\/mobile\/v4\/31647\/01_092_00056917\/Portada_0_mobile-_828x1800_-_GORDAS.png\",\"thumb_url\":\"\",\"title\":\"Gordas - Teatre Condal\",\"description\":\"gordas en el teatre condal\",\"copyright\":\"\",\"order\":14},{\"localizer\":\"V4CARTELL\",\"url\":\"media\/ver\/cartell\/v4\/31647\/01_089_00056918\/Cartell_web_720x1100_-_GORDAS.png\",\"thumb_url\":\"\",\"title\":\"Gordas - Teatre Condal\",\"description\":\"gordas en el teatre condal\",\"copyright\":\"\",\"order\":15},{\"localizer\":\"V4PORTADA\",\"url\":\"media\/ver\/port\/v4\/316A3\/01_090_00057520\/ULTIMES_FUNCIONS_-_Portada_0_2880x1260_-_GORDAS.png\",\"thumb_url\":\"\",\"title\":\"gordas - teatre condal\",\"description\":\"gordas en el treatre condal de barcelona\",\"copyright\":\"\",\"order\":19}]","material__texto_intro":"","data_material":null,"data_gallery":"","data_discounts":"[]","contract_is_open":false,"in_tour":false},"yoast_head":"<!-- This site is optimized with the Yoast SEO plugin v27.4 - https:\/\/yoast.com\/product\/yoast-seo-wordpress\/ -->\n<title>Gordas - Cartellera Focus<\/title>\n<meta name=\"robots\" content=\"index, follow, max-snippet:-1, max-image-preview:large, max-video-preview:-1\" \/>\n<link rel=\"canonical\" href=\"https:\/\/cartellera.focus.cat\/es\/ex\/gordas-3\/\" \/>\n<meta property=\"og:locale\" content=\"es_ES\" \/>\n<meta property=\"og:type\" content=\"article\" \/>\n<meta property=\"og:title\" content=\"Gordas - Cartellera Focus\" \/>\n<meta property=\"og:url\" content=\"https:\/\/cartellera.focus.cat\/es\/ex\/gordas-3\/\" \/>\n<meta property=\"og:site_name\" content=\"Cartellera Focus\" \/>\n<meta property=\"article:modified_time\" content=\"2026-03-05T15:31:49+00:00\" \/>\n<meta name=\"twitter:card\" content=\"summary_large_image\" \/>\n<script type=\"application\/ld+json\" class=\"yoast-schema-graph\">{\"@context\":\"https:\\\/\\\/schema.org\",\"@graph\":[{\"@type\":\"WebPage\",\"@id\":\"https:\\\/\\\/cartellera.focus.cat\\\/es\\\/ex\\\/gordas-3\\\/\",\"url\":\"https:\\\/\\\/cartellera.focus.cat\\\/es\\\/ex\\\/gordas-3\\\/\",\"name\":\"Gordas - Cartellera Focus\",\"isPartOf\":{\"@id\":\"https:\\\/\\\/cartellera.focus.cat\\\/es\\\/#website\"},\"datePublished\":\"2023-11-02T15:44:19+00:00\",\"dateModified\":\"2026-03-05T15:31:49+00:00\",\"breadcrumb\":{\"@id\":\"https:\\\/\\\/cartellera.focus.cat\\\/es\\\/ex\\\/gordas-3\\\/#breadcrumb\"},\"inLanguage\":\"es\",\"potentialAction\":[{\"@type\":\"ReadAction\",\"target\":[\"https:\\\/\\\/cartellera.focus.cat\\\/es\\\/ex\\\/gordas-3\\\/\"]}]},{\"@type\":\"BreadcrumbList\",\"@id\":\"https:\\\/\\\/cartellera.focus.cat\\\/es\\\/ex\\\/gordas-3\\\/#breadcrumb\",\"itemListElement\":[{\"@type\":\"ListItem\",\"position\":1,\"name\":\"Home\",\"item\":\"https:\\\/\\\/cartellera.focus.cat\\\/es\\\/\"},{\"@type\":\"ListItem\",\"position\":2,\"name\":\"Espectacles\",\"item\":\"https:\\\/\\\/cartellera.focus.cat\\\/es\\\/ex\\\/\"},{\"@type\":\"ListItem\",\"position\":3,\"name\":\"Gordas\"}]},{\"@type\":\"WebSite\",\"@id\":\"https:\\\/\\\/cartellera.focus.cat\\\/es\\\/#website\",\"url\":\"https:\\\/\\\/cartellera.focus.cat\\\/es\\\/\",\"name\":\"Cartellera Focus\",\"description\":\"Troba el teu espectacle als teatres de Focus\",\"publisher\":{\"@id\":\"https:\\\/\\\/cartellera.focus.cat\\\/es\\\/#organization\"},\"potentialAction\":[{\"@type\":\"SearchAction\",\"target\":{\"@type\":\"EntryPoint\",\"urlTemplate\":\"https:\\\/\\\/cartellera.focus.cat\\\/es\\\/?s={search_term_string}\"},\"query-input\":{\"@type\":\"PropertyValueSpecification\",\"valueRequired\":true,\"valueName\":\"search_term_string\"}}],\"inLanguage\":\"es\"},{\"@type\":\"Organization\",\"@id\":\"https:\\\/\\\/cartellera.focus.cat\\\/es\\\/#organization\",\"name\":\"Cartellera Focus\",\"url\":\"https:\\\/\\\/cartellera.focus.cat\\\/es\\\/\",\"logo\":{\"@type\":\"ImageObject\",\"inLanguage\":\"es\",\"@id\":\"https:\\\/\\\/cartellera.focus.cat\\\/es\\\/#\\\/schema\\\/logo\\\/image\\\/\",\"url\":\"https:\\\/\\\/cartellera.focus.cat\\\/wp-content\\\/uploads\\\/sites\\\/6\\\/2023\\\/01\\\/logo-focus.svg\",\"contentUrl\":\"https:\\\/\\\/cartellera.focus.cat\\\/wp-content\\\/uploads\\\/sites\\\/6\\\/2023\\\/01\\\/logo-focus.svg\",\"width\":1,\"height\":1,\"caption\":\"Cartellera Focus\"},\"image\":{\"@id\":\"https:\\\/\\\/cartellera.focus.cat\\\/es\\\/#\\\/schema\\\/logo\\\/image\\\/\"},\"sameAs\":[\"https:\\\/\\\/www.instagram.com\\\/grupfocus_\",\"https:\\\/\\\/www.youtube.com\\\/channel\\\/UCHo1UBGWueryu2P-vn8CRXw\",\"https:\\\/\\\/www.linkedin.com\\\/company\\\/grup-focus\\\/\"]}]}<\/script>\n<!-- \/ Yoast SEO plugin. -->","yoast_head_json":{"title":"Gordas - Cartellera Focus","robots":{"index":"index","follow":"follow","max-snippet":"max-snippet:-1","max-image-preview":"max-image-preview:large","max-video-preview":"max-video-preview:-1"},"canonical":"https:\/\/cartellera.focus.cat\/es\/ex\/gordas-3\/","og_locale":"es_ES","og_type":"article","og_title":"Gordas - Cartellera Focus","og_url":"https:\/\/cartellera.focus.cat\/es\/ex\/gordas-3\/","og_site_name":"Cartellera Focus","article_modified_time":"2026-03-05T15:31:49+00:00","twitter_card":"summary_large_image","schema":{"@context":"https:\/\/schema.org","@graph":[{"@type":"WebPage","@id":"https:\/\/cartellera.focus.cat\/es\/ex\/gordas-3\/","url":"https:\/\/cartellera.focus.cat\/es\/ex\/gordas-3\/","name":"Gordas - Cartellera Focus","isPartOf":{"@id":"https:\/\/cartellera.focus.cat\/es\/#website"},"datePublished":"2023-11-02T15:44:19+00:00","dateModified":"2026-03-05T15:31:49+00:00","breadcrumb":{"@id":"https:\/\/cartellera.focus.cat\/es\/ex\/gordas-3\/#breadcrumb"},"inLanguage":"es","potentialAction":[{"@type":"ReadAction","target":["https:\/\/cartellera.focus.cat\/es\/ex\/gordas-3\/"]}]},{"@type":"BreadcrumbList","@id":"https:\/\/cartellera.focus.cat\/es\/ex\/gordas-3\/#breadcrumb","itemListElement":[{"@type":"ListItem","position":1,"name":"Home","item":"https:\/\/cartellera.focus.cat\/es\/"},{"@type":"ListItem","position":2,"name":"Espectacles","item":"https:\/\/cartellera.focus.cat\/es\/ex\/"},{"@type":"ListItem","position":3,"name":"Gordas"}]},{"@type":"WebSite","@id":"https:\/\/cartellera.focus.cat\/es\/#website","url":"https:\/\/cartellera.focus.cat\/es\/","name":"Cartellera Focus","description":"Troba el teu espectacle als teatres de Focus","publisher":{"@id":"https:\/\/cartellera.focus.cat\/es\/#organization"},"potentialAction":[{"@type":"SearchAction","target":{"@type":"EntryPoint","urlTemplate":"https:\/\/cartellera.focus.cat\/es\/?s={search_term_string}"},"query-input":{"@type":"PropertyValueSpecification","valueRequired":true,"valueName":"search_term_string"}}],"inLanguage":"es"},{"@type":"Organization","@id":"https:\/\/cartellera.focus.cat\/es\/#organization","name":"Cartellera Focus","url":"https:\/\/cartellera.focus.cat\/es\/","logo":{"@type":"ImageObject","inLanguage":"es","@id":"https:\/\/cartellera.focus.cat\/es\/#\/schema\/logo\/image\/","url":"https:\/\/cartellera.focus.cat\/wp-content\/uploads\/sites\/6\/2023\/01\/logo-focus.svg","contentUrl":"https:\/\/cartellera.focus.cat\/wp-content\/uploads\/sites\/6\/2023\/01\/logo-focus.svg","width":1,"height":1,"caption":"Cartellera Focus"},"image":{"@id":"https:\/\/cartellera.focus.cat\/es\/#\/schema\/logo\/image\/"},"sameAs":["https:\/\/www.instagram.com\/grupfocus_","https:\/\/www.youtube.com\/channel\/UCHo1UBGWueryu2P-vn8CRXw","https:\/\/www.linkedin.com\/company\/grup-focus\/"]}]}},"translations":[{"id":10913,"locale":"ca"},{"id":10855,"locale":"es"}],"_links":{"self":[{"href":"https:\/\/cartellera.focus.cat\/es\/wp-json\/wp\/v2\/ex\/10855","targetHints":{"allow":["GET"]}}],"collection":[{"href":"https:\/\/cartellera.focus.cat\/es\/wp-json\/wp\/v2\/ex"}],"about":[{"href":"https:\/\/cartellera.focus.cat\/es\/wp-json\/wp\/v2\/types\/ex"}],"author":[{"embeddable":true,"href":"https:\/\/cartellera.focus.cat\/es\/wp-json\/wp\/v2\/users\/2"}],"replies":[{"embeddable":true,"href":"https:\/\/cartellera.focus.cat\/es\/wp-json\/wp\/v2\/comments?post=10855"}],"acf:term":[{"embeddable":true,"taxonomy":"season","href":"https:\/\/cartellera.focus.cat\/es\/wp-json\/wp\/v2\/season\/65"}],"wp:attachment":[{"href":"https:\/\/cartellera.focus.cat\/es\/wp-json\/wp\/v2\/media?parent=10855"}],"curies":[{"name":"wp","href":"https:\/\/api.w.org\/{rel}","templated":true}]}}