{"id":10864,"date":"2023-11-16T15:19:13","date_gmt":"2023-11-16T15:19:13","guid":{"rendered":"https:\/\/cartellera.focus.cat\/ex\/amb-la-claredat-augmenta-el-fred\/"},"modified":"2026-03-05T15:11:56","modified_gmt":"2026-03-05T15:11:56","slug":"amb-la-claredat-augmenta-el-fred","status":"publish","type":"ex","link":"https:\/\/cartellera.focus.cat\/es\/ex\/amb-la-claredat-augmenta-el-fred\/","title":{"rendered":"Amb la claredat augmenta el fred"},"content":{"rendered":"","protected":false},"excerpt":{"rendered":"","protected":false},"author":2,"featured_media":0,"comment_status":"closed","ping_status":"closed","template":"","class_list":["post-10864","ex","type-ex","status-publish","hentry","season-2023-24"],"acf":{"txt_synopsis":"<p>Una comedia de sal\u00f3n sobre Thomas Bernard. <\/p>\n<p>Sabido es que, a Thomas Bernhard, gran escritor y dramaturgo austr\u00edaco, mel\u00f3mano, feroz denunciador de la extrema derecha, no le gustaban los reconocimientos y las inevitables ceremonias. Tal era su inquina hacia los galardones que la plasm\u00f3 en su libro p\u00f3stumo <em><strong>Mis premios<\/strong><\/em>. A partir de estos testimonios autobiogr\u00e1ficos, Pep Tosar genera un espect\u00e1culo teatral aprovechando al m\u00e1ximo la intensidad obsesiva, el hast\u00edo y la s\u00e1tira caracter\u00edsticos de Bernhard. <\/p>\n<p><em><strong>Amb la claredat augmenta el fred<\/strong><\/em> -t\u00edtulo cogido de uno de sus discursos de agradecimiento, desconcertante y cautivador a la vez que dotado de la po\u00e9tica m\u00e1s esencial de Thomas Bernhard- va desgranando an\u00e9cdotas y palabras de cortes\u00eda que apenas disimulan su \u00e1nimo gru\u00f1\u00f3n y muestra a trav\u00e9s de la risa las miserias del ser humano y del panorama cultural que nos rodea, y del que todos somos c\u00f3mplices. <br \/>&nbsp;<br \/><\/p>","main_buy_link":"","main_buy_links":"","group_buy_link":"","show_language":"Espect\u00e1culo en catal\u00e1n","show_duration":"90","show_start_date":"20240302000000","show_end_date":"20240504000000","show_sort_date":"20240302000000","txt_custom_show_dates":"del 2 de marzo al 4 de mayo de 2024","show_disciplines":"7","show_ultimes_funcions":false,"hide_tarifes_especials":false,"show_properament":false,"txt_additional_info":"<p>&nbsp;<\/p>","txt_present":"","show_season":[65],"txt_season":"[\"2023\/24\"]","txt_cycle":"","txt_claim":"Pep Tosar e Imma Colomer se encuentran con el mejor Thomas Bernhard en un espect\u00e1culo ir\u00f3nico, implacable y ocurrente. Una disecci\u00f3n del ser humano y del panorama cultural.","txt_cast_excerpt":"","txt_cast":"<p>A partir de <strong><em>Els meus premis<\/em><\/strong> <strong>de Thomas Bernhard <\/strong><\/p>\n<p>Dramaturgia: <strong>Pep Tosar y Evelyn Ar\u00e9valo <br \/><\/strong>Traducci\u00f3n: <strong>Clara Formosa<\/strong> <br \/>Direcci\u00f3n: <strong>Pep Tosar<\/strong> <\/p>\n<p>Int\u00e9rpretes: <strong>Imma Colomer, Pep Tosar y Evelyn Ar\u00e9valo <\/strong><\/p>\n<p>Espacio esc\u00e9nico y vestuario: <strong>Evelyn Ar\u00e9valo y Pep Tosar <br \/><\/strong>Dise\u00f1o de la iluminaci\u00f3n: <strong>Pep Tosar <\/strong><\/p>\n<p><br \/>Ayudante de direcci\u00f3n: <strong>Evelyn Ar\u00e9valo <br \/><\/strong>Jefes t\u00e9cnicos del teatro: <strong>Sergi Lobaco y Ra\u00fal Mart\u00ednez <\/strong><\/p>\n<p>M\u00e1rquetin y comunicaci\u00f3n: <strong>Teatre Romea<\/strong> <\/p>\n<p>Una producci\u00f3n de\u202f<strong>Grec Festival de Barcelona y Oblideu-vos de nosaltres<\/strong> <br \/><\/p>","txt_reviews":"Santi Fondevila|Diari ARA|\"Delicioso, espl\u00e9ndido y con un Pep Tosar soberbio. Una joya de funci\u00f3n\"\nMat\u00edas N\u00e9spolo|EL MUNDO|\"El Bernhard de Tosar es veros\u00edmil, brillante i sumamente efectivo\"","hashtag":"AmbLaClaredatAugmentaElFred","have_promo":"","slogan":"","id_exhibicio":2082,"id_versio":1654,"id_local":1,"txt_seo_desc":"Amb al claredat augmenta el fred en el teatre romea de barcelona","data_images":"[{\"localizer\":\"V3SLIDE\",\"url\":\"media\/ftgalslide\/v3\/316A1\/01_086_00057224\/IMG_8588.JPG\",\"thumb_url\":\"media\/ftgalslide\/v3\/316A1\/01_086_00057224\/IMG_8588_thumb.jpg\",\"title\":\"Amb la clardedad augmenta el fred - Mediterranea\",\"description\":\"amb la claredad augmenta el fred mediterranea\",\"copyright\":\"https:\/\/www.youtube.com\/watch?v=xLX1Ia8t74I\",\"order\":6},{\"localizer\":\"V4PORTADAWIDE\",\"url\":\"media\/ver\/port\/wide\/v4\/316A2\/01_091_00057417\/PORTADA-0.jpg\",\"thumb_url\":\"\",\"title\":\"Amb la clardedad augmenta el fred - Teatre Romea\",\"description\":\"amb la claredad augmenta el fred en el teatre romea\",\"copyright\":\"\",\"order\":7},{\"localizer\":\"V4CARTELL\",\"url\":\"media\/ver\/cartell\/v4\/316A2\/01_089_00057418\/cartell-web.jpg\",\"thumb_url\":\"\",\"title\":\"Amb la clardedad augmenta el fred - Teatre Romea\",\"description\":\"amb la claredad augmenta el fred en el teatre romea\",\"copyright\":\"\",\"order\":8},{\"localizer\":\"V4PORTADA\",\"url\":\"media\/ver\/port\/v4\/316A2\/01_090_00057419\/PORTADA1-.jpg\",\"thumb_url\":\"\",\"title\":\"Amb la clardedad augmenta el fred - Teatre Romea\",\"description\":\"amb la claredad augmenta el fred en el teatre romea\",\"copyright\":\"\",\"order\":9},{\"localizer\":\"V4PORTADAWIDEMOBILE\",\"url\":\"media\/ver\/port\/wide\/mobile\/v4\/316A2\/01_092_00057420\/PORTADA-MOBILE.jpg\",\"thumb_url\":\"\",\"title\":\"Amb la clardedad augmenta el fred - Teatre Romea\",\"description\":\"amb la claredad augmenta el fred en el teatre romea\",\"copyright\":\"\",\"order\":10},{\"localizer\":\"V3CARTELL\",\"url\":\"media\/ver\/cartell\/v3\/316A2\/01_085_00057421\/cartell-web-ANTIC.jpg\",\"thumb_url\":\"media\/ver\/cartell\/v3\/316A2\/01_085_00057421\/cartell-web-ANTIC_thumb.jpg\",\"title\":\"Amb la clardedad augmenta el fred - Teatre Romea\",\"description\":\"amb la claredad augmenta el fred en el teatre romea\",\"copyright\":\"\",\"order\":11},{\"localizer\":\"V3SLIDE\",\"url\":\"media\/ftgalslide\/v3\/316A2\/01_086_00057428\/5.jpg\",\"thumb_url\":\"media\/ftgalslide\/v3\/316A2\/01_086_00057428\/5_thumb.jpg\",\"title\":\"Amb la claredat - Teatre Romea\",\"description\":\"amb la clardeat augemtn ael fred\",\"copyright\":\"\",\"order\":12}]","material__texto_intro":"","data_material":null,"data_gallery":"","data_discounts":"[]","contract_is_open":true,"in_tour":false},"yoast_head":"<!-- This site is optimized with the Yoast SEO plugin v27.4 - https:\/\/yoast.com\/product\/yoast-seo-wordpress\/ -->\n<title>Amb la claredat augmenta el fred - Cartellera Focus<\/title>\n<meta name=\"robots\" content=\"index, follow, max-snippet:-1, max-image-preview:large, max-video-preview:-1\" \/>\n<link rel=\"canonical\" href=\"https:\/\/cartellera.focus.cat\/es\/ex\/amb-la-claredat-augmenta-el-fred\/\" \/>\n<meta property=\"og:locale\" content=\"es_ES\" \/>\n<meta property=\"og:type\" content=\"article\" \/>\n<meta property=\"og:title\" content=\"Amb la claredat augmenta el fred - Cartellera Focus\" \/>\n<meta property=\"og:url\" content=\"https:\/\/cartellera.focus.cat\/es\/ex\/amb-la-claredat-augmenta-el-fred\/\" \/>\n<meta property=\"og:site_name\" content=\"Cartellera Focus\" \/>\n<meta property=\"article:modified_time\" content=\"2026-03-05T15:11:56+00:00\" \/>\n<meta name=\"twitter:card\" content=\"summary_large_image\" \/>\n<script type=\"application\/ld+json\" class=\"yoast-schema-graph\">{\"@context\":\"https:\\\/\\\/schema.org\",\"@graph\":[{\"@type\":\"WebPage\",\"@id\":\"https:\\\/\\\/cartellera.focus.cat\\\/es\\\/ex\\\/amb-la-claredat-augmenta-el-fred\\\/\",\"url\":\"https:\\\/\\\/cartellera.focus.cat\\\/es\\\/ex\\\/amb-la-claredat-augmenta-el-fred\\\/\",\"name\":\"Amb la claredat augmenta el fred - Cartellera Focus\",\"isPartOf\":{\"@id\":\"https:\\\/\\\/cartellera.focus.cat\\\/es\\\/#website\"},\"datePublished\":\"2023-11-16T15:19:13+00:00\",\"dateModified\":\"2026-03-05T15:11:56+00:00\",\"breadcrumb\":{\"@id\":\"https:\\\/\\\/cartellera.focus.cat\\\/es\\\/ex\\\/amb-la-claredat-augmenta-el-fred\\\/#breadcrumb\"},\"inLanguage\":\"es\",\"potentialAction\":[{\"@type\":\"ReadAction\",\"target\":[\"https:\\\/\\\/cartellera.focus.cat\\\/es\\\/ex\\\/amb-la-claredat-augmenta-el-fred\\\/\"]}]},{\"@type\":\"BreadcrumbList\",\"@id\":\"https:\\\/\\\/cartellera.focus.cat\\\/es\\\/ex\\\/amb-la-claredat-augmenta-el-fred\\\/#breadcrumb\",\"itemListElement\":[{\"@type\":\"ListItem\",\"position\":1,\"name\":\"Home\",\"item\":\"https:\\\/\\\/cartellera.focus.cat\\\/es\\\/\"},{\"@type\":\"ListItem\",\"position\":2,\"name\":\"Espectacles\",\"item\":\"https:\\\/\\\/cartellera.focus.cat\\\/es\\\/ex\\\/\"},{\"@type\":\"ListItem\",\"position\":3,\"name\":\"Amb la claredat augmenta el fred\"}]},{\"@type\":\"WebSite\",\"@id\":\"https:\\\/\\\/cartellera.focus.cat\\\/es\\\/#website\",\"url\":\"https:\\\/\\\/cartellera.focus.cat\\\/es\\\/\",\"name\":\"Cartellera Focus\",\"description\":\"Troba el teu espectacle als teatres de Focus\",\"publisher\":{\"@id\":\"https:\\\/\\\/cartellera.focus.cat\\\/es\\\/#organization\"},\"potentialAction\":[{\"@type\":\"SearchAction\",\"target\":{\"@type\":\"EntryPoint\",\"urlTemplate\":\"https:\\\/\\\/cartellera.focus.cat\\\/es\\\/?s={search_term_string}\"},\"query-input\":{\"@type\":\"PropertyValueSpecification\",\"valueRequired\":true,\"valueName\":\"search_term_string\"}}],\"inLanguage\":\"es\"},{\"@type\":\"Organization\",\"@id\":\"https:\\\/\\\/cartellera.focus.cat\\\/es\\\/#organization\",\"name\":\"Cartellera Focus\",\"url\":\"https:\\\/\\\/cartellera.focus.cat\\\/es\\\/\",\"logo\":{\"@type\":\"ImageObject\",\"inLanguage\":\"es\",\"@id\":\"https:\\\/\\\/cartellera.focus.cat\\\/es\\\/#\\\/schema\\\/logo\\\/image\\\/\",\"url\":\"https:\\\/\\\/cartellera.focus.cat\\\/wp-content\\\/uploads\\\/sites\\\/6\\\/2023\\\/01\\\/logo-focus.svg\",\"contentUrl\":\"https:\\\/\\\/cartellera.focus.cat\\\/wp-content\\\/uploads\\\/sites\\\/6\\\/2023\\\/01\\\/logo-focus.svg\",\"width\":1,\"height\":1,\"caption\":\"Cartellera Focus\"},\"image\":{\"@id\":\"https:\\\/\\\/cartellera.focus.cat\\\/es\\\/#\\\/schema\\\/logo\\\/image\\\/\"},\"sameAs\":[\"https:\\\/\\\/www.instagram.com\\\/grupfocus_\",\"https:\\\/\\\/www.youtube.com\\\/channel\\\/UCHo1UBGWueryu2P-vn8CRXw\",\"https:\\\/\\\/www.linkedin.com\\\/company\\\/grup-focus\\\/\"]}]}<\/script>\n<!-- \/ Yoast SEO plugin. -->","yoast_head_json":{"title":"Amb la claredat augmenta el fred - Cartellera Focus","robots":{"index":"index","follow":"follow","max-snippet":"max-snippet:-1","max-image-preview":"max-image-preview:large","max-video-preview":"max-video-preview:-1"},"canonical":"https:\/\/cartellera.focus.cat\/es\/ex\/amb-la-claredat-augmenta-el-fred\/","og_locale":"es_ES","og_type":"article","og_title":"Amb la claredat augmenta el fred - Cartellera Focus","og_url":"https:\/\/cartellera.focus.cat\/es\/ex\/amb-la-claredat-augmenta-el-fred\/","og_site_name":"Cartellera Focus","article_modified_time":"2026-03-05T15:11:56+00:00","twitter_card":"summary_large_image","schema":{"@context":"https:\/\/schema.org","@graph":[{"@type":"WebPage","@id":"https:\/\/cartellera.focus.cat\/es\/ex\/amb-la-claredat-augmenta-el-fred\/","url":"https:\/\/cartellera.focus.cat\/es\/ex\/amb-la-claredat-augmenta-el-fred\/","name":"Amb la claredat augmenta el fred - Cartellera Focus","isPartOf":{"@id":"https:\/\/cartellera.focus.cat\/es\/#website"},"datePublished":"2023-11-16T15:19:13+00:00","dateModified":"2026-03-05T15:11:56+00:00","breadcrumb":{"@id":"https:\/\/cartellera.focus.cat\/es\/ex\/amb-la-claredat-augmenta-el-fred\/#breadcrumb"},"inLanguage":"es","potentialAction":[{"@type":"ReadAction","target":["https:\/\/cartellera.focus.cat\/es\/ex\/amb-la-claredat-augmenta-el-fred\/"]}]},{"@type":"BreadcrumbList","@id":"https:\/\/cartellera.focus.cat\/es\/ex\/amb-la-claredat-augmenta-el-fred\/#breadcrumb","itemListElement":[{"@type":"ListItem","position":1,"name":"Home","item":"https:\/\/cartellera.focus.cat\/es\/"},{"@type":"ListItem","position":2,"name":"Espectacles","item":"https:\/\/cartellera.focus.cat\/es\/ex\/"},{"@type":"ListItem","position":3,"name":"Amb la claredat augmenta el fred"}]},{"@type":"WebSite","@id":"https:\/\/cartellera.focus.cat\/es\/#website","url":"https:\/\/cartellera.focus.cat\/es\/","name":"Cartellera Focus","description":"Troba el teu espectacle als teatres de Focus","publisher":{"@id":"https:\/\/cartellera.focus.cat\/es\/#organization"},"potentialAction":[{"@type":"SearchAction","target":{"@type":"EntryPoint","urlTemplate":"https:\/\/cartellera.focus.cat\/es\/?s={search_term_string}"},"query-input":{"@type":"PropertyValueSpecification","valueRequired":true,"valueName":"search_term_string"}}],"inLanguage":"es"},{"@type":"Organization","@id":"https:\/\/cartellera.focus.cat\/es\/#organization","name":"Cartellera Focus","url":"https:\/\/cartellera.focus.cat\/es\/","logo":{"@type":"ImageObject","inLanguage":"es","@id":"https:\/\/cartellera.focus.cat\/es\/#\/schema\/logo\/image\/","url":"https:\/\/cartellera.focus.cat\/wp-content\/uploads\/sites\/6\/2023\/01\/logo-focus.svg","contentUrl":"https:\/\/cartellera.focus.cat\/wp-content\/uploads\/sites\/6\/2023\/01\/logo-focus.svg","width":1,"height":1,"caption":"Cartellera Focus"},"image":{"@id":"https:\/\/cartellera.focus.cat\/es\/#\/schema\/logo\/image\/"},"sameAs":["https:\/\/www.instagram.com\/grupfocus_","https:\/\/www.youtube.com\/channel\/UCHo1UBGWueryu2P-vn8CRXw","https:\/\/www.linkedin.com\/company\/grup-focus\/"]}]}},"translations":[{"id":11313,"locale":"ca"},{"id":10864,"locale":"es"}],"_links":{"self":[{"href":"https:\/\/cartellera.focus.cat\/es\/wp-json\/wp\/v2\/ex\/10864","targetHints":{"allow":["GET"]}}],"collection":[{"href":"https:\/\/cartellera.focus.cat\/es\/wp-json\/wp\/v2\/ex"}],"about":[{"href":"https:\/\/cartellera.focus.cat\/es\/wp-json\/wp\/v2\/types\/ex"}],"author":[{"embeddable":true,"href":"https:\/\/cartellera.focus.cat\/es\/wp-json\/wp\/v2\/users\/2"}],"replies":[{"embeddable":true,"href":"https:\/\/cartellera.focus.cat\/es\/wp-json\/wp\/v2\/comments?post=10864"}],"acf:term":[{"embeddable":true,"taxonomy":"season","href":"https:\/\/cartellera.focus.cat\/es\/wp-json\/wp\/v2\/season\/65"}],"wp:attachment":[{"href":"https:\/\/cartellera.focus.cat\/es\/wp-json\/wp\/v2\/media?parent=10864"}],"curies":[{"name":"wp","href":"https:\/\/api.w.org\/{rel}","templated":true}]}}