{"id":11458,"date":"2024-09-05T15:13:03","date_gmt":"2024-09-05T15:13:03","guid":{"rendered":"https:\/\/cartellera.focus.cat\/ex\/dones-de-radio\/"},"modified":"2026-03-05T15:39:37","modified_gmt":"2026-03-05T15:39:37","slug":"dones-de-radio","status":"publish","type":"ex","link":"https:\/\/cartellera.focus.cat\/es\/ex\/dones-de-radio\/","title":{"rendered":"Dones de r\u00e0dio"},"content":{"rendered":"","protected":false},"excerpt":{"rendered":"","protected":false},"author":2,"featured_media":0,"comment_status":"closed","ping_status":"closed","template":"","class_list":["post-11458","ex","type-ex","status-publish","hentry"],"acf":{"txt_synopsis":"<p><strong>Tres historias impresionantes. Tres mujeres que se enfrentan a la adversidad.<\/strong> <\/p>\n<p>Rosa, de cincuenta y cinco a\u00f1os, lidera un programa de radio de m\u00e1xima audiencia, es una mujer ir\u00f3nica y con car\u00e1cter. \u00c0gata, que ronda los cuarenta, trabaja de enfermera en un hospital, es discreta y sensible. Carol, que a\u00fan no ha cumplido los treinta, no est\u00e1 muy centrada profesionalmente, y es directa y desinhibida.&nbsp;&nbsp; <\/p>\n<p>Tres vidas que no tienen nada en com\u00fan, hasta el d\u00eda en que cada una de ellas se encuentra... un bulto en el pecho. Las tres vidas dar\u00e1n un giro de 180 grados. Tres grandes actrices de nuestro pa\u00eds: \u00c0ngels Gonyalons, Sara Esp\u00edgul y Sara Diego, se ponen en la piel de estas tres mujeres para explicarnos con ternura, con sensibilidad, pero tambi\u00e9n con mucho sentido del humor, su vivencia a partir de la aparici\u00f3n de la enfermedad. <\/p>","main_buy_link":"https:\/\/tickets.oneboxtds.com\/lavillarroel\/events\/39311?hl=es-ES","main_buy_links":"[\"https:\/\/tickets.oneboxtds.com\/lavillarroel\/events\/39311?hl=es-ES\"]","group_buy_link":"","show_language":"Espect\u00e1culo en catal\u00e1n","show_duration":"90","show_start_date":"20250322000000","show_end_date":"20250511000000","show_sort_date":"20250322000000","txt_custom_show_dates":"hasta el 11 de mayo de 2025","show_disciplines":"11","show_ultimes_funcions":true,"hide_tarifes_especials":false,"show_properament":false,"txt_additional_info":"<ul>\n<li>Recomendado a partir de 14 a\u00f1os \n<\/li><li>El mi\u00e9rcoles 7 de mayo se har\u00e1 un coloquio postfunci\u00f3n con la participaci\u00f3n de Maria Jes\u00fas Pla Farn\u00f3s, coordinadora de la Unitat Funcional de Mama del Hospital Universitari de Bellvitge, Cristina Mart\u00ednez, responsable Corporativa ASSIR Catalunya, y la compa\u00f1\u00eda.<\/li><\/ul>\n<p>&nbsp;<\/p>\n<p>&nbsp;<\/p>","txt_present":"","show_season":false,"txt_season":"[\"2024\/25\"]","txt_cycle":"","txt_claim":"Rosa, de cincuenta y cinco a\u00f1os, lidera un programa de radio de m\u00e1xima audiencia, es una mujer ir\u00f3nica y con car\u00e1cter.","txt_cast_excerpt":"","txt_cast":"<p>Autor\u00eda: <strong>Cristina Clemente <br \/><\/strong>Direcci\u00f3n: <strong>Sergi Belbel <\/strong><\/p>\n<p>Int\u00e9rpretes: <br \/><strong>\u00c0ngels Gonyalons<\/strong> - Rosa&nbsp; <br \/><strong>Sara Esp\u00edgul<\/strong> - \u00c0gata <br \/><strong>Sara Diego<\/strong> - Carol&nbsp;<\/p>\n<p>Voces en off: <strong>Anna Carre\u00f1o, Jordi Boixaderas, Marta Codina, Laura Fit\u00e9, Andr\u00e9s Herrera, Gemma Mart\u00ednez, Montse Rodr\u00edguez y N\u00faria Sanmart\u00ed<br \/><\/strong>&nbsp;<br \/>Escenograf\u00eda: <strong>Max Glaenzel<\/strong><br \/>Vestuario y caracterizaci\u00f3n: <strong>N\u00faria Llunell<\/strong><br \/>Iluminaci\u00f3n: <strong>Kiko Planas<\/strong><br \/>Espacio sonoro: <strong>Jordi Bonet y Efr\u00e9n Bellostes<\/strong><\/p>\n<p>Direcci\u00f3n de producci\u00f3n: <strong>Josep Dom\u00e8nech <br \/><\/strong>Jefa de producci\u00f3n: <strong>Blanca Arderiu <br \/><\/strong>Producci\u00f3n ejecutiva: <strong>Macarena Garcia<br \/><\/strong>Coordinaci\u00f3n t\u00e9cnica:<strong> AP7 Projectes T\u00e8cnics<\/strong><\/p>\n<p>Ayudante de direcci\u00f3n: <strong>Roc Esquius<br \/><\/strong>Regidur\u00eda: <strong>Montse Alacuart<br \/><\/strong>T\u00e9cnica de luces:<strong> Cristina Rodr\u00edguez<br \/><\/strong>T\u00e9cnico de sonido:<strong> Efr\u00e9n Bellostes<br \/><\/strong>Maquinaria: <strong>Carles Hern\u00e1ndez \u2018Xarli\u2019&nbsp;<br \/><\/strong>Jefa t\u00e9cnica del teatro: <strong>Marta P\u00e9rez <\/strong><\/p>\n<p>M\u00e1rquetin y comunicaci\u00f3n de la compa\u00f1\u00eda: <strong>Bit\u00f2<\/strong> <br \/>M\u00e1rquetin y comunicaci\u00f3n del teatro: <strong>La Villarroel <\/strong><\/p>\n<p>Agradecimientos: <strong>Yolanda Fuster Mart\u00ednez, A\u00efda Cerdanya Segura, Loli Guart Caparr\u00f3s, Mireia Ros Lara, Rosa Romero Garc\u00eda, S\u00edlvia Luque Delgado, \u00cdngrid Icra i Salicr\u00fa, Patr\u00edcia Moya Mart\u00edn y Laura Iglesias Trafach<\/strong><\/p>\n<p>Con el apoyo de: <strong>Generalitat de Catalunya \u2013 ICEC Institut Catal\u00e0 de les Empreses Culturals <\/strong><\/p>\n<p>Distribuci\u00f3n: <strong>Bit\u00f2<\/strong> <\/p>\n<p>Es una producci\u00f3n de <strong>Bit\u00f2<\/strong>&nbsp; <\/p>","txt_reviews":"Santi Fondevila|ARA|\u201cCristina Clemente alcanza el virtuoso equilibrio entre la comedia y el drama con tres actrices en estado de gracia y la excelente direcci\u00f3n de Sergi Belbel\u201d\nAndreu Sotorra|Recomana|\u201cUn espect\u00e1culo tan brillante como emotivo y entusiasta\u201d\nPablo Cavero Asencio|Catacultural|\u201cUna pieza que sentimos cercana y nos emociona de principio a fin\u201d","hashtag":"DonesDeR\u00e0dio","have_promo":"","slogan":"","id_exhibicio":2185,"id_versio":1722,"id_local":4,"txt_seo_desc":"Dones de r\u00e0dio una obra de Sergi Belbel","data_images":"[{\"localizer\":\"V4PORTADA\",\"url\":\"media\/ver\/port\/v4\/31705\/01_090_00058646\/Portada_1_760x760.jpg\",\"thumb_url\":\"\",\"title\":\"Dones de r\u00e0dio - La Villarroel\",\"description\":\"dones de radio en la villarroel\",\"copyright\":\"\",\"order\":11},{\"localizer\":\"V4CARTELL\",\"url\":\"media\/ver\/cartell\/v4\/31705\/01_089_00058647\/Cartell_web_720x1100.jpg\",\"thumb_url\":\"\",\"title\":\"Dones de r\u00e0dio - La Villarroel\",\"description\":\"dones de radio en la villarroel\",\"copyright\":\"\",\"order\":12},{\"localizer\":\"V3SLIDE\",\"url\":\"media\/ftgalslide\/v3\/31707\/01_086_00058738\/1.jpg\",\"thumb_url\":\"media\/ftgalslide\/v3\/31707\/01_086_00058738\/1_thumb.jpg\",\"title\":\"Dones de r\u00e0dio - La Villarroel\",\"description\":\"dones de radio en la villarroel\",\"copyright\":\"https:\/\/youtu.be\/TFAJP0ICcBU\",\"order\":13},{\"localizer\":\"V3SLIDE\",\"url\":\"media\/ftgalslide\/v3\/31707\/01_086_00058739\/2.jpg\",\"thumb_url\":\"media\/ftgalslide\/v3\/31707\/01_086_00058739\/2_thumb.jpg\",\"title\":\"Dones de r\u00e0dio - La Villarroel\",\"description\":\"dones de radio a la villarroel\",\"copyright\":\"\",\"order\":14},{\"localizer\":\"V3SLIDE\",\"url\":\"media\/ftgalslide\/v3\/31707\/01_086_00058740\/3.jpg\",\"thumb_url\":\"media\/ftgalslide\/v3\/31707\/01_086_00058740\/3_thumb.jpg\",\"title\":\"Dones de r\u00e0dio - La Villarroel\",\"description\":\"dones de radio en la villarroel\",\"copyright\":\"\",\"order\":15},{\"localizer\":\"V3SLIDE\",\"url\":\"media\/ftgalslide\/v3\/31707\/01_086_00058741\/4.jpg\",\"thumb_url\":\"media\/ftgalslide\/v3\/31707\/01_086_00058741\/4_thumb.jpg\",\"title\":\"Dones de r\u00e0dio - La Villarroel\",\"description\":\"dones de radio en la villarroel\",\"copyright\":\"\",\"order\":16},{\"localizer\":\"V4PORTADAWIDE\",\"url\":\"media\/ver\/port\/wide\/v4\/31708\/01_091_00058851\/Portada_0_2880x1260_1.jpg\",\"thumb_url\":\"\",\"title\":\"Dones de r\u00e0dio - \u00daltimes funcions\",\"description\":\"dones de radio ultimes funcions\",\"copyright\":\"\",\"order\":19},{\"localizer\":\"V4PORTADAWIDEMOBILE\",\"url\":\"media\/ver\/port\/wide\/mobile\/v4\/31708\/01_092_00058852\/Portada_0_mobile_828x1800_2.jpg\",\"thumb_url\":\"\",\"title\":\"Dones de r\u00e0dio - \u00daltimes funcions\",\"description\":\"dones de radio ultimes funcions\",\"copyright\":\"\",\"order\":20}]","material__texto_intro":"","data_material":null,"data_gallery":"","data_discounts":"[]","contract_is_open":false,"in_tour":false},"yoast_head":"<!-- This site is optimized with the Yoast SEO plugin v27.5 - https:\/\/yoast.com\/product\/yoast-seo-wordpress\/ -->\n<title>Dones de r\u00e0dio - Cartellera Focus<\/title>\n<meta name=\"robots\" content=\"index, follow, max-snippet:-1, max-image-preview:large, max-video-preview:-1\" \/>\n<link rel=\"canonical\" href=\"https:\/\/cartellera.focus.cat\/es\/ex\/dones-de-radio\/\" \/>\n<meta property=\"og:locale\" content=\"es_ES\" \/>\n<meta property=\"og:type\" content=\"article\" \/>\n<meta property=\"og:title\" content=\"Dones de r\u00e0dio - Cartellera Focus\" \/>\n<meta property=\"og:url\" content=\"https:\/\/cartellera.focus.cat\/es\/ex\/dones-de-radio\/\" \/>\n<meta property=\"og:site_name\" content=\"Cartellera Focus\" \/>\n<meta property=\"article:modified_time\" content=\"2026-03-05T15:39:37+00:00\" \/>\n<meta name=\"twitter:card\" content=\"summary_large_image\" \/>\n<script type=\"application\/ld+json\" class=\"yoast-schema-graph\">{\"@context\":\"https:\\\/\\\/schema.org\",\"@graph\":[{\"@type\":\"WebPage\",\"@id\":\"https:\\\/\\\/cartellera.focus.cat\\\/es\\\/ex\\\/dones-de-radio\\\/\",\"url\":\"https:\\\/\\\/cartellera.focus.cat\\\/es\\\/ex\\\/dones-de-radio\\\/\",\"name\":\"Dones de r\u00e0dio - Cartellera Focus\",\"isPartOf\":{\"@id\":\"https:\\\/\\\/cartellera.focus.cat\\\/es\\\/#website\"},\"datePublished\":\"2024-09-05T15:13:03+00:00\",\"dateModified\":\"2026-03-05T15:39:37+00:00\",\"breadcrumb\":{\"@id\":\"https:\\\/\\\/cartellera.focus.cat\\\/es\\\/ex\\\/dones-de-radio\\\/#breadcrumb\"},\"inLanguage\":\"es\",\"potentialAction\":[{\"@type\":\"ReadAction\",\"target\":[\"https:\\\/\\\/cartellera.focus.cat\\\/es\\\/ex\\\/dones-de-radio\\\/\"]}]},{\"@type\":\"BreadcrumbList\",\"@id\":\"https:\\\/\\\/cartellera.focus.cat\\\/es\\\/ex\\\/dones-de-radio\\\/#breadcrumb\",\"itemListElement\":[{\"@type\":\"ListItem\",\"position\":1,\"name\":\"Home\",\"item\":\"https:\\\/\\\/cartellera.focus.cat\\\/es\\\/\"},{\"@type\":\"ListItem\",\"position\":2,\"name\":\"Espectacles\",\"item\":\"https:\\\/\\\/cartellera.focus.cat\\\/es\\\/ex\\\/\"},{\"@type\":\"ListItem\",\"position\":3,\"name\":\"Dones de r\u00e0dio\"}]},{\"@type\":\"WebSite\",\"@id\":\"https:\\\/\\\/cartellera.focus.cat\\\/es\\\/#website\",\"url\":\"https:\\\/\\\/cartellera.focus.cat\\\/es\\\/\",\"name\":\"Cartellera Focus\",\"description\":\"Troba el teu espectacle als teatres de Focus\",\"publisher\":{\"@id\":\"https:\\\/\\\/cartellera.focus.cat\\\/es\\\/#organization\"},\"potentialAction\":[{\"@type\":\"SearchAction\",\"target\":{\"@type\":\"EntryPoint\",\"urlTemplate\":\"https:\\\/\\\/cartellera.focus.cat\\\/es\\\/?s={search_term_string}\"},\"query-input\":{\"@type\":\"PropertyValueSpecification\",\"valueRequired\":true,\"valueName\":\"search_term_string\"}}],\"inLanguage\":\"es\"},{\"@type\":\"Organization\",\"@id\":\"https:\\\/\\\/cartellera.focus.cat\\\/es\\\/#organization\",\"name\":\"Cartellera Focus\",\"url\":\"https:\\\/\\\/cartellera.focus.cat\\\/es\\\/\",\"logo\":{\"@type\":\"ImageObject\",\"inLanguage\":\"es\",\"@id\":\"https:\\\/\\\/cartellera.focus.cat\\\/es\\\/#\\\/schema\\\/logo\\\/image\\\/\",\"url\":\"https:\\\/\\\/cartellera.focus.cat\\\/wp-content\\\/uploads\\\/sites\\\/6\\\/2023\\\/01\\\/logo-focus.svg\",\"contentUrl\":\"https:\\\/\\\/cartellera.focus.cat\\\/wp-content\\\/uploads\\\/sites\\\/6\\\/2023\\\/01\\\/logo-focus.svg\",\"width\":1,\"height\":1,\"caption\":\"Cartellera Focus\"},\"image\":{\"@id\":\"https:\\\/\\\/cartellera.focus.cat\\\/es\\\/#\\\/schema\\\/logo\\\/image\\\/\"},\"sameAs\":[\"https:\\\/\\\/www.instagram.com\\\/grupfocus_\",\"https:\\\/\\\/www.youtube.com\\\/channel\\\/UCHo1UBGWueryu2P-vn8CRXw\",\"https:\\\/\\\/www.linkedin.com\\\/company\\\/grup-focus\\\/\"]}]}<\/script>\n<!-- \/ Yoast SEO plugin. -->","yoast_head_json":{"title":"Dones de r\u00e0dio - Cartellera Focus","robots":{"index":"index","follow":"follow","max-snippet":"max-snippet:-1","max-image-preview":"max-image-preview:large","max-video-preview":"max-video-preview:-1"},"canonical":"https:\/\/cartellera.focus.cat\/es\/ex\/dones-de-radio\/","og_locale":"es_ES","og_type":"article","og_title":"Dones de r\u00e0dio - Cartellera Focus","og_url":"https:\/\/cartellera.focus.cat\/es\/ex\/dones-de-radio\/","og_site_name":"Cartellera Focus","article_modified_time":"2026-03-05T15:39:37+00:00","twitter_card":"summary_large_image","schema":{"@context":"https:\/\/schema.org","@graph":[{"@type":"WebPage","@id":"https:\/\/cartellera.focus.cat\/es\/ex\/dones-de-radio\/","url":"https:\/\/cartellera.focus.cat\/es\/ex\/dones-de-radio\/","name":"Dones de r\u00e0dio - Cartellera Focus","isPartOf":{"@id":"https:\/\/cartellera.focus.cat\/es\/#website"},"datePublished":"2024-09-05T15:13:03+00:00","dateModified":"2026-03-05T15:39:37+00:00","breadcrumb":{"@id":"https:\/\/cartellera.focus.cat\/es\/ex\/dones-de-radio\/#breadcrumb"},"inLanguage":"es","potentialAction":[{"@type":"ReadAction","target":["https:\/\/cartellera.focus.cat\/es\/ex\/dones-de-radio\/"]}]},{"@type":"BreadcrumbList","@id":"https:\/\/cartellera.focus.cat\/es\/ex\/dones-de-radio\/#breadcrumb","itemListElement":[{"@type":"ListItem","position":1,"name":"Home","item":"https:\/\/cartellera.focus.cat\/es\/"},{"@type":"ListItem","position":2,"name":"Espectacles","item":"https:\/\/cartellera.focus.cat\/es\/ex\/"},{"@type":"ListItem","position":3,"name":"Dones de r\u00e0dio"}]},{"@type":"WebSite","@id":"https:\/\/cartellera.focus.cat\/es\/#website","url":"https:\/\/cartellera.focus.cat\/es\/","name":"Cartellera Focus","description":"Troba el teu espectacle als teatres de Focus","publisher":{"@id":"https:\/\/cartellera.focus.cat\/es\/#organization"},"potentialAction":[{"@type":"SearchAction","target":{"@type":"EntryPoint","urlTemplate":"https:\/\/cartellera.focus.cat\/es\/?s={search_term_string}"},"query-input":{"@type":"PropertyValueSpecification","valueRequired":true,"valueName":"search_term_string"}}],"inLanguage":"es"},{"@type":"Organization","@id":"https:\/\/cartellera.focus.cat\/es\/#organization","name":"Cartellera Focus","url":"https:\/\/cartellera.focus.cat\/es\/","logo":{"@type":"ImageObject","inLanguage":"es","@id":"https:\/\/cartellera.focus.cat\/es\/#\/schema\/logo\/image\/","url":"https:\/\/cartellera.focus.cat\/wp-content\/uploads\/sites\/6\/2023\/01\/logo-focus.svg","contentUrl":"https:\/\/cartellera.focus.cat\/wp-content\/uploads\/sites\/6\/2023\/01\/logo-focus.svg","width":1,"height":1,"caption":"Cartellera Focus"},"image":{"@id":"https:\/\/cartellera.focus.cat\/es\/#\/schema\/logo\/image\/"},"sameAs":["https:\/\/www.instagram.com\/grupfocus_","https:\/\/www.youtube.com\/channel\/UCHo1UBGWueryu2P-vn8CRXw","https:\/\/www.linkedin.com\/company\/grup-focus\/"]}]}},"translations":[{"id":11452,"locale":"ca"},{"id":11458,"locale":"es"}],"_links":{"self":[{"href":"https:\/\/cartellera.focus.cat\/es\/wp-json\/wp\/v2\/ex\/11458","targetHints":{"allow":["GET"]}}],"collection":[{"href":"https:\/\/cartellera.focus.cat\/es\/wp-json\/wp\/v2\/ex"}],"about":[{"href":"https:\/\/cartellera.focus.cat\/es\/wp-json\/wp\/v2\/types\/ex"}],"author":[{"embeddable":true,"href":"https:\/\/cartellera.focus.cat\/es\/wp-json\/wp\/v2\/users\/2"}],"replies":[{"embeddable":true,"href":"https:\/\/cartellera.focus.cat\/es\/wp-json\/wp\/v2\/comments?post=11458"}],"wp:attachment":[{"href":"https:\/\/cartellera.focus.cat\/es\/wp-json\/wp\/v2\/media?parent=11458"}],"curies":[{"name":"wp","href":"https:\/\/api.w.org\/{rel}","templated":true}]}}