{"id":11459,"date":"2024-09-05T15:13:21","date_gmt":"2024-09-05T15:13:21","guid":{"rendered":"https:\/\/cartellera.focus.cat\/ex\/a-fuego-2\/"},"modified":"2026-03-05T15:39:37","modified_gmt":"2026-03-05T15:39:37","slug":"a-fuego","status":"publish","type":"ex","link":"https:\/\/cartellera.focus.cat\/es\/ex\/a-fuego\/","title":{"rendered":"A fuego"},"content":{"rendered":"","protected":false},"excerpt":{"rendered":"","protected":false},"author":2,"featured_media":0,"comment_status":"closed","ping_status":"closed","template":"","class_list":["post-11459","ex","type-ex","status-publish","hentry"],"acf":{"txt_synopsis":"<p><strong>Vibrante, moderna, divertida y reflexiva. Un caramelo para todo tipo de p\u00fablicos.<\/strong><\/p>\n<p>Er\u00f3strato, un pastor de la Antigua Grecia, incendi\u00f3 el templo de Artemisa de \u00c9feso, considerado una de las siete maravillas del mundo antiguo. Despu\u00e9s de ser detenido, interrogado y torturado, acab\u00f3 confesando la verdadera raz\u00f3n que lo hab\u00eda llevado a cometer aquel acto: pasar a la posteridad. <\/p>\n<p>En este mon\u00f3logo \u00edntegramente en verso, lleno de s\u00e1tira, juegos de palabras y metateatralidad, veremos c\u00f3mo la fascinaci\u00f3n del protagonista por la figura de Er\u00f3strato se convierte progresivamente en una obsesi\u00f3n, hasta hacerlo cometer un crimen a la altura de su \u00eddolo infame. <\/p>\n<p>Saltando de un personaje a otro, el autor-int\u00e9rprete se r\u00ede de su propia megaloman\u00eda, invit\u00e1ndonos a reflexionar sobre el narcisismo imperante de nuestra \u00e9poca y el deseo intr\u00ednseco al ser humano de dejar huella; ya sea a trav\u00e9s de una expresi\u00f3n art\u00edstica, un oficio, una revoluci\u00f3n o un acto criminal. <\/p>","main_buy_link":"https:\/\/tickets.oneboxtds.com\/lavillarroel\/events\/32947?hl=es-ES","main_buy_links":"[\"https:\/\/tickets.oneboxtds.com\/lavillarroel\/events\/32947?hl=es-ES\"]","group_buy_link":"","show_language":"Espect\u00e1culo en castellano","show_duration":"60","show_start_date":"20250331000000","show_end_date":"20250415000000","show_sort_date":"20250331000000","txt_custom_show_dates":"hasta el 15 de abril de 2025","show_disciplines":"11","show_ultimes_funcions":false,"hide_tarifes_especials":false,"show_properament":false,"txt_additional_info":"<ul>\n<li><i class=\"fa fa-deaf fa-2x fa-fw\"><\/i>Edad recomendada a partir de 13 a\u00f1os. <\/li><\/ul>\n<p>&nbsp;<\/p>","txt_present":"","show_season":false,"txt_season":"[\"2024\/25\"]","txt_cycle":"Off La Villarroel","txt_claim":"Vibrante, moderna, divertida y reflexiva. Un caramelo para todo tipo de p\u00fablicos.","txt_cast_excerpt":"","txt_cast":"<p>Autor\u00eda: <strong>Pablo Macho Otero <br \/><\/strong>Compa\u00f1\u00eda: <strong>La Bella Otero <br \/><\/strong>Direcci\u00f3n: <strong>Emma Arquillu\u00e9 y Pablo Macho Otero <\/strong><\/p>\n<p>Int\u00e9rprete: <strong>Pablo Macho Otero&nbsp;&nbsp; <\/strong><\/p>\n<p>Escenograf\u00eda: <strong>Yaiza Ares <br \/><\/strong>Vestuario e iluminaci\u00f3n: <strong>La Bella Otero <br \/><\/strong>Espacio sonoro: <strong>Gerard Vidal Barrena <br \/><\/strong>Movimiento: <strong>Oriol Pla <\/strong><\/p>\n<p>Producci\u00f3n ejecutiva: <strong>Emma Arquillu\u00e9 <\/strong><\/p>\n<p>Ayudant\u00eda de direcci\u00f3n: <strong>Eudald Font <\/strong><br \/>Asesoramiento dramaturgia y direcci\u00f3n: <strong>Jordi Oriol<br \/><\/strong>T\u00e9cnico de la compa\u00f1\u00eda: <strong>Santiago Aguilera <br \/><\/strong>Jefa t\u00e9cnica del teatro: <strong>Marta P\u00e9rez <\/strong><\/p>\n<p>M\u00e1rquetin y comunicaci\u00f3n del teatro: <strong>La Villarroel <\/strong><strong><br \/><\/strong>Reportaje fotogr\u00e1fico: <strong>David Ruano<\/strong> <\/p>\n<p>Colaboradores: <strong>Amici Miei Produccions<\/strong> <\/p>\n<p>Agradecimientos: <strong>Teatre Nu, La Cal\u00f2rica, familia Arquillu\u00e9 Rius y familia Macho Otero <\/strong><\/p>\n<p>Instituciones: <strong>Generalitat de Catalunya \u2013 ICEC Institut Catal\u00e0 de les Empreses Culturals <\/strong><\/p>\n<p>Es una producci\u00f3n de <strong>Mola Produccions <\/strong><\/p>","txt_reviews":"Jos\u00e9 Rafael Palomar|Diario Cr\u00edtico|\"Brillante mon\u00f3logo de Pablo Macho\"\nFrancesc Esteve i Tom\u00e0s| Inquietuds Culturals| \"Atrae desde el incio hasta el fin de la obra, magn\u00edfico\"\nPablo Ignacio de Dalmases| Catalunya Press | \"A fuego hace de la simplicidad un ejercicio de genialidad\"","hashtag":"AFuego","have_promo":"","slogan":"","id_exhibicio":2187,"id_versio":1667,"id_local":4,"txt_seo_desc":"","data_images":"[{\"localizer\":\"V3SLIDE\",\"url\":\"media\/ftgalslide\/v3\/316A1\/01_086_00057213\/AFUEGO5.jpg\",\"thumb_url\":\"media\/ftgalslide\/v3\/316A1\/01_086_00057213\/AFUEGO5_thumb.jpg\",\"title\":\"A fuego - Off al villarroel\",\"description\":\"a fuego off de la villarroel\",\"copyright\":\"https:\/\/www.youtube.com\/watch?v=lJ54O5PM7wA\",\"order\":6},{\"localizer\":\"V3SLIDE\",\"url\":\"media\/ftgalslide\/v3\/31707\/01_086_00058753\/AFUEGO4.jpg\",\"thumb_url\":\"media\/ftgalslide\/v3\/31707\/01_086_00058753\/AFUEGO4_thumb.jpg\",\"title\":\"A Fuego - La Villarroel\",\"description\":\"a fuego en la villarroel\",\"copyright\":\"\",\"order\":8},{\"localizer\":\"V3SLIDE\",\"url\":\"media\/ftgalslide\/v3\/31707\/01_086_00058759\/AFUEGO1.jpg\",\"thumb_url\":\"media\/ftgalslide\/v3\/31707\/01_086_00058759\/AFUEGO1_thumb.jpg\",\"title\":\"A fuego - La Villarroel\",\"description\":\"a fuego a la villarroel\",\"copyright\":\"\",\"order\":14},{\"localizer\":\"V4PORTADAWIDE\",\"url\":\"media\/ver\/port\/wide\/v4\/31707\/01_091_00058760\/Portada_0_2880x1260.jpg\",\"thumb_url\":\"\",\"title\":\"A Fuego - La Villarroel\",\"description\":\"a fuego en la villarroel\",\"copyright\":\"\",\"order\":15},{\"localizer\":\"V4PORTADAWIDEMOBILE\",\"url\":\"media\/ver\/port\/wide\/mobile\/v4\/31707\/01_092_00058761\/Portada_0_mobile_828x1800.jpg\",\"thumb_url\":\"\",\"title\":\"A Fuego - La Villarroel\",\"description\":\"a fuego en la villarroel\",\"copyright\":\"\",\"order\":16},{\"localizer\":\"V4PORTADA\",\"url\":\"media\/ver\/port\/v4\/31707\/01_090_00058762\/Portada_1_760x760.jpg\",\"thumb_url\":\"\",\"title\":\"A Fuego - La Villarroel\",\"description\":\"a fuego en la villarroel\",\"copyright\":\"\",\"order\":17},{\"localizer\":\"V4CARTELL\",\"url\":\"media\/ver\/cartell\/v4\/31707\/01_089_00058763\/Cartell_web_720x1100.jpg\",\"thumb_url\":\"\",\"title\":\"A Fuego - La Villarroel\",\"description\":\"a fuego en la villarroel\",\"copyright\":\"\",\"order\":18}]","material__texto_intro":"","data_material":null,"data_gallery":"","data_discounts":"[]","contract_is_open":false,"in_tour":false},"yoast_head":"<!-- This site is optimized with the Yoast SEO plugin v27.5 - https:\/\/yoast.com\/product\/yoast-seo-wordpress\/ -->\n<title>A fuego - Cartellera Focus<\/title>\n<meta name=\"robots\" content=\"index, follow, max-snippet:-1, max-image-preview:large, max-video-preview:-1\" \/>\n<link rel=\"canonical\" href=\"https:\/\/cartellera.focus.cat\/es\/ex\/a-fuego\/\" \/>\n<meta property=\"og:locale\" content=\"es_ES\" \/>\n<meta property=\"og:type\" content=\"article\" \/>\n<meta property=\"og:title\" content=\"A fuego - Cartellera Focus\" \/>\n<meta property=\"og:url\" content=\"https:\/\/cartellera.focus.cat\/es\/ex\/a-fuego\/\" \/>\n<meta property=\"og:site_name\" content=\"Cartellera Focus\" \/>\n<meta property=\"article:modified_time\" content=\"2026-03-05T15:39:37+00:00\" \/>\n<meta name=\"twitter:card\" content=\"summary_large_image\" \/>\n<script type=\"application\/ld+json\" class=\"yoast-schema-graph\">{\"@context\":\"https:\\\/\\\/schema.org\",\"@graph\":[{\"@type\":\"WebPage\",\"@id\":\"https:\\\/\\\/cartellera.focus.cat\\\/es\\\/ex\\\/a-fuego\\\/\",\"url\":\"https:\\\/\\\/cartellera.focus.cat\\\/es\\\/ex\\\/a-fuego\\\/\",\"name\":\"A fuego - Cartellera Focus\",\"isPartOf\":{\"@id\":\"https:\\\/\\\/cartellera.focus.cat\\\/es\\\/#website\"},\"datePublished\":\"2024-09-05T15:13:21+00:00\",\"dateModified\":\"2026-03-05T15:39:37+00:00\",\"breadcrumb\":{\"@id\":\"https:\\\/\\\/cartellera.focus.cat\\\/es\\\/ex\\\/a-fuego\\\/#breadcrumb\"},\"inLanguage\":\"es\",\"potentialAction\":[{\"@type\":\"ReadAction\",\"target\":[\"https:\\\/\\\/cartellera.focus.cat\\\/es\\\/ex\\\/a-fuego\\\/\"]}]},{\"@type\":\"BreadcrumbList\",\"@id\":\"https:\\\/\\\/cartellera.focus.cat\\\/es\\\/ex\\\/a-fuego\\\/#breadcrumb\",\"itemListElement\":[{\"@type\":\"ListItem\",\"position\":1,\"name\":\"Home\",\"item\":\"https:\\\/\\\/cartellera.focus.cat\\\/es\\\/\"},{\"@type\":\"ListItem\",\"position\":2,\"name\":\"Espectacles\",\"item\":\"https:\\\/\\\/cartellera.focus.cat\\\/es\\\/ex\\\/\"},{\"@type\":\"ListItem\",\"position\":3,\"name\":\"A fuego\"}]},{\"@type\":\"WebSite\",\"@id\":\"https:\\\/\\\/cartellera.focus.cat\\\/es\\\/#website\",\"url\":\"https:\\\/\\\/cartellera.focus.cat\\\/es\\\/\",\"name\":\"Cartellera Focus\",\"description\":\"Troba el teu espectacle als teatres de Focus\",\"publisher\":{\"@id\":\"https:\\\/\\\/cartellera.focus.cat\\\/es\\\/#organization\"},\"potentialAction\":[{\"@type\":\"SearchAction\",\"target\":{\"@type\":\"EntryPoint\",\"urlTemplate\":\"https:\\\/\\\/cartellera.focus.cat\\\/es\\\/?s={search_term_string}\"},\"query-input\":{\"@type\":\"PropertyValueSpecification\",\"valueRequired\":true,\"valueName\":\"search_term_string\"}}],\"inLanguage\":\"es\"},{\"@type\":\"Organization\",\"@id\":\"https:\\\/\\\/cartellera.focus.cat\\\/es\\\/#organization\",\"name\":\"Cartellera Focus\",\"url\":\"https:\\\/\\\/cartellera.focus.cat\\\/es\\\/\",\"logo\":{\"@type\":\"ImageObject\",\"inLanguage\":\"es\",\"@id\":\"https:\\\/\\\/cartellera.focus.cat\\\/es\\\/#\\\/schema\\\/logo\\\/image\\\/\",\"url\":\"https:\\\/\\\/cartellera.focus.cat\\\/wp-content\\\/uploads\\\/sites\\\/6\\\/2023\\\/01\\\/logo-focus.svg\",\"contentUrl\":\"https:\\\/\\\/cartellera.focus.cat\\\/wp-content\\\/uploads\\\/sites\\\/6\\\/2023\\\/01\\\/logo-focus.svg\",\"width\":1,\"height\":1,\"caption\":\"Cartellera Focus\"},\"image\":{\"@id\":\"https:\\\/\\\/cartellera.focus.cat\\\/es\\\/#\\\/schema\\\/logo\\\/image\\\/\"},\"sameAs\":[\"https:\\\/\\\/www.instagram.com\\\/grupfocus_\",\"https:\\\/\\\/www.youtube.com\\\/channel\\\/UCHo1UBGWueryu2P-vn8CRXw\",\"https:\\\/\\\/www.linkedin.com\\\/company\\\/grup-focus\\\/\"]}]}<\/script>\n<!-- \/ Yoast SEO plugin. -->","yoast_head_json":{"title":"A fuego - Cartellera Focus","robots":{"index":"index","follow":"follow","max-snippet":"max-snippet:-1","max-image-preview":"max-image-preview:large","max-video-preview":"max-video-preview:-1"},"canonical":"https:\/\/cartellera.focus.cat\/es\/ex\/a-fuego\/","og_locale":"es_ES","og_type":"article","og_title":"A fuego - Cartellera Focus","og_url":"https:\/\/cartellera.focus.cat\/es\/ex\/a-fuego\/","og_site_name":"Cartellera Focus","article_modified_time":"2026-03-05T15:39:37+00:00","twitter_card":"summary_large_image","schema":{"@context":"https:\/\/schema.org","@graph":[{"@type":"WebPage","@id":"https:\/\/cartellera.focus.cat\/es\/ex\/a-fuego\/","url":"https:\/\/cartellera.focus.cat\/es\/ex\/a-fuego\/","name":"A fuego - Cartellera Focus","isPartOf":{"@id":"https:\/\/cartellera.focus.cat\/es\/#website"},"datePublished":"2024-09-05T15:13:21+00:00","dateModified":"2026-03-05T15:39:37+00:00","breadcrumb":{"@id":"https:\/\/cartellera.focus.cat\/es\/ex\/a-fuego\/#breadcrumb"},"inLanguage":"es","potentialAction":[{"@type":"ReadAction","target":["https:\/\/cartellera.focus.cat\/es\/ex\/a-fuego\/"]}]},{"@type":"BreadcrumbList","@id":"https:\/\/cartellera.focus.cat\/es\/ex\/a-fuego\/#breadcrumb","itemListElement":[{"@type":"ListItem","position":1,"name":"Home","item":"https:\/\/cartellera.focus.cat\/es\/"},{"@type":"ListItem","position":2,"name":"Espectacles","item":"https:\/\/cartellera.focus.cat\/es\/ex\/"},{"@type":"ListItem","position":3,"name":"A fuego"}]},{"@type":"WebSite","@id":"https:\/\/cartellera.focus.cat\/es\/#website","url":"https:\/\/cartellera.focus.cat\/es\/","name":"Cartellera Focus","description":"Troba el teu espectacle als teatres de Focus","publisher":{"@id":"https:\/\/cartellera.focus.cat\/es\/#organization"},"potentialAction":[{"@type":"SearchAction","target":{"@type":"EntryPoint","urlTemplate":"https:\/\/cartellera.focus.cat\/es\/?s={search_term_string}"},"query-input":{"@type":"PropertyValueSpecification","valueRequired":true,"valueName":"search_term_string"}}],"inLanguage":"es"},{"@type":"Organization","@id":"https:\/\/cartellera.focus.cat\/es\/#organization","name":"Cartellera Focus","url":"https:\/\/cartellera.focus.cat\/es\/","logo":{"@type":"ImageObject","inLanguage":"es","@id":"https:\/\/cartellera.focus.cat\/es\/#\/schema\/logo\/image\/","url":"https:\/\/cartellera.focus.cat\/wp-content\/uploads\/sites\/6\/2023\/01\/logo-focus.svg","contentUrl":"https:\/\/cartellera.focus.cat\/wp-content\/uploads\/sites\/6\/2023\/01\/logo-focus.svg","width":1,"height":1,"caption":"Cartellera Focus"},"image":{"@id":"https:\/\/cartellera.focus.cat\/es\/#\/schema\/logo\/image\/"},"sameAs":["https:\/\/www.instagram.com\/grupfocus_","https:\/\/www.youtube.com\/channel\/UCHo1UBGWueryu2P-vn8CRXw","https:\/\/www.linkedin.com\/company\/grup-focus\/"]}]}},"translations":[{"id":11453,"locale":"ca"},{"id":11459,"locale":"es"}],"_links":{"self":[{"href":"https:\/\/cartellera.focus.cat\/es\/wp-json\/wp\/v2\/ex\/11459","targetHints":{"allow":["GET"]}}],"collection":[{"href":"https:\/\/cartellera.focus.cat\/es\/wp-json\/wp\/v2\/ex"}],"about":[{"href":"https:\/\/cartellera.focus.cat\/es\/wp-json\/wp\/v2\/types\/ex"}],"author":[{"embeddable":true,"href":"https:\/\/cartellera.focus.cat\/es\/wp-json\/wp\/v2\/users\/2"}],"replies":[{"embeddable":true,"href":"https:\/\/cartellera.focus.cat\/es\/wp-json\/wp\/v2\/comments?post=11459"}],"wp:attachment":[{"href":"https:\/\/cartellera.focus.cat\/es\/wp-json\/wp\/v2\/media?parent=11459"}],"curies":[{"name":"wp","href":"https:\/\/api.w.org\/{rel}","templated":true}]}}