{"id":13875,"date":"2026-09-03T15:45:40","date_gmt":"2026-09-03T15:45:40","guid":{"rendered":"https:\/\/cartellera.focus.cat\/ex\/pintamusica\/"},"modified":"2026-09-03T15:45:40","modified_gmt":"2026-09-03T15:45:40","slug":"pintamusica","status":"publish","type":"ex","link":"https:\/\/cartellera.focus.cat\/es\/ex\/pintamusica\/","title":{"rendered":"Pintam\u00fasica"},"content":{"rendered":"","protected":false},"excerpt":{"rendered":"","protected":false},"author":2,"featured_media":0,"comment_status":"closed","ping_status":"closed","template":"","class_list":["post-13875","ex","type-ex","status-publish","hentry"],"acf":{"txt_synopsis":"<p><strong>Experiencia sensorial art\u00edstica para disfrutar del placer del primer despertar esc\u00e9nico con vuestro beb\u00e9.<\/strong> <\/p>\n<p>Un lienzo en blanco, cuatro colores y m\u00fasica cl\u00e1sica en directo son los ingredientes principales de este viaje compartido a trav\u00e9s de las estaciones del a\u00f1o. Tres m\u00fasicos, actores y cantantes nos invitan a crear una adaptaci\u00f3n del cuadro Nacimiento del d\u00eda de Joan Mir\u00f3. Esto es Pintam\u00fasica: \u00a1una aventura sensorial para escuchar, mirar, interactuar y jugar! <\/p>\n<p> <\/p>","main_buy_link":"https:\/\/tickets.oneboxtds.com\/teatregoya\/events\/26025?hl=es-ES","main_buy_links":"[\"https:\/\/tickets.oneboxtds.com\/teatregoya\/events\/26025?hl=es-ES\"]","group_buy_link":"","show_language":"Espect\u00e1culo en catal\u00e1n","show_duration":"30","show_start_date":"20261122000000","show_end_date":"20270418000000","show_sort_date":"20261122000000","txt_custom_show_dates":"","show_disciplines":"4","show_ultimes_funcions":false,"hide_tarifes_especials":false,"show_properament":false,"txt_additional_info":"<p>Recomendado para edades de <strong>0 a 5 a\u00f1os<\/strong> <\/p>","txt_present":"","show_season":false,"txt_season":"[\"2026\/27\"]","txt_cycle":"Fam\u00edlia de Teatrerus","txt_claim":"Un cuadro blanco, cuatro colores y m\u00fasica cl\u00e1sica y popular en directo son los ingredientes principales de esta experiencia creativa para los beb\u00e9s y sus acompa\u00f1antes.","txt_cast_excerpt":"","txt_cast":"<p>Idea original<strong>:<\/strong> <strong>Gisela Juanet<\/strong> <br>Autor\u00eda<strong>:<\/strong> <strong>Berta Ros<\/strong>, <strong>Gisela Juanet<\/strong> y <strong>Lorena Llir\u00f3<\/strong> <br>Direcci\u00f3n esc\u00e9nica<strong>:<\/strong> <strong>Gisela Juanet<\/strong> y <strong>Llu\u00eds Juanet<\/strong> <br>Direcci\u00f3n musical, composici\u00f3n y arreglos<strong>:<\/strong> <strong>Berta Ros<\/strong> y <strong>Lorena Llir\u00f3<\/strong> <\/p><p>Int\u00e9rpretes y m\u00fasicos<strong>:<\/strong> <strong>Berta Ros \/ N\u00faria Gomez \/ Joana Campo, Raul Viana \/ Hector Can\u00f3s \/ Marcel\u00b7l\u00ed Bayer \/ Guillem Payar\u00f3 \/ Andreu Dom\u00e8nech i Lorena Llir\u00f3 \/ Cris Vidal \/ Elisenda Andr\u00e9s<\/strong> <\/p><p>Escenograf\u00eda: <strong>Mateo Tikas<\/strong> y <strong>Natividad Gerbol\u00e9s<\/strong> <br>Dise\u00f1o del espacio esc\u00e9nico: <strong>Llu\u00eds Juanet<\/strong> y <strong>Gisela Juanet<\/strong> <br>Dise\u00f1o de vestuario: <strong>Gemma Mal\u00e9<\/strong> <br>Iluminaci\u00f3n: <strong>Llu\u00eds Juanet<\/strong> <br>Audiovisual: <strong>Pau Gasc\u00f3n<\/strong> y <strong>Rosa Card\u00fas<\/strong> <\/p><p>Asesoramiento en arte: <strong>N\u00faria Garcia<\/strong> <br>Asesoramiento pedag\u00f3gico: <strong>Berta Juanet<\/strong> <br>Asesoramiento en lengua de signos: <strong>Nat\u00e0lia Ros<\/strong> <br>Regidur\u00eda:<strong> Xavi Flores <\/strong> <\/p><p>Jefe t\u00e9cnico: <strong>Carles Merodio<\/strong> <br>Jefe t\u00e9cnico del teatro: <strong>Roger Mu\u00f1oz<\/strong> <\/p><p>T\u00e9cnica del teatro: <strong>Eva Rotll\u00e1n<\/strong> <\/p><p>Marketing y comunicaci\u00f3n: <strong>Focus<\/strong> <br>Administraci\u00f3n: <strong>Ana M\u00aa Montero<\/strong> <\/p><p> <\/p><p>Agradecimientos: <strong>Duna Montero<\/strong>, <strong>Maria Roca<\/strong> y <strong>escola Sant Medir<\/strong> <\/p><p>Distribuci\u00f3n: <strong>Clara Fontdevila <\/strong>(distribucio@viuelteatre.com) <\/p><p>Es una producci\u00f3n de <strong>Viu el Teatre<\/strong> <\/p>","txt_reviews":"Andreu Sotorra|Recomana|\"Un viaje para los sentidos que ofrece la oportunidad de agudizar el o\u00eddo, afinar la mirada y despertar la creatividad.\"","hashtag":"","have_promo":"","slogan":"","id_exhibicio":2336,"id_versio":1738,"id_local":35,"txt_seo_desc":"Pintam\u00fasica a La Villarroel de Barcelona","data_images":"[{\"localizer\":\"V3SLIDE\",\"url\":\"media\/ftgalslide\/v3\/316A9\/01_086_00058291\/PINTAMUSICA_2.jpg\",\"thumb_url\":\"media\/ftgalslide\/v3\/316A9\/01_086_00058291\/PINTAMUSICA_2_thumb.jpg\",\"title\":\"Pintam\u00fasica - Teatre Romea\",\"description\":\"pintamusica en el teatre romea\",\"copyright\":\"https:\/\/youtu.be\/IV8BlCc5Qmk\",\"order\":5},{\"localizer\":\"V3SLIDE\",\"url\":\"media\/ftgalslide\/v3\/316A9\/01_086_00058292\/PINTAMUSICA_5.jpg\",\"thumb_url\":\"media\/ftgalslide\/v3\/316A9\/01_086_00058292\/PINTAMUSICA_5_thumb.jpg\",\"title\":\"Pintam\u00fasica - Teatre Romea\",\"description\":\"pintamusica en el teatre romea\",\"copyright\":\"\",\"order\":6},{\"localizer\":\"V3SLIDE\",\"url\":\"media\/ftgalslide\/v3\/3170D\/01_086_00059288\/_DSC4178.jpg\",\"thumb_url\":\"media\/ftgalslide\/v3\/3170D\/01_086_00059288\/_DSC4178_thumb.jpg\",\"title\":\"Pintam\u00fasica - Teatre Goya\",\"description\":\"pintamusica al teatre goya\",\"copyright\":\"\",\"order\":12},{\"localizer\":\"V4CARTELL\",\"url\":\"media\/ver\/cartell\/v4\/2026\/09\/d3678437-e718-4a78-8837-b26171abcba3.jpg\",\"thumb_url\":\"media\/ver\/cartell\/v4\/2026\/09\/901efc1f-6c15-44bf-8797-5131167c053b.jpg\",\"title\":\"Pintam\u00fasica al Teatre Goya de Barcelona\",\"description\":\"<p>Pintam\u00fasica&nbsp;al&nbsp;Teatre&nbsp;Goya&nbsp;de&nbsp;Barcelona<\/p>\",\"copyright\":\"\",\"order\":0},{\"localizer\":\"V4PORTADA\",\"url\":\"media\/ver\/port\/v4\/2026\/09\/19abb8f5-6c66-485b-9d54-219f5e59d7b2.jpg\",\"thumb_url\":\"media\/ver\/port\/v4\/2026\/09\/6745ff8c-603f-464b-8c68-01edf8eb12c5.jpg\",\"title\":\"Pintam\u00fasica al Teatre Goya de Barcelona\",\"description\":\"<p>Pintam\u00fasica&nbsp;al&nbsp;Teatre&nbsp;Goya&nbsp;de&nbsp;Barcelona<\/p>\",\"copyright\":\"\",\"order\":0},{\"localizer\":\"V4PORTADAWIDE\",\"url\":\"media\/ver\/port\/wide\/v4\/2026\/09\/c41e1441-685e-4b16-b6a5-391e52572fe9.jpg\",\"thumb_url\":\"media\/ver\/port\/wide\/v4\/2026\/09\/2c0975b5-5658-45b1-919f-f17daea6c23e.jpg\",\"title\":\"Pintam\u00fasica al Teatre Goya de Barcelona\",\"description\":\"<p>Pintam\u00fasica&nbsp;al&nbsp;Teatre&nbsp;Goya&nbsp;de&nbsp;Barcelona<\/p>\",\"copyright\":\"\",\"order\":0},{\"localizer\":\"V4PORTADAWIDEMOBILE\",\"url\":\"media\/ver\/port\/wide\/mobile\/v4\/2026\/09\/22eb53f1-d580-46c7-acf5-9933c762a223.jpg\",\"thumb_url\":\"media\/ver\/port\/wide\/mobile\/v4\/2026\/09\/7368f455-d515-480f-8ec2-7837e5cd9237.jpg\",\"title\":\"Pintam\u00fasica al Teatre Goya de Barcelona\",\"description\":\"<p>Pintam\u00fasica&nbsp;al&nbsp;Teatre&nbsp;Goya&nbsp;de&nbsp;Barcelona<\/p>\",\"copyright\":\"\",\"order\":0}]","material__texto_intro":"","data_material":null,"data_gallery":"","data_discounts":"[]","contract_is_open":false,"in_tour":false},"yoast_head":"<!-- This site is optimized with the Yoast SEO plugin v28.4 - https:\/\/yoast.com\/product\/yoast-seo-wordpress\/ -->\n<title>Pintam\u00fasica - Cartellera Focus<\/title>\n<meta name=\"robots\" content=\"index, follow, max-snippet:-1, max-image-preview:large, max-video-preview:-1\" \/>\n<link rel=\"canonical\" href=\"https:\/\/cartellera.focus.cat\/es\/ex\/pintamusica\/\" \/>\n<meta property=\"og:locale\" content=\"es_ES\" \/>\n<meta property=\"og:type\" content=\"article\" \/>\n<meta property=\"og:title\" content=\"Pintam\u00fasica - Cartellera Focus\" \/>\n<meta property=\"og:url\" content=\"https:\/\/cartellera.focus.cat\/es\/ex\/pintamusica\/\" \/>\n<meta property=\"og:site_name\" content=\"Cartellera Focus\" \/>\n<meta name=\"twitter:card\" content=\"summary_large_image\" \/>\n<script type=\"application\/ld+json\" class=\"yoast-schema-graph\">{\"@context\":\"https:\\\/\\\/schema.org\",\"@graph\":[{\"@type\":\"WebPage\",\"@id\":\"https:\\\/\\\/cartellera.focus.cat\\\/es\\\/ex\\\/pintamusica\\\/\",\"url\":\"https:\\\/\\\/cartellera.focus.cat\\\/es\\\/ex\\\/pintamusica\\\/\",\"name\":\"Pintam\u00fasica - Cartellera Focus\",\"isPartOf\":{\"@id\":\"https:\\\/\\\/cartellera.focus.cat\\\/es\\\/#website\"},\"datePublished\":\"2026-09-03T15:45:40+00:00\",\"breadcrumb\":{\"@id\":\"https:\\\/\\\/cartellera.focus.cat\\\/es\\\/ex\\\/pintamusica\\\/#breadcrumb\"},\"inLanguage\":\"es\",\"potentialAction\":[{\"@type\":\"ReadAction\",\"target\":[\"https:\\\/\\\/cartellera.focus.cat\\\/es\\\/ex\\\/pintamusica\\\/\"]}]},{\"@type\":\"BreadcrumbList\",\"@id\":\"https:\\\/\\\/cartellera.focus.cat\\\/es\\\/ex\\\/pintamusica\\\/#breadcrumb\",\"itemListElement\":[{\"@type\":\"ListItem\",\"position\":1,\"name\":\"Home\",\"item\":\"https:\\\/\\\/cartellera.focus.cat\\\/es\\\/\"},{\"@type\":\"ListItem\",\"position\":2,\"name\":\"Espectacles\",\"item\":\"https:\\\/\\\/cartellera.focus.cat\\\/es\\\/ex\\\/\"},{\"@type\":\"ListItem\",\"position\":3,\"name\":\"Pintam\u00fasica\"}]},{\"@type\":\"WebSite\",\"@id\":\"https:\\\/\\\/cartellera.focus.cat\\\/es\\\/#website\",\"url\":\"https:\\\/\\\/cartellera.focus.cat\\\/es\\\/\",\"name\":\"Cartellera Focus\",\"description\":\"Troba el teu espectacle als teatres de Focus\",\"publisher\":{\"@id\":\"https:\\\/\\\/cartellera.focus.cat\\\/es\\\/#organization\"},\"potentialAction\":[{\"@type\":\"SearchAction\",\"target\":{\"@type\":\"EntryPoint\",\"urlTemplate\":\"https:\\\/\\\/cartellera.focus.cat\\\/es\\\/?s={search_term_string}\"},\"query-input\":{\"@type\":\"PropertyValueSpecification\",\"valueRequired\":true,\"valueName\":\"search_term_string\"}}],\"inLanguage\":\"es\"},{\"@type\":\"Organization\",\"@id\":\"https:\\\/\\\/cartellera.focus.cat\\\/es\\\/#organization\",\"name\":\"Cartellera Focus\",\"url\":\"https:\\\/\\\/cartellera.focus.cat\\\/es\\\/\",\"logo\":{\"@type\":\"ImageObject\",\"inLanguage\":\"es\",\"@id\":\"https:\\\/\\\/cartellera.focus.cat\\\/es\\\/#\\\/schema\\\/logo\\\/image\\\/\",\"url\":\"https:\\\/\\\/cartellera.focus.cat\\\/wp-content\\\/uploads\\\/sites\\\/6\\\/2023\\\/01\\\/logo-focus.svg\",\"contentUrl\":\"https:\\\/\\\/cartellera.focus.cat\\\/wp-content\\\/uploads\\\/sites\\\/6\\\/2023\\\/01\\\/logo-focus.svg\",\"width\":1,\"height\":1,\"caption\":\"Cartellera Focus\"},\"image\":{\"@id\":\"https:\\\/\\\/cartellera.focus.cat\\\/es\\\/#\\\/schema\\\/logo\\\/image\\\/\"},\"sameAs\":[\"https:\\\/\\\/www.instagram.com\\\/grupfocus_\",\"https:\\\/\\\/www.youtube.com\\\/channel\\\/UCHo1UBGWueryu2P-vn8CRXw\",\"https:\\\/\\\/www.linkedin.com\\\/company\\\/grup-focus\\\/\"]}]}<\/script>\n<!-- \/ Yoast SEO plugin. -->","yoast_head_json":{"title":"Pintam\u00fasica - Cartellera Focus","robots":{"index":"index","follow":"follow","max-snippet":"max-snippet:-1","max-image-preview":"max-image-preview:large","max-video-preview":"max-video-preview:-1"},"canonical":"https:\/\/cartellera.focus.cat\/es\/ex\/pintamusica\/","og_locale":"es_ES","og_type":"article","og_title":"Pintam\u00fasica - Cartellera Focus","og_url":"https:\/\/cartellera.focus.cat\/es\/ex\/pintamusica\/","og_site_name":"Cartellera Focus","twitter_card":"summary_large_image","schema":{"@context":"https:\/\/schema.org","@graph":[{"@type":"WebPage","@id":"https:\/\/cartellera.focus.cat\/es\/ex\/pintamusica\/","url":"https:\/\/cartellera.focus.cat\/es\/ex\/pintamusica\/","name":"Pintam\u00fasica - Cartellera Focus","isPartOf":{"@id":"https:\/\/cartellera.focus.cat\/es\/#website"},"datePublished":"2026-09-03T15:45:40+00:00","breadcrumb":{"@id":"https:\/\/cartellera.focus.cat\/es\/ex\/pintamusica\/#breadcrumb"},"inLanguage":"es","potentialAction":[{"@type":"ReadAction","target":["https:\/\/cartellera.focus.cat\/es\/ex\/pintamusica\/"]}]},{"@type":"BreadcrumbList","@id":"https:\/\/cartellera.focus.cat\/es\/ex\/pintamusica\/#breadcrumb","itemListElement":[{"@type":"ListItem","position":1,"name":"Home","item":"https:\/\/cartellera.focus.cat\/es\/"},{"@type":"ListItem","position":2,"name":"Espectacles","item":"https:\/\/cartellera.focus.cat\/es\/ex\/"},{"@type":"ListItem","position":3,"name":"Pintam\u00fasica"}]},{"@type":"WebSite","@id":"https:\/\/cartellera.focus.cat\/es\/#website","url":"https:\/\/cartellera.focus.cat\/es\/","name":"Cartellera Focus","description":"Troba el teu espectacle als teatres de Focus","publisher":{"@id":"https:\/\/cartellera.focus.cat\/es\/#organization"},"potentialAction":[{"@type":"SearchAction","target":{"@type":"EntryPoint","urlTemplate":"https:\/\/cartellera.focus.cat\/es\/?s={search_term_string}"},"query-input":{"@type":"PropertyValueSpecification","valueRequired":true,"valueName":"search_term_string"}}],"inLanguage":"es"},{"@type":"Organization","@id":"https:\/\/cartellera.focus.cat\/es\/#organization","name":"Cartellera Focus","url":"https:\/\/cartellera.focus.cat\/es\/","logo":{"@type":"ImageObject","inLanguage":"es","@id":"https:\/\/cartellera.focus.cat\/es\/#\/schema\/logo\/image\/","url":"https:\/\/cartellera.focus.cat\/wp-content\/uploads\/sites\/6\/2023\/01\/logo-focus.svg","contentUrl":"https:\/\/cartellera.focus.cat\/wp-content\/uploads\/sites\/6\/2023\/01\/logo-focus.svg","width":1,"height":1,"caption":"Cartellera Focus"},"image":{"@id":"https:\/\/cartellera.focus.cat\/es\/#\/schema\/logo\/image\/"},"sameAs":["https:\/\/www.instagram.com\/grupfocus_","https:\/\/www.youtube.com\/channel\/UCHo1UBGWueryu2P-vn8CRXw","https:\/\/www.linkedin.com\/company\/grup-focus\/"]}]}},"translations":[{"id":13873,"locale":"ca"},{"id":13875,"locale":"es"}],"_links":{"self":[{"href":"https:\/\/cartellera.focus.cat\/es\/wp-json\/wp\/v2\/ex\/13875","targetHints":{"allow":["GET"]}}],"collection":[{"href":"https:\/\/cartellera.focus.cat\/es\/wp-json\/wp\/v2\/ex"}],"about":[{"href":"https:\/\/cartellera.focus.cat\/es\/wp-json\/wp\/v2\/types\/ex"}],"author":[{"embeddable":true,"href":"https:\/\/cartellera.focus.cat\/es\/wp-json\/wp\/v2\/users\/2"}],"replies":[{"embeddable":true,"href":"https:\/\/cartellera.focus.cat\/es\/wp-json\/wp\/v2\/comments?post=13875"}],"wp:attachment":[{"href":"https:\/\/cartellera.focus.cat\/es\/wp-json\/wp\/v2\/media?parent=13875"}],"curies":[{"name":"wp","href":"https:\/\/api.w.org\/{rel}","templated":true}]}}